{"id":8807,"date":"2026-03-12T10:34:19","date_gmt":"2026-03-12T10:34:19","guid":{"rendered":"https:\/\/nuevo-renacer.com\/?page_id=8807"},"modified":"2026-03-12T10:34:22","modified_gmt":"2026-03-12T10:34:22","slug":"emilia-santos","status":"publish","type":"page","link":"https:\/\/nuevo-renacer.com\/tr\/emilia-santos\/","title":{"rendered":"Em\u00edlia Santos"},"content":{"rendered":"<div class=\"wp-block-uagb-container uagb-block-524c18d3 alignfull uagb-is-root-container\"><div class=\"uagb-container-inner-blocks-wrap\">\n<p class=\"has-black-color has-text-color has-link-color has-medium-font-size wp-elements-4d692865b8b71a3e7e96f45ef7ff1277\"><strong>Em\u00edlia Santos<\/strong><\/p>\n<\/div><\/div>\n\n\n\n<div class=\"wp-block-uagb-container uagb-block-5c59decc alignfull uagb-is-root-container\"><div class=\"uagb-container-inner-blocks-wrap\">\n<figure class=\"wp-block-image size-full is-resized\"><img fetchpriority=\"high\" decoding=\"async\" width=\"373\" height=\"412\" src=\"https:\/\/nuevo-renacer.com\/wp-content\/uploads\/2026\/03\/Emilia-Santos.jpg\" alt=\"\" class=\"wp-image-8808\" style=\"aspect-ratio:0.9053756680289218;width:296px;height:auto\" srcset=\"https:\/\/nuevo-renacer.com\/wp-content\/uploads\/2026\/03\/Emilia-Santos.jpg 373w, https:\/\/nuevo-renacer.com\/wp-content\/uploads\/2026\/03\/Emilia-Santos-272x300.jpg 272w, https:\/\/nuevo-renacer.com\/wp-content\/uploads\/2026\/03\/Emilia-Santos-11x12.jpg 11w\" sizes=\"(max-width: 373px) 100vw, 373px\" \/><\/figure>\n<\/div><\/div>\n\n\n\n<div class=\"wp-block-uagb-container uagb-block-e92e4b58 alignfull uagb-is-root-container\"><div class=\"uagb-container-inner-blocks-wrap\">\n<p class=\"has-black-color has-text-color has-link-color has-small-font-size wp-elements-289acdb1086011e6060203c3d4a83df5\">Em\u00edlia Santos, 1 Ocak 1896 tarihinde Santa Maria da Vit\u00f3ria, BA \u015fehrinde do\u011fdu ve 26 Eyl\u00fcl 1964 tarihinde Ara\u00e7atuba, SP\u2019de vefat etti. Jo\u00e3o Luiz dos Santos ve Joana Ferreira de Souza\u2019nun k\u0131z\u0131yd\u0131 ve evlenmeden hayat\u0131n\u0131 s\u00fcrd\u00fcrd\u00fc.<\/p>\n\n\n\n<p class=\"has-black-color has-text-color has-link-color has-small-font-size wp-elements-8b48e1d9268f854afcf7dec63621c9d4\">1943 y\u0131l\u0131nda Ara\u00e7atuba\u2019da Spiritist \u0130ttifak \u201cVaras da Videira\u201dn\u0131n kurulu\u015f belgesini imzalad\u0131. Ayn\u0131 d\u00f6nemde Hristiyan Kad\u0131nlar Derne\u011fi\u2019nde Benedita Fernandes\u2019in i\u015fbirlik\u00e7isi oldu. 1947 y\u0131l\u0131nda Fernandes\u2019in vefat\u0131ndan sonra, yak\u0131n kom\u015fu \u015fehir Birigui\u2019deki Spiritist Merkez \u201cAmor e Caridade\u201dde d\u00fczenli bir medyum i\u015fbirlik\u00e7isi oldu.<\/p>\n\n\n\n<p class=\"has-black-color has-text-color has-link-color has-small-font-size wp-elements-6fdbc385c36190ea5b771c678222d9d0\">Em\u00edlia Santos, evinde masa, yatak ve giyim e\u015fyalar\u0131 sat\u0131yor ve \u00e7o\u011fu zaman m\u00fc\u015fterilerin evlerine giderek geleneksel Ara\u00e7atuba arabalar\u0131n\u0131 kullan\u0131yordu. Son derece hay\u0131rseverdi. Ara\u00e7atuba\u2019da bir\u00e7ok ki\u015fi, teselli, rehberlik veya spirit\u00fcel bir \u201cpasse\u201d almak i\u00e7in ona ba\u015fvuruyordu. Haftal\u0131k hac ziyaretleri d\u00fczenler ve ihtiya\u00e7 sahibi ailelere yiyecek da\u011f\u0131t\u0131rd\u0131. 1950\u2019li y\u0131llarda, babas\u0131n\u0131n do\u011fum g\u00fcn\u00fc (\u201cAziz John G\u00fcn\u00fc\u201d) ve Noel\u2019de yiyecek da\u011f\u0131tarak sosyal kurumlarda, hapishanede ve Ara\u00e7atuba Santa Casa\u2019da hizmet verirdi.<\/p>\n\n\n\n<p class=\"has-black-color has-text-color has-link-color has-small-font-size wp-elements-deeb8794a090d32d251576f32c82f3bc\">Em\u00edlia\u2019n\u0131n babas\u0131 Jo\u00e3o Luiz dos Santos, ge\u00e7en y\u00fczy\u0131lda Bahia\u2019n\u0131n i\u00e7 b\u00f6lgelerinde ya\u015fam\u0131\u015f ve siyasette bulunmu\u015ftu. K\u0131z\u0131n\u0131n medyum yetene\u011fi arac\u0131l\u0131\u011f\u0131yla en s\u0131k ileti\u015fim kurdu\u011fu ruhtu. O d\u00f6nemde s\u00f6ylendi\u011fi gibi, onun ak\u0131l hocas\u0131yd\u0131. Do\u011fal olarak, olu\u015fan grubun y\u00f6netiminde yer ald\u0131 ve bu grup, yukar\u0131da bahsedilen kurumlar\u0131n olu\u015fmas\u0131na \u00f6nc\u00fcl\u00fck etti.<\/p>\n\n\n\n<p class=\"has-black-color has-text-color has-link-color has-small-font-size wp-elements-07e0dcc25bdefeb378661d0472034856\">Hayat\u0131n\u0131n baz\u0131 d\u00f6nemlerinde \u00e7ocuklara Spiritizm \u00f6\u011fretmeye \u00e7al\u0131\u015ft\u0131. Spiritist bas\u0131nda, S\u00e3o Manoel\u2019den Mensageiro do \u00d3rf\u00e3o gazetesinde 15 Ekim 1943 tarihli \u201cAmor Fraternal\u201d gibi, nadir de olsa kendi yazd\u0131\u011f\u0131 makaleler bulunuyor.<\/p>\n\n\n\n<p class=\"has-black-color has-text-color has-link-color has-small-font-size wp-elements-c232bf84ece61777c400a700a7855089\">30 Aral\u0131k 1959 tarihinde, Rolando Perri Cefaly ile birlikte evinde \u201cJo\u00e3o Luiz dos Santos\u201d \u0130ncil \u00c7al\u0131\u015fma Grubu\u2019nu kurdu; grup Cuma g\u00fcnleri toplan\u0131yordu. O d\u00f6nemde Chico Xavier\u2019in psikografik her yeni kitab\u0131 b\u00fcy\u00fck ilgiyle okunuyordu. Annesi ve amcalar\u0131yla birlikte, \u00e7ocuk ya\u015fta bu toplant\u0131lara ba\u015f\u0131ndan itibaren kat\u0131lma f\u0131rsat\u0131 buldu. Toplant\u0131n\u0131n sonunda genellikle bir dayan\u0131\u015fma yeme\u011fi sunard\u0131.<\/p>\n\n\n\n<p class=\"has-black-color has-text-color has-link-color has-small-font-size wp-elements-b3b288c99278b31aff1b65054009f090\">7 Ekim 1960 tarihinde, Rolando Perri Cefaly, Josefina Perri Cefaly de Carvalho, Walter Perri Cefaly ve Pedro Perri ile birlikte Ara\u00e7atuba, Jardim Planalto\u2019da \u201cNosso Lar\u201d kurumunun kurucu ortaklar\u0131ndan biri oldu ve ba\u015fkan yard\u0131mc\u0131l\u0131\u011f\u0131 g\u00f6revini \u00fcstlendi. Bu kurum 1961 y\u0131l\u0131nda a\u00e7\u0131ld\u0131 ve bir y\u0131l sonra ba\u015fka bir mahallede, Casa Transit\u00f3ria ad\u0131nda ikinci bir \u015fube kuruldu. Her iki \u015fubede de ihtiya\u00e7 sahiplerine hizmet verdi, psikofonik medyum ve \u201cpassista\u201d olarak g\u00f6rev yapt\u0131 ve evanjelizasyon dersleri verdi. Ayr\u0131ca, Pazar sabahlar\u0131 \u201cNosso Lar\u201d\u0131n halka a\u00e7\u0131k toplant\u0131lar\u0131ndan \u00f6nce ger\u00e7ekle\u015ftirilen Neio L\u00facio Hristiyan Ahlak Dersleri\u2019ni ba\u015flatt\u0131 ve \u201cIrma Ragazzi Martins\u201d Spiritist Gen\u00e7lik grubunun kurulmas\u0131n\u0131 te\u015fvik etti.<\/p>\n\n\n\n<p class=\"has-black-color has-text-color has-link-color has-small-font-size wp-elements-112c4ed3539d2a6cefd94692c142aa82\">Vefat\u0131ndan sonra, onuruna 1966 y\u0131l\u0131nda do\u011fum g\u00fcn\u00fcnde a\u00e7\u0131lan \u201cEm\u00edlia Santos\u201d \u00e7orba evi ad\u0131n\u0131 ald\u0131. Bu sosyal \u00e7al\u0131\u015fman\u0131n in\u015fas\u0131 i\u00e7in yap\u0131lan kampanya s\u0131ras\u0131nda, Jos\u00e9 Rubens Braga da Silva taraf\u0131ndan haz\u0131rlanm\u0131\u015f Spiritist s\u00f6zlerden olu\u015fan Gotas Espirituais bro\u015f\u00fcr\u00fc bas\u0131ld\u0131.<\/p>\n\n\n\n<p class=\"has-black-color has-text-color has-link-color has-small-font-size wp-elements-fa293a70ccd77187d997fa71d2cf664c\">Ayn\u0131 d\u00f6nemde, Jardim Planalto\u2019da bulunan \u201cNosso Lar\u201d kurumunun yer ald\u0131\u011f\u0131 eski \u201cR\u201d soka\u011f\u0131 da onun ad\u0131yla an\u0131lmaya ba\u015fland\u0131.<\/p>\n<\/div><\/div>\n\n\n\n<div class=\"wp-block-uagb-container uagb-block-0b5a0e02 alignfull uagb-is-root-container\"><div class=\"uagb-container-inner-blocks-wrap\"><\/div><\/div>\n\n\n\n<div class=\"wp-block-uagb-container uagb-block-e5a066e8 alignfull uagb-is-root-container\"><div class=\"uagb-container-inner-blocks-wrap\"><\/div><\/div>","protected":false},"excerpt":{"rendered":"<p>Em\u00edlia Santos Em\u00edlia Santos naci\u00f3 el 1 de enero de 1896 en la ciudad de Santa Maria da Vit\u00f3ria, BA, y falleci\u00f3 el 26\/09\/1964 en Ara\u00e7atuba, SP. Era hija de Jo\u00e3o Luiz dos Santos y Joana Ferreira de Souza y permaneci\u00f3 soltera. En Ara\u00e7atuba, en 1943, firm\u00f3 el acta de fundaci\u00f3n de la Alianza Esp\u00edrita [&hellip;]<\/p>","protected":false},"author":1,"featured_media":0,"parent":0,"menu_order":0,"comment_status":"closed","ping_status":"closed","template":"","meta":{"_uag_custom_page_level_css":"","site-sidebar-layout":"default","site-content-layout":"","ast-site-content-layout":"default","site-content-style":"default","site-sidebar-style":"default","ast-global-header-display":"","ast-banner-title-visibility":"","ast-main-header-display":"","ast-hfb-above-header-display":"","ast-hfb-below-header-display":"","ast-hfb-mobile-header-display":"","site-post-title":"disabled","ast-breadcrumbs-content":"","ast-featured-img":"","footer-sml-layout":"","theme-transparent-header-meta":"","adv-header-id-meta":"","stick-header-meta":"","header-above-stick-meta":"","header-main-stick-meta":"","header-below-stick-meta":"","astra-migrate-meta-layouts":"set","ast-page-background-enabled":"default","ast-page-background-meta":{"desktop":{"background-color":"var(--ast-global-color-4)","background-image":"","background-repeat":"repeat","background-position":"center center","background-size":"auto","background-attachment":"scroll","background-type":"","background-media":"","overlay-type":"","overlay-color":"","overlay-opacity":"","overlay-gradient":""},"tablet":{"background-color":"","background-image":"","background-repeat":"repeat","background-position":"center center","background-size":"auto","background-attachment":"scroll","background-type":"","background-media":"","overlay-type":"","overlay-color":"","overlay-opacity":"","overlay-gradient":""},"mobile":{"background-color":"","background-image":"","background-repeat":"repeat","background-position":"center center","background-size":"auto","background-attachment":"scroll","background-type":"","background-media":"","overlay-type":"","overlay-color":"","overlay-opacity":"","overlay-gradient":""}},"ast-content-background-meta":{"desktop":{"background-color":"var(--ast-global-color-5)","background-image":"","background-repeat":"repeat","background-position":"center center","background-size":"auto","background-attachment":"scroll","background-type":"","background-media":"","overlay-type":"","overlay-color":"","overlay-opacity":"","overlay-gradient":""},"tablet":{"background-color":"var(--ast-global-color-5)","background-image":"","background-repeat":"repeat","background-position":"center center","background-size":"auto","background-attachment":"scroll","background-type":"","background-media":"","overlay-type":"","overlay-color":"","overlay-opacity":"","overlay-gradient":""},"mobile":{"background-color":"var(--ast-global-color-5)","background-image":"","background-repeat":"repeat","background-position":"center center","background-size":"auto","background-attachment":"scroll","background-type":"","background-media":"","overlay-type":"","overlay-color":"","overlay-opacity":"","overlay-gradient":""}},"footnotes":""},"class_list":["post-8807","page","type-page","status-publish","hentry"],"yoast_head":"<!-- This site is optimized with the Yoast SEO Premium plugin v24.2 (Yoast SEO v24.6) - https:\/\/yoast.com\/wordpress\/plugins\/seo\/ -->\n<title>Em\u00edlia Santos - Uni\u00f3n Esp\u00edrita<\/title>\n<meta name=\"robots\" content=\"index, follow, max-snippet:-1, max-image-preview:large, max-video-preview:-1\" \/>\n<link rel=\"canonical\" href=\"https:\/\/nuevo-renacer.com\/tr\/emilia-santos\/\" \/>\n<meta property=\"og:locale\" content=\"tr_TR\" \/>\n<meta property=\"og:type\" content=\"article\" \/>\n<meta property=\"og:title\" content=\"Em\u00edlia Santos\" \/>\n<meta property=\"og:description\" content=\"Em\u00edlia Santos Em\u00edlia Santos naci\u00f3 el 1 de enero de 1896 en la ciudad de Santa Maria da Vit\u00f3ria, BA, y falleci\u00f3 el 26\/09\/1964 en Ara\u00e7atuba, SP. Era hija de Jo\u00e3o Luiz dos Santos y Joana Ferreira de Souza y permaneci\u00f3 soltera. En Ara\u00e7atuba, en 1943, firm\u00f3 el acta de fundaci\u00f3n de la Alianza Esp\u00edrita [&hellip;]\" \/>\n<meta property=\"og:url\" content=\"https:\/\/nuevo-renacer.com\/tr\/emilia-santos\/\" \/>\n<meta property=\"og:site_name\" content=\"Uni\u00f3n Esp\u00edrita\" \/>\n<meta property=\"article:publisher\" content=\"https:\/\/www.facebook.com\/groups\/3431398063740829\" \/>\n<meta property=\"article:modified_time\" content=\"2026-03-12T10:34:22+00:00\" \/>\n<meta property=\"og:image\" content=\"https:\/\/nuevo-renacer.com\/wp-content\/uploads\/2026\/03\/Emilia-Santos.jpg\" \/>\n\t<meta property=\"og:image:width\" content=\"373\" \/>\n\t<meta property=\"og:image:height\" content=\"412\" \/>\n\t<meta property=\"og:image:type\" content=\"image\/jpeg\" \/>\n<meta name=\"twitter:card\" content=\"summary_large_image\" \/>\n<meta name=\"twitter:label1\" content=\"Tahmini okuma s\u00fcresi\" \/>\n\t<meta name=\"twitter:data1\" content=\"4 dakika\" \/>\n<script type=\"application\/ld+json\" class=\"yoast-schema-graph\">{\"@context\":\"https:\/\/schema.org\",\"@graph\":[{\"@type\":\"WebPage\",\"@id\":\"https:\/\/nuevo-renacer.com\/emilia-santos\/\",\"url\":\"https:\/\/nuevo-renacer.com\/emilia-santos\/\",\"name\":\"Em\u00edlia Santos - Uni\u00f3n Esp\u00edrita\",\"isPartOf\":{\"@id\":\"https:\/\/nuevo-renacer.com\/#website\"},\"primaryImageOfPage\":{\"@id\":\"https:\/\/nuevo-renacer.com\/emilia-santos\/#primaryimage\"},\"image\":{\"@id\":\"https:\/\/nuevo-renacer.com\/emilia-santos\/#primaryimage\"},\"thumbnailUrl\":\"https:\/\/nuevo-renacer.com\/wp-content\/uploads\/2026\/03\/Emilia-Santos.jpg\",\"datePublished\":\"2026-03-12T10:34:19+00:00\",\"dateModified\":\"2026-03-12T10:34:22+00:00\",\"breadcrumb\":{\"@id\":\"https:\/\/nuevo-renacer.com\/emilia-santos\/#breadcrumb\"},\"inLanguage\":\"tr\",\"potentialAction\":[{\"@type\":\"ReadAction\",\"target\":[\"https:\/\/nuevo-renacer.com\/emilia-santos\/\"]}]},{\"@type\":\"ImageObject\",\"inLanguage\":\"tr\",\"@id\":\"https:\/\/nuevo-renacer.com\/emilia-santos\/#primaryimage\",\"url\":\"https:\/\/nuevo-renacer.com\/wp-content\/uploads\/2026\/03\/Emilia-Santos.jpg\",\"contentUrl\":\"https:\/\/nuevo-renacer.com\/wp-content\/uploads\/2026\/03\/Emilia-Santos.jpg\"},{\"@type\":\"BreadcrumbList\",\"@id\":\"https:\/\/nuevo-renacer.com\/emilia-santos\/#breadcrumb\",\"itemListElement\":[{\"@type\":\"ListItem\",\"position\":1,\"name\":\"Startseite\",\"item\":\"https:\/\/nuevo-renacer.com\/\"},{\"@type\":\"ListItem\",\"position\":2,\"name\":\"Em\u00edlia Santos\"}]},{\"@type\":\"WebSite\",\"@id\":\"https:\/\/nuevo-renacer.com\/#website\",\"url\":\"https:\/\/nuevo-renacer.com\/\",\"name\":\"Uni\u00f3n Esp\u00edrita\",\"description\":\"Nuevo Renacer\",\"publisher\":{\"@id\":\"https:\/\/nuevo-renacer.com\/#organization\"},\"potentialAction\":[{\"@type\":\"SearchAction\",\"target\":{\"@type\":\"EntryPoint\",\"urlTemplate\":\"https:\/\/nuevo-renacer.com\/?s={search_term_string}\"},\"query-input\":{\"@type\":\"PropertyValueSpecification\",\"valueRequired\":true,\"valueName\":\"search_term_string\"}}],\"inLanguage\":\"tr\"},{\"@type\":\"Organization\",\"@id\":\"https:\/\/nuevo-renacer.com\/#organization\",\"name\":\"UFEC\",\"url\":\"https:\/\/nuevo-renacer.com\/\",\"logo\":{\"@type\":\"ImageObject\",\"inLanguage\":\"tr\",\"@id\":\"https:\/\/nuevo-renacer.com\/#\/schema\/logo\/image\/\",\"url\":\"https:\/\/nuevo-renacer.com\/wp-content\/uploads\/2024\/05\/cropped-LOGO-TERMINADO1-3-3.png\",\"contentUrl\":\"https:\/\/nuevo-renacer.com\/wp-content\/uploads\/2024\/05\/cropped-LOGO-TERMINADO1-3-3.png\",\"width\":512,\"height\":512,\"caption\":\"UFEC\"},\"image\":{\"@id\":\"https:\/\/nuevo-renacer.com\/#\/schema\/logo\/image\/\"},\"sameAs\":[\"https:\/\/www.facebook.com\/groups\/3431398063740829\"]}]}<\/script>\n<!-- \/ Yoast SEO Premium plugin. -->","yoast_head_json":{"title":"Em\u00edlia Santos - Uni\u00f3n Esp\u00edrita","robots":{"index":"index","follow":"follow","max-snippet":"max-snippet:-1","max-image-preview":"max-image-preview:large","max-video-preview":"max-video-preview:-1"},"canonical":"https:\/\/nuevo-renacer.com\/tr\/emilia-santos\/","og_locale":"tr_TR","og_type":"article","og_title":"Em\u00edlia Santos","og_description":"Em\u00edlia Santos Em\u00edlia Santos naci\u00f3 el 1 de enero de 1896 en la ciudad de Santa Maria da Vit\u00f3ria, BA, y falleci\u00f3 el 26\/09\/1964 en Ara\u00e7atuba, SP. Era hija de Jo\u00e3o Luiz dos Santos y Joana Ferreira de Souza y permaneci\u00f3 soltera. En Ara\u00e7atuba, en 1943, firm\u00f3 el acta de fundaci\u00f3n de la Alianza Esp\u00edrita [&hellip;]","og_url":"https:\/\/nuevo-renacer.com\/tr\/emilia-santos\/","og_site_name":"Uni\u00f3n Esp\u00edrita","article_publisher":"https:\/\/www.facebook.com\/groups\/3431398063740829","article_modified_time":"2026-03-12T10:34:22+00:00","og_image":[{"width":373,"height":412,"url":"https:\/\/nuevo-renacer.com\/wp-content\/uploads\/2026\/03\/Emilia-Santos.jpg","type":"image\/jpeg"}],"twitter_card":"summary_large_image","twitter_misc":{"Tahmini okuma s\u00fcresi":"4 dakika"},"schema":{"@context":"https:\/\/schema.org","@graph":[{"@type":"WebPage","@id":"https:\/\/nuevo-renacer.com\/emilia-santos\/","url":"https:\/\/nuevo-renacer.com\/emilia-santos\/","name":"Em\u00edlia Santos - Uni\u00f3n Esp\u00edrita","isPartOf":{"@id":"https:\/\/nuevo-renacer.com\/#website"},"primaryImageOfPage":{"@id":"https:\/\/nuevo-renacer.com\/emilia-santos\/#primaryimage"},"image":{"@id":"https:\/\/nuevo-renacer.com\/emilia-santos\/#primaryimage"},"thumbnailUrl":"https:\/\/nuevo-renacer.com\/wp-content\/uploads\/2026\/03\/Emilia-Santos.jpg","datePublished":"2026-03-12T10:34:19+00:00","dateModified":"2026-03-12T10:34:22+00:00","breadcrumb":{"@id":"https:\/\/nuevo-renacer.com\/emilia-santos\/#breadcrumb"},"inLanguage":"tr","potentialAction":[{"@type":"ReadAction","target":["https:\/\/nuevo-renacer.com\/emilia-santos\/"]}]},{"@type":"ImageObject","inLanguage":"tr","@id":"https:\/\/nuevo-renacer.com\/emilia-santos\/#primaryimage","url":"https:\/\/nuevo-renacer.com\/wp-content\/uploads\/2026\/03\/Emilia-Santos.jpg","contentUrl":"https:\/\/nuevo-renacer.com\/wp-content\/uploads\/2026\/03\/Emilia-Santos.jpg"},{"@type":"BreadcrumbList","@id":"https:\/\/nuevo-renacer.com\/emilia-santos\/#breadcrumb","itemListElement":[{"@type":"ListItem","position":1,"name":"Startseite","item":"https:\/\/nuevo-renacer.com\/"},{"@type":"ListItem","position":2,"name":"Em\u00edlia Santos"}]},{"@type":"WebSite","@id":"https:\/\/nuevo-renacer.com\/#website","url":"https:\/\/nuevo-renacer.com\/","name":"Uni\u00f3n Esp\u00edrita","description":"Nuevo Renacer","publisher":{"@id":"https:\/\/nuevo-renacer.com\/#organization"},"potentialAction":[{"@type":"SearchAction","target":{"@type":"EntryPoint","urlTemplate":"https:\/\/nuevo-renacer.com\/?s={search_term_string}"},"query-input":{"@type":"PropertyValueSpecification","valueRequired":true,"valueName":"search_term_string"}}],"inLanguage":"tr"},{"@type":"Organization","@id":"https:\/\/nuevo-renacer.com\/#organization","name":"UFEC","url":"https:\/\/nuevo-renacer.com\/","logo":{"@type":"ImageObject","inLanguage":"tr","@id":"https:\/\/nuevo-renacer.com\/#\/schema\/logo\/image\/","url":"https:\/\/nuevo-renacer.com\/wp-content\/uploads\/2024\/05\/cropped-LOGO-TERMINADO1-3-3.png","contentUrl":"https:\/\/nuevo-renacer.com\/wp-content\/uploads\/2024\/05\/cropped-LOGO-TERMINADO1-3-3.png","width":512,"height":512,"caption":"UFEC"},"image":{"@id":"https:\/\/nuevo-renacer.com\/#\/schema\/logo\/image\/"},"sameAs":["https:\/\/www.facebook.com\/groups\/3431398063740829"]}]}},"uagb_featured_image_src":{"full":false,"thumbnail":false,"medium":false,"medium_large":false,"large":false,"1536x1536":false,"2048x2048":false,"trp-custom-language-flag":false},"uagb_author_info":{"display_name":"adbv0","author_link":"https:\/\/nuevo-renacer.com\/tr\/author\/adbv0\/"},"uagb_comment_info":0,"uagb_excerpt":"Em\u00edlia Santos Em\u00edlia Santos naci\u00f3 el 1 de enero de 1896 en la ciudad de Santa Maria da Vit\u00f3ria, BA, y falleci\u00f3 el 26\/09\/1964 en Ara\u00e7atuba, SP. Era hija de Jo\u00e3o Luiz dos Santos y Joana Ferreira de Souza y permaneci\u00f3 soltera. En Ara\u00e7atuba, en 1943, firm\u00f3 el acta de fundaci\u00f3n de la Alianza Esp\u00edrita&hellip;","jetpack_sharing_enabled":true,"_links":{"self":[{"href":"https:\/\/nuevo-renacer.com\/tr\/wp-json\/wp\/v2\/pages\/8807","targetHints":{"allow":["GET"]}}],"collection":[{"href":"https:\/\/nuevo-renacer.com\/tr\/wp-json\/wp\/v2\/pages"}],"about":[{"href":"https:\/\/nuevo-renacer.com\/tr\/wp-json\/wp\/v2\/types\/page"}],"author":[{"embeddable":true,"href":"https:\/\/nuevo-renacer.com\/tr\/wp-json\/wp\/v2\/users\/1"}],"replies":[{"embeddable":true,"href":"https:\/\/nuevo-renacer.com\/tr\/wp-json\/wp\/v2\/comments?post=8807"}],"version-history":[{"count":1,"href":"https:\/\/nuevo-renacer.com\/tr\/wp-json\/wp\/v2\/pages\/8807\/revisions"}],"predecessor-version":[{"id":8809,"href":"https:\/\/nuevo-renacer.com\/tr\/wp-json\/wp\/v2\/pages\/8807\/revisions\/8809"}],"wp:attachment":[{"href":"https:\/\/nuevo-renacer.com\/tr\/wp-json\/wp\/v2\/media?parent=8807"}],"curies":[{"name":"wp","href":"https:\/\/api.w.org\/{rel}","templated":true}]}}