{"id":5882,"date":"2024-11-06T13:55:59","date_gmt":"2024-11-06T13:55:59","guid":{"rendered":"https:\/\/nuevo-renacer.com\/?page_id=5882"},"modified":"2024-11-06T13:56:28","modified_gmt":"2024-11-06T13:56:28","slug":"carlos-norberto-fontinovo","status":"publish","type":"page","link":"https:\/\/nuevo-renacer.com\/tr\/carlos-norberto-fontinovo\/","title":{"rendered":"Carlos Norberto Fontinovo"},"content":{"rendered":"<div class=\"wp-block-uagb-container uagb-block-1165b5e6 alignfull uagb-is-root-container\"><div class=\"uagb-container-inner-blocks-wrap\">\n<p class=\"has-black-color has-text-color has-link-color has-medium-font-size wp-elements-42e4d76ae6ae692b4b7f75102b184da3\"><strong>Carlos Norberto Fontinovo<\/strong><\/p>\n<\/div><\/div>\n\n\n\n<div class=\"wp-block-uagb-container uagb-block-7cd93827 alignfull uagb-is-root-container\"><div class=\"uagb-container-inner-blocks-wrap\">\n<figure class=\"wp-block-image size-full is-resized\"><img fetchpriority=\"high\" decoding=\"async\" width=\"274\" height=\"295\" src=\"https:\/\/nuevo-renacer.com\/wp-content\/uploads\/2024\/11\/Screenshot-212.png\" alt=\"\" class=\"wp-image-5883\" style=\"width:257px;height:auto\" srcset=\"https:\/\/nuevo-renacer.com\/wp-content\/uploads\/2024\/11\/Screenshot-212.png 274w, https:\/\/nuevo-renacer.com\/wp-content\/uploads\/2024\/11\/Screenshot-212-11x12.png 11w\" sizes=\"(max-width: 274px) 100vw, 274px\" \/><\/figure>\n<\/div><\/div>\n\n\n\n<div class=\"wp-block-uagb-container uagb-block-78e87231 alignfull uagb-is-root-container\"><div class=\"uagb-container-inner-blocks-wrap\">\n<p class=\"has-black-color has-text-color has-link-color has-small-font-size wp-elements-7f450053393b8bcf2450dc7d73162156\">Carlos Norberto Fontinovo, 29 Nisan 1936&#039;da Buenos Aires \u015fehrinde do\u011fdu. Ailesi \u00f6nce Villa Park&#039;a sonra da Ormana yerle\u015fti. O tek \u00e7ocuktu ve ailesiyle birlikte k\u00fc\u00e7\u00fckten \u201c\u0131\u015f\u0131k, Adalet ve Yard\u0131mseverlik &#034; Toplumuna kat\u0131l\u0131yordu.<\/p>\n\n\n\n<p class=\"has-black-color has-text-color has-link-color has-small-font-size wp-elements-b2481f1e64f93a3c2840df5ba2edabda\">\u00c7ok k\u00fc\u00e7\u00fck ya\u015flardan itibaren \u0130deal Ruh\u00e7u i\u00e7in \u00e7al\u0131\u015ft\u0131 ve 1959 y\u0131l\u0131nda toplumlar\u0131nda \u00c7ocuklar\u0131 ve ilk Ba\u015fkan\u0131 oldu\u011fu gen\u00e7lerin Gen\u00e7li\u011fini \u201cL\u00e9on Denis\u201d olarak grupland\u0131ran di\u011fer gen\u00e7lerle birlikte \u00e7al\u0131\u015ft\u0131.<\/p>\n\n\n\n<p class=\"has-black-color has-text-color has-link-color has-small-font-size wp-elements-e99560f92ea6848a3bea0701dae70c19\">1960 y\u0131l\u0131nda, cea&#039;daki di\u011fer \u00e7a\u011fda\u015flarla birlikte Federasyona hayat verdi Ruh\u00e7u Gen\u00e7lik Arjantin-FEJA - 1971 ve 1972 y\u0131llar\u0131nda Ba\u015fkan\u0131 olarak \u00e7e\u015fitli alanlardan kal\u0131c\u0131 olarak \u00e7al\u0131\u015ft\u0131. FEJA B\u00fclteni&#039;ne de\u011ferli katk\u0131larda bulundu, haz\u0131rlanmas\u0131nda i\u015fbirli\u011fi yapt\u0131 ve silahland\u0131.<\/p>\n\n\n\n<p class=\"has-black-color has-text-color has-link-color has-small-font-size wp-elements-4b49a36e90e403d551f065575ae888c6\">Hayat\u0131n\u0131n orta\u011f\u0131yla birlikte, Beyaz, Kahverengi, onlara alt\u0131 torun veren d\u00f6rt \u00e7ocu\u011fu oldu.<\/p>\n\n\n\n<p class=\"has-black-color has-text-color has-link-color has-small-font-size wp-elements-43d37db71aae334ed96e67d8f6cdcc8f\">Ayr\u0131ca on y\u0131l boyunca \u201cThe Idea &#034; dergisini y\u00f6neterek \u00e7al\u0131\u015ft\u0131 ve desencarnaci\u00f3n&#039;un dan\u0131\u015fmanl\u0131\u011f\u0131n\u0131 yapt\u0131.<\/p>\n\n\n\n<div class=\"wp-block-uagb-container uagb-block-3b6995c5\">\n<figure class=\"wp-block-image size-full is-resized\"><img decoding=\"async\" width=\"320\" height=\"212\" src=\"https:\/\/nuevo-renacer.com\/wp-content\/uploads\/2024\/11\/Revista-de-espiritismo-La-Idea-640-pdf-14-320.webp\" alt=\"\" class=\"wp-image-5884\" style=\"width:270px;height:auto\" srcset=\"https:\/\/nuevo-renacer.com\/wp-content\/uploads\/2024\/11\/Revista-de-espiritismo-La-Idea-640-pdf-14-320.webp 320w, https:\/\/nuevo-renacer.com\/wp-content\/uploads\/2024\/11\/Revista-de-espiritismo-La-Idea-640-pdf-14-320-300x199.webp 300w, https:\/\/nuevo-renacer.com\/wp-content\/uploads\/2024\/11\/Revista-de-espiritismo-La-Idea-640-pdf-14-320-18x12.webp 18w\" sizes=\"(max-width: 320px) 100vw, 320px\" \/><figcaption class=\"wp-element-caption\">Spiritist Dergi \u201eLa Idea\"<\/figcaption><\/figure>\n<\/div>\n\n\n\n<p class=\"has-black-color has-text-color has-link-color has-small-font-size wp-elements-9c3d38aca2942835a22702afeb7ad2f3\">Spirit\u00fcalizm konfederasyonu (1975-1981) i\u00e7in zaman zaman talihsiz olan, Ana Evin maddi ve manevi ya\u015fam\u0131n\u0131, \u0130dealin di\u011fer karde\u015fleriyle birlikte ger\u00e7ek anlamda par\u00e7alayan, hayat verdi ve Hareketin bir par\u00e7as\u0131yd\u0131.Spirit\u00fcalizmin Hizmetine-MASDE -, Genel Sekreter olarak g\u00f6rev yapt\u0131.<\/p>\n\n\n\n<p class=\"has-black-color has-text-color has-link-color has-small-font-size wp-elements-e4b16ed9b3bb576e6ab155b55ed7063d\">Cea&#039;y\u0131 kurtarmak i\u00e7in Dif\u00fczyon Sekreteri ve daha sonra Ba\u015fkan Yard\u0131mc\u0131s\u0131 olarak g\u00f6rev yapt\u0131.<\/p>\n\n\n\n<p class=\"has-black-color has-text-color has-link-color has-small-font-size wp-elements-8bfa7c99adccd381aadb47f91b2b17c8\">K\u0131saca \u00f6zetlenen g\u00f6revleri yerine getirmenin yan\u0131 s\u0131ra, 1979-1984 ve 1989-1995 y\u0131llar\u0131nda ba\u015fkanl\u0131\u011f\u0131n\u0131 yapt\u0131\u011f\u0131, Sayman, sicil Sekreteri ve Ba\u015fkan Yard\u0131mc\u0131s\u0131 olarak ba\u015fka g\u00f6revlerde bulundu\u011fu toplumunun doktrin ve medyumlu\u011funu asla ihmal etmedi. Ayr\u0131ca \u201c\u0131\u015f\u0131k &#034; B\u00fclteninin emisyonlar\u0131nda ortaklarla i\u015fbirli\u011fi yapt\u0131.<\/p>\n\n\n\n<p class=\"has-black-color has-text-color has-link-color has-small-font-size wp-elements-7a438d50e5104d72850962b87d678cac\">Her zaman onlar\u0131n bilgisi ile vurgulan\u0131r doktrin, referans olmak gen\u00e7lerin s\u00fcrekli isti\u015faresi, yorulmak bilmeyen okuyucu, her zaman i\u015fe yatk\u0131n ve konu\u015fma kolayl\u0131\u011f\u0131 onu di\u011fer evlerde konu\u015fmaya y\u00f6nlendirdi esp\u00edritas \u00fclke i\u00e7inde ve d\u0131\u015f\u0131nda.<\/p>\n\n\n\n<p class=\"has-black-color has-text-color has-link-color has-small-font-size wp-elements-fca49e9740593ee7c82fe8a50fd255aa\">Hastal\u0131\u011f\u0131ndan rahats\u0131z olan ve kar\u0131s\u0131n\u0131n kendi hastal\u0131k s\u00fcrecinin de eklenmesiyle kurumlar\u0131ndaki varl\u0131\u011f\u0131n\u0131 azaltmaya ba\u015flarken, g\u00fcnden g\u00fcne fiziksel gerilemesinin \u00f6rneklerini verdi. Ancak \u00f6ng\u00f6r\u00fcs\u00fc, \u0130dealin anla\u015f\u0131lmas\u0131 ve yorumlanmas\u0131, bilgisi ve kavramsal tutarl\u0131l\u0131\u011f\u0131 a\u00e7\u0131s\u0131ndan karde\u015flerine yol g\u00f6sterici ve \u00f6rnek olmaya devam etmesine izin verdi.<\/p>\n\n\n\n<p class=\"has-black-color has-text-color has-link-color has-small-font-size wp-elements-0faac0205be8d1eb2f6f6225eb0af906\">Son kez, bak\u0131m ve s\u00fcrekli bak\u0131m\u0131n, sonunda onu toplumumuza getiren \u00e7ocuklar\u0131n\u0131n bak\u0131m\u0131 ve bak\u0131m\u0131 alt\u0131nda evde hapsedilmesini gerektiriyordu, \u00e7\u00fcnk\u00fc fiziksel onunla birlikteyken arzusu buydu. 21 Kas\u0131m 2009 Cumartesi, Carlos Norberto Fontinovo manevi anavatana gitti ve bizi \u0130deal Ruh\u00e7uya adanm\u0131\u015f bir ya\u015fam\u0131n miras\u0131 olarak b\u0131rakt\u0131, Kardec taraf\u0131ndan Kodlanan \u0130deal hakk\u0131ndaki bilgisi, Ruh\u00e7u Doktrini savunmaya, gen\u00e7leri b\u00fcy\u00fcklerinin yoluna devam etmeye te\u015fvik etmeye ve esasen, h\u00fcmanizmini her zaman, her zaman ve her ko\u015fulda uygulamaya koydu.<\/p>\n<\/div><\/div>\n\n\n\n<div class=\"wp-block-uagb-container uagb-block-26e51aab alignfull uagb-is-root-container\"><div class=\"uagb-container-inner-blocks-wrap\"><\/div><\/div>\n\n\n\n<div class=\"wp-block-uagb-container uagb-block-23e1afdb alignfull uagb-is-root-container\"><div class=\"uagb-container-inner-blocks-wrap\"><\/div><\/div>","protected":false},"excerpt":{"rendered":"<p>Carlos Norberto Fontinovo Carlos Norberto Fontinovo naci\u00f3 en la Ciudad de Buenos Aires el 29 de abril de 1936. Su familia se instal\u00f3 en Villa del Parque y luego en Floresta. Fue \u00fanico hijo y con su familia, desde peque\u00f1o, concurre a la Sociedad \u00abLuz Justicia y Caridad\u00bb. Desde muy joven trabaj\u00f3 para el Ideal [&hellip;]<\/p>","protected":false},"author":1,"featured_media":0,"parent":0,"menu_order":0,"comment_status":"closed","ping_status":"closed","template":"","meta":{"_uag_custom_page_level_css":"","site-sidebar-layout":"default","site-content-layout":"","ast-site-content-layout":"default","site-content-style":"default","site-sidebar-style":"default","ast-global-header-display":"","ast-banner-title-visibility":"","ast-main-header-display":"","ast-hfb-above-header-display":"","ast-hfb-below-header-display":"","ast-hfb-mobile-header-display":"","site-post-title":"disabled","ast-breadcrumbs-content":"","ast-featured-img":"","footer-sml-layout":"","theme-transparent-header-meta":"","adv-header-id-meta":"","stick-header-meta":"","header-above-stick-meta":"","header-main-stick-meta":"","header-below-stick-meta":"","astra-migrate-meta-layouts":"set","ast-page-background-enabled":"default","ast-page-background-meta":{"desktop":{"background-color":"var(--ast-global-color-4)","background-image":"","background-repeat":"repeat","background-position":"center center","background-size":"auto","background-attachment":"scroll","background-type":"","background-media":"","overlay-type":"","overlay-color":"","overlay-opacity":"","overlay-gradient":""},"tablet":{"background-color":"","background-image":"","background-repeat":"repeat","background-position":"center center","background-size":"auto","background-attachment":"scroll","background-type":"","background-media":"","overlay-type":"","overlay-color":"","overlay-opacity":"","overlay-gradient":""},"mobile":{"background-color":"","background-image":"","background-repeat":"repeat","background-position":"center center","background-size":"auto","background-attachment":"scroll","background-type":"","background-media":"","overlay-type":"","overlay-color":"","overlay-opacity":"","overlay-gradient":""}},"ast-content-background-meta":{"desktop":{"background-color":"var(--ast-global-color-5)","background-image":"","background-repeat":"repeat","background-position":"center center","background-size":"auto","background-attachment":"scroll","background-type":"","background-media":"","overlay-type":"","overlay-color":"","overlay-opacity":"","overlay-gradient":""},"tablet":{"background-color":"var(--ast-global-color-5)","background-image":"","background-repeat":"repeat","background-position":"center center","background-size":"auto","background-attachment":"scroll","background-type":"","background-media":"","overlay-type":"","overlay-color":"","overlay-opacity":"","overlay-gradient":""},"mobile":{"background-color":"var(--ast-global-color-5)","background-image":"","background-repeat":"repeat","background-position":"center center","background-size":"auto","background-attachment":"scroll","background-type":"","background-media":"","overlay-type":"","overlay-color":"","overlay-opacity":"","overlay-gradient":""}},"footnotes":""},"class_list":["post-5882","page","type-page","status-publish","hentry"],"yoast_head":"<!-- This site is optimized with the Yoast SEO Premium plugin v24.2 (Yoast SEO v24.6) - https:\/\/yoast.com\/wordpress\/plugins\/seo\/ -->\n<title>Carlos Norberto Fontinovo - Uni\u00f3n Esp\u00edrita<\/title>\n<meta name=\"robots\" content=\"index, follow, max-snippet:-1, max-image-preview:large, max-video-preview:-1\" \/>\n<link rel=\"canonical\" href=\"https:\/\/nuevo-renacer.com\/tr\/carlos-norberto-fontinovo\/\" \/>\n<meta property=\"og:locale\" content=\"tr_TR\" \/>\n<meta property=\"og:type\" content=\"article\" \/>\n<meta property=\"og:title\" content=\"Carlos Norberto Fontinovo\" \/>\n<meta property=\"og:description\" content=\"Carlos Norberto Fontinovo Carlos Norberto Fontinovo naci\u00f3 en la Ciudad de Buenos Aires el 29 de abril de 1936. Su familia se instal\u00f3 en Villa del Parque y luego en Floresta. Fue \u00fanico hijo y con su familia, desde peque\u00f1o, concurre a la Sociedad \u00abLuz Justicia y Caridad\u00bb. Desde muy joven trabaj\u00f3 para el Ideal [&hellip;]\" \/>\n<meta property=\"og:url\" content=\"https:\/\/nuevo-renacer.com\/tr\/carlos-norberto-fontinovo\/\" \/>\n<meta property=\"og:site_name\" content=\"Uni\u00f3n Esp\u00edrita\" \/>\n<meta property=\"article:publisher\" content=\"https:\/\/www.facebook.com\/groups\/3431398063740829\" \/>\n<meta property=\"article:modified_time\" content=\"2024-11-06T13:56:28+00:00\" \/>\n<meta property=\"og:image\" content=\"https:\/\/nuevo-renacer.com\/wp-content\/uploads\/2024\/11\/Screenshot-212.png\" \/>\n\t<meta property=\"og:image:width\" content=\"274\" \/>\n\t<meta property=\"og:image:height\" content=\"295\" \/>\n\t<meta property=\"og:image:type\" content=\"image\/png\" \/>\n<meta name=\"twitter:card\" content=\"summary_large_image\" \/>\n<meta name=\"twitter:label1\" content=\"Tahmini okuma s\u00fcresi\" \/>\n\t<meta name=\"twitter:data1\" content=\"3 dakika\" \/>\n<script type=\"application\/ld+json\" class=\"yoast-schema-graph\">{\"@context\":\"https:\/\/schema.org\",\"@graph\":[{\"@type\":\"WebPage\",\"@id\":\"https:\/\/nuevo-renacer.com\/carlos-norberto-fontinovo\/\",\"url\":\"https:\/\/nuevo-renacer.com\/carlos-norberto-fontinovo\/\",\"name\":\"Carlos Norberto Fontinovo - Uni\u00f3n Esp\u00edrita\",\"isPartOf\":{\"@id\":\"https:\/\/nuevo-renacer.com\/#website\"},\"primaryImageOfPage\":{\"@id\":\"https:\/\/nuevo-renacer.com\/carlos-norberto-fontinovo\/#primaryimage\"},\"image\":{\"@id\":\"https:\/\/nuevo-renacer.com\/carlos-norberto-fontinovo\/#primaryimage\"},\"thumbnailUrl\":\"https:\/\/nuevo-renacer.com\/wp-content\/uploads\/2024\/11\/Screenshot-212.png\",\"datePublished\":\"2024-11-06T13:55:59+00:00\",\"dateModified\":\"2024-11-06T13:56:28+00:00\",\"breadcrumb\":{\"@id\":\"https:\/\/nuevo-renacer.com\/carlos-norberto-fontinovo\/#breadcrumb\"},\"inLanguage\":\"tr\",\"potentialAction\":[{\"@type\":\"ReadAction\",\"target\":[\"https:\/\/nuevo-renacer.com\/carlos-norberto-fontinovo\/\"]}]},{\"@type\":\"ImageObject\",\"inLanguage\":\"tr\",\"@id\":\"https:\/\/nuevo-renacer.com\/carlos-norberto-fontinovo\/#primaryimage\",\"url\":\"https:\/\/nuevo-renacer.com\/wp-content\/uploads\/2024\/11\/Screenshot-212.png\",\"contentUrl\":\"https:\/\/nuevo-renacer.com\/wp-content\/uploads\/2024\/11\/Screenshot-212.png\"},{\"@type\":\"BreadcrumbList\",\"@id\":\"https:\/\/nuevo-renacer.com\/carlos-norberto-fontinovo\/#breadcrumb\",\"itemListElement\":[{\"@type\":\"ListItem\",\"position\":1,\"name\":\"Startseite\",\"item\":\"https:\/\/nuevo-renacer.com\/\"},{\"@type\":\"ListItem\",\"position\":2,\"name\":\"Carlos Norberto Fontinovo\"}]},{\"@type\":\"WebSite\",\"@id\":\"https:\/\/nuevo-renacer.com\/#website\",\"url\":\"https:\/\/nuevo-renacer.com\/\",\"name\":\"Uni\u00f3n Esp\u00edrita\",\"description\":\"Nuevo Renacer\",\"publisher\":{\"@id\":\"https:\/\/nuevo-renacer.com\/#organization\"},\"potentialAction\":[{\"@type\":\"SearchAction\",\"target\":{\"@type\":\"EntryPoint\",\"urlTemplate\":\"https:\/\/nuevo-renacer.com\/?s={search_term_string}\"},\"query-input\":{\"@type\":\"PropertyValueSpecification\",\"valueRequired\":true,\"valueName\":\"search_term_string\"}}],\"inLanguage\":\"tr\"},{\"@type\":\"Organization\",\"@id\":\"https:\/\/nuevo-renacer.com\/#organization\",\"name\":\"UFEC\",\"url\":\"https:\/\/nuevo-renacer.com\/\",\"logo\":{\"@type\":\"ImageObject\",\"inLanguage\":\"tr\",\"@id\":\"https:\/\/nuevo-renacer.com\/#\/schema\/logo\/image\/\",\"url\":\"https:\/\/nuevo-renacer.com\/wp-content\/uploads\/2024\/05\/cropped-LOGO-TERMINADO1-3-3.png\",\"contentUrl\":\"https:\/\/nuevo-renacer.com\/wp-content\/uploads\/2024\/05\/cropped-LOGO-TERMINADO1-3-3.png\",\"width\":512,\"height\":512,\"caption\":\"UFEC\"},\"image\":{\"@id\":\"https:\/\/nuevo-renacer.com\/#\/schema\/logo\/image\/\"},\"sameAs\":[\"https:\/\/www.facebook.com\/groups\/3431398063740829\"]}]}<\/script>\n<!-- \/ Yoast SEO Premium plugin. -->","yoast_head_json":{"title":"Carlos Norberto Fontinovo - Uni\u00f3n Esp\u00edrita","robots":{"index":"index","follow":"follow","max-snippet":"max-snippet:-1","max-image-preview":"max-image-preview:large","max-video-preview":"max-video-preview:-1"},"canonical":"https:\/\/nuevo-renacer.com\/tr\/carlos-norberto-fontinovo\/","og_locale":"tr_TR","og_type":"article","og_title":"Carlos Norberto Fontinovo","og_description":"Carlos Norberto Fontinovo Carlos Norberto Fontinovo naci\u00f3 en la Ciudad de Buenos Aires el 29 de abril de 1936. Su familia se instal\u00f3 en Villa del Parque y luego en Floresta. Fue \u00fanico hijo y con su familia, desde peque\u00f1o, concurre a la Sociedad \u00abLuz Justicia y Caridad\u00bb. Desde muy joven trabaj\u00f3 para el Ideal [&hellip;]","og_url":"https:\/\/nuevo-renacer.com\/tr\/carlos-norberto-fontinovo\/","og_site_name":"Uni\u00f3n Esp\u00edrita","article_publisher":"https:\/\/www.facebook.com\/groups\/3431398063740829","article_modified_time":"2024-11-06T13:56:28+00:00","og_image":[{"width":274,"height":295,"url":"https:\/\/nuevo-renacer.com\/wp-content\/uploads\/2024\/11\/Screenshot-212.png","type":"image\/png"}],"twitter_card":"summary_large_image","twitter_misc":{"Tahmini okuma s\u00fcresi":"3 dakika"},"schema":{"@context":"https:\/\/schema.org","@graph":[{"@type":"WebPage","@id":"https:\/\/nuevo-renacer.com\/carlos-norberto-fontinovo\/","url":"https:\/\/nuevo-renacer.com\/carlos-norberto-fontinovo\/","name":"Carlos Norberto Fontinovo - Uni\u00f3n Esp\u00edrita","isPartOf":{"@id":"https:\/\/nuevo-renacer.com\/#website"},"primaryImageOfPage":{"@id":"https:\/\/nuevo-renacer.com\/carlos-norberto-fontinovo\/#primaryimage"},"image":{"@id":"https:\/\/nuevo-renacer.com\/carlos-norberto-fontinovo\/#primaryimage"},"thumbnailUrl":"https:\/\/nuevo-renacer.com\/wp-content\/uploads\/2024\/11\/Screenshot-212.png","datePublished":"2024-11-06T13:55:59+00:00","dateModified":"2024-11-06T13:56:28+00:00","breadcrumb":{"@id":"https:\/\/nuevo-renacer.com\/carlos-norberto-fontinovo\/#breadcrumb"},"inLanguage":"tr","potentialAction":[{"@type":"ReadAction","target":["https:\/\/nuevo-renacer.com\/carlos-norberto-fontinovo\/"]}]},{"@type":"ImageObject","inLanguage":"tr","@id":"https:\/\/nuevo-renacer.com\/carlos-norberto-fontinovo\/#primaryimage","url":"https:\/\/nuevo-renacer.com\/wp-content\/uploads\/2024\/11\/Screenshot-212.png","contentUrl":"https:\/\/nuevo-renacer.com\/wp-content\/uploads\/2024\/11\/Screenshot-212.png"},{"@type":"BreadcrumbList","@id":"https:\/\/nuevo-renacer.com\/carlos-norberto-fontinovo\/#breadcrumb","itemListElement":[{"@type":"ListItem","position":1,"name":"Startseite","item":"https:\/\/nuevo-renacer.com\/"},{"@type":"ListItem","position":2,"name":"Carlos Norberto Fontinovo"}]},{"@type":"WebSite","@id":"https:\/\/nuevo-renacer.com\/#website","url":"https:\/\/nuevo-renacer.com\/","name":"Uni\u00f3n Esp\u00edrita","description":"Nuevo Renacer","publisher":{"@id":"https:\/\/nuevo-renacer.com\/#organization"},"potentialAction":[{"@type":"SearchAction","target":{"@type":"EntryPoint","urlTemplate":"https:\/\/nuevo-renacer.com\/?s={search_term_string}"},"query-input":{"@type":"PropertyValueSpecification","valueRequired":true,"valueName":"search_term_string"}}],"inLanguage":"tr"},{"@type":"Organization","@id":"https:\/\/nuevo-renacer.com\/#organization","name":"UFEC","url":"https:\/\/nuevo-renacer.com\/","logo":{"@type":"ImageObject","inLanguage":"tr","@id":"https:\/\/nuevo-renacer.com\/#\/schema\/logo\/image\/","url":"https:\/\/nuevo-renacer.com\/wp-content\/uploads\/2024\/05\/cropped-LOGO-TERMINADO1-3-3.png","contentUrl":"https:\/\/nuevo-renacer.com\/wp-content\/uploads\/2024\/05\/cropped-LOGO-TERMINADO1-3-3.png","width":512,"height":512,"caption":"UFEC"},"image":{"@id":"https:\/\/nuevo-renacer.com\/#\/schema\/logo\/image\/"},"sameAs":["https:\/\/www.facebook.com\/groups\/3431398063740829"]}]}},"uagb_featured_image_src":{"full":false,"thumbnail":false,"medium":false,"medium_large":false,"large":false,"1536x1536":false,"2048x2048":false,"trp-custom-language-flag":false},"uagb_author_info":{"display_name":"adbv0","author_link":"https:\/\/nuevo-renacer.com\/tr\/author\/adbv0\/"},"uagb_comment_info":0,"uagb_excerpt":"Carlos Norberto Fontinovo Carlos Norberto Fontinovo naci\u00f3 en la Ciudad de Buenos Aires el 29 de abril de 1936. Su familia se instal\u00f3 en Villa del Parque y luego en Floresta. Fue \u00fanico hijo y con su familia, desde peque\u00f1o, concurre a la Sociedad \u00abLuz Justicia y Caridad\u00bb. Desde muy joven trabaj\u00f3 para el Ideal&hellip;","jetpack_sharing_enabled":true,"_links":{"self":[{"href":"https:\/\/nuevo-renacer.com\/tr\/wp-json\/wp\/v2\/pages\/5882","targetHints":{"allow":["GET"]}}],"collection":[{"href":"https:\/\/nuevo-renacer.com\/tr\/wp-json\/wp\/v2\/pages"}],"about":[{"href":"https:\/\/nuevo-renacer.com\/tr\/wp-json\/wp\/v2\/types\/page"}],"author":[{"embeddable":true,"href":"https:\/\/nuevo-renacer.com\/tr\/wp-json\/wp\/v2\/users\/1"}],"replies":[{"embeddable":true,"href":"https:\/\/nuevo-renacer.com\/tr\/wp-json\/wp\/v2\/comments?post=5882"}],"version-history":[{"count":1,"href":"https:\/\/nuevo-renacer.com\/tr\/wp-json\/wp\/v2\/pages\/5882\/revisions"}],"predecessor-version":[{"id":5885,"href":"https:\/\/nuevo-renacer.com\/tr\/wp-json\/wp\/v2\/pages\/5882\/revisions\/5885"}],"wp:attachment":[{"href":"https:\/\/nuevo-renacer.com\/tr\/wp-json\/wp\/v2\/media?parent=5882"}],"curies":[{"name":"wp","href":"https:\/\/api.w.org\/{rel}","templated":true}]}}