{"id":8807,"date":"2026-03-12T10:34:19","date_gmt":"2026-03-12T10:34:19","guid":{"rendered":"https:\/\/nuevo-renacer.com\/?page_id=8807"},"modified":"2026-03-12T10:34:22","modified_gmt":"2026-03-12T10:34:22","slug":"emilia-santos","status":"publish","type":"page","link":"https:\/\/nuevo-renacer.com\/it\/emilia-santos\/","title":{"rendered":"Em\u00edlia Santos"},"content":{"rendered":"<div class=\"wp-block-uagb-container uagb-block-524c18d3 alignfull uagb-is-root-container\"><div class=\"uagb-container-inner-blocks-wrap\">\n<p class=\"has-black-color has-text-color has-link-color has-medium-font-size wp-elements-4d692865b8b71a3e7e96f45ef7ff1277\"><strong>Em\u00edlia Santos<\/strong><\/p>\n<\/div><\/div>\n\n\n\n<div class=\"wp-block-uagb-container uagb-block-5c59decc alignfull uagb-is-root-container\"><div class=\"uagb-container-inner-blocks-wrap\">\n<figure class=\"wp-block-image size-full is-resized\"><img fetchpriority=\"high\" decoding=\"async\" width=\"373\" height=\"412\" src=\"https:\/\/nuevo-renacer.com\/wp-content\/uploads\/2026\/03\/Emilia-Santos.jpg\" alt=\"\" class=\"wp-image-8808\" style=\"aspect-ratio:0.9053756680289218;width:296px;height:auto\" srcset=\"https:\/\/nuevo-renacer.com\/wp-content\/uploads\/2026\/03\/Emilia-Santos.jpg 373w, https:\/\/nuevo-renacer.com\/wp-content\/uploads\/2026\/03\/Emilia-Santos-272x300.jpg 272w, https:\/\/nuevo-renacer.com\/wp-content\/uploads\/2026\/03\/Emilia-Santos-11x12.jpg 11w\" sizes=\"(max-width: 373px) 100vw, 373px\" \/><\/figure>\n<\/div><\/div>\n\n\n\n<div class=\"wp-block-uagb-container uagb-block-e92e4b58 alignfull uagb-is-root-container\"><div class=\"uagb-container-inner-blocks-wrap\">\n<p class=\"has-black-color has-text-color has-link-color has-small-font-size wp-elements-289acdb1086011e6060203c3d4a83df5\">Em\u00edlia Santos \u00e8 nata il 1\u00ba gennaio 1896 nella citt\u00e0 di Santa Maria da Vit\u00f3ria, BA, e \u00e8 deceduta il 26 settembre 1964 ad Ara\u00e7atuba, SP. Era figlia di Jo\u00e3o Luiz dos Santos e Joana Ferreira de Souza e rimase nubile.<\/p>\n\n\n\n<p class=\"has-black-color has-text-color has-link-color has-small-font-size wp-elements-8b48e1d9268f854afcf7dec63621c9d4\">Ad Ara\u00e7atuba, nel 1943, firm\u00f2 l\u2019atto di fondazione dell\u2019Alleanza Spiritista \u201cVaras da Videira\u201d. Allo stesso tempo, divenne collaboratrice di Benedita Fernandes presso l\u2019Associazione delle Signore Cristiane. Dopo la scomparsa di quest\u2019ultima, nel 1947, divenne collaboratrice mediumnica regolare del Centro Spiritista \u201cAmor e Caridade\u201d nella vicina e molto prossima citt\u00e0 di Birigui.<\/p>\n\n\n\n<p class=\"has-black-color has-text-color has-link-color has-small-font-size wp-elements-6fdbc385c36190ea5b771c678222d9d0\">Em\u00edlia Santos vendeva articoli per la tavola, per il letto e abbigliamento presso la propria abitazione e, spesso, direttamente a domicilio dei clienti, utilizzando i tradizionali carretti tipici di Ara\u00e7atuba. Era estremamente caritatevole. Molte persone la cercavano ad Ara\u00e7atuba in cerca di una parola di conforto, di orientamento o di un \u201cpasse\u201d spirituale. Effettuava pellegrinaggi settimanali e distribuiva merende alle famiglie bisognose. Negli anni \u201950 organizzava merende in occasione del compleanno del padre (\u201cgiorno di San Giovanni\u201d) e a Natale, distribuendole nelle istituzioni sociali, in carcere e alla Santa Casa di Ara\u00e7atuba.<\/p>\n\n\n\n<p class=\"has-black-color has-text-color has-link-color has-small-font-size wp-elements-deeb8794a090d32d251576f32c82f3bc\">Jo\u00e3o Luiz dos Santos, il padre di Em\u00edlia, visse nel secolo scorso nell\u2019interno della Bahia, dove fu impegnato in politica. Era lo spirito comunicante pi\u00f9 frequente tramite la medianit\u00e0 della figlia. Come si diceva all\u2019epoca, era il suo mentore. Naturalmente, partecip\u00f2 all\u2019orientamento del gruppo che si form\u00f2 e che diede origine alle istituzioni sopra citate.<\/p>\n\n\n\n<p class=\"has-black-color has-text-color has-link-color has-small-font-size wp-elements-07e0dcc25bdefeb378661d0472034856\">In alcuni periodi della sua vita cerc\u00f2 di insegnare lo Spiritismo ai bambini. Esistono articoli sporadici di sua firma sulla stampa spiritista, come \u201cAmor Fraternal\u201d sul Mensageiro do \u00d3rf\u00e3o di S\u00e3o Manoel del 15 ottobre 1943.<\/p>\n\n\n\n<p class=\"has-black-color has-text-color has-link-color has-small-font-size wp-elements-c232bf84ece61777c400a700a7855089\">Il 30 dicembre 1959, insieme a Rolando Perri Cefaly, fond\u00f2 nella sua abitazione il Gruppo di Studi Evangelici \u201cJo\u00e3o Luiz dos Santos\u201d, che si riuniva il venerd\u00ec. In quell\u2019epoca ogni nuovo libro psicografato di Chico Xavier era letto con grande interesse. Accompagnata dalla madre e dagli zii, ebbe l\u2019opportunit\u00e0, da bambina, di partecipare a questi incontri fin dall\u2019inizio. Alla fine, serviva abitualmente una cena di fraternit\u00e0.<\/p>\n\n\n\n<p class=\"has-black-color has-text-color has-link-color has-small-font-size wp-elements-b3b288c99278b31aff1b65054009f090\">Il 7 ottobre 1960 fu, insieme a Rolando Perri Cefaly, Josefina Perri Cefaly de Carvalho, Walter Perri Cefaly e Pedro Perri, cofondatrice dell\u2019istituzione \u201cNosso Lar\u201d nel Jardim Planalto di Ara\u00e7atuba, ricoprendo la carica di vicepresidente. Questa istituzione fu inaugurata nel 1961 e, l\u2019anno successivo, fu aperta una seconda sede in un altro quartiere, la Casa Transit\u00f3ria. In entrambe le sedi si occupava delle persone bisognose, agiva come medium psicofonica e \u201cpassista\u201d e teneva lezioni di evangelizzazione. Avvi\u00f2 le Lezioni di Morale Cristiana Neio L\u00facio, che si tenevano la domenica mattina prima delle riunioni pubbliche dell\u2019istituzione \u201cNosso Lar\u201d. Incoraggi\u00f2 anche la fondazione del Gruppo Spiritista Giovanile \u201cIrma Ragazzi Martins\u201d.<\/p>\n\n\n\n<p class=\"has-black-color has-text-color has-link-color has-small-font-size wp-elements-112c4ed3539d2a6cefd94692c142aa82\">Dopo la sua morte, le fu reso omaggio dando il suo nome alla mensa sociale \u201cEm\u00edlia Santos\u201d, inaugurata il giorno del suo compleanno nel 1966. Durante la campagna per la costruzione di questa opera sociale fu stampato il fascicolo Gotas Espirituais, una raccolta di frasi spiritiste preparata dal signor Jos\u00e9 Rubens Braga da Silva.<\/p>\n\n\n\n<p class=\"has-black-color has-text-color has-link-color has-small-font-size wp-elements-fa293a70ccd77187d997fa71d2cf664c\">Nello stesso periodo, anche la vecchia via \u201cR\u201d, dove si trova l\u2019istituzione \u201cNosso Lar\u201d nel Jardim Planalto, fu intitolata a lei.<\/p>\n<\/div><\/div>\n\n\n\n<div class=\"wp-block-uagb-container uagb-block-0b5a0e02 alignfull uagb-is-root-container\"><div class=\"uagb-container-inner-blocks-wrap\"><\/div><\/div>\n\n\n\n<div class=\"wp-block-uagb-container uagb-block-e5a066e8 alignfull uagb-is-root-container\"><div class=\"uagb-container-inner-blocks-wrap\"><\/div><\/div>","protected":false},"excerpt":{"rendered":"<p>Em\u00edlia Santos Em\u00edlia Santos naci\u00f3 el 1 de enero de 1896 en la ciudad de Santa Maria da Vit\u00f3ria, BA, y falleci\u00f3 el 26\/09\/1964 en Ara\u00e7atuba, SP. Era hija de Jo\u00e3o Luiz dos Santos y Joana Ferreira de Souza y permaneci\u00f3 soltera. En Ara\u00e7atuba, en 1943, firm\u00f3 el acta de fundaci\u00f3n de la Alianza Esp\u00edrita [&hellip;]<\/p>","protected":false},"author":1,"featured_media":0,"parent":0,"menu_order":0,"comment_status":"closed","ping_status":"closed","template":"","meta":{"_uag_custom_page_level_css":"","site-sidebar-layout":"default","site-content-layout":"","ast-site-content-layout":"default","site-content-style":"default","site-sidebar-style":"default","ast-global-header-display":"","ast-banner-title-visibility":"","ast-main-header-display":"","ast-hfb-above-header-display":"","ast-hfb-below-header-display":"","ast-hfb-mobile-header-display":"","site-post-title":"disabled","ast-breadcrumbs-content":"","ast-featured-img":"","footer-sml-layout":"","theme-transparent-header-meta":"","adv-header-id-meta":"","stick-header-meta":"","header-above-stick-meta":"","header-main-stick-meta":"","header-below-stick-meta":"","astra-migrate-meta-layouts":"set","ast-page-background-enabled":"default","ast-page-background-meta":{"desktop":{"background-color":"var(--ast-global-color-4)","background-image":"","background-repeat":"repeat","background-position":"center center","background-size":"auto","background-attachment":"scroll","background-type":"","background-media":"","overlay-type":"","overlay-color":"","overlay-opacity":"","overlay-gradient":""},"tablet":{"background-color":"","background-image":"","background-repeat":"repeat","background-position":"center center","background-size":"auto","background-attachment":"scroll","background-type":"","background-media":"","overlay-type":"","overlay-color":"","overlay-opacity":"","overlay-gradient":""},"mobile":{"background-color":"","background-image":"","background-repeat":"repeat","background-position":"center center","background-size":"auto","background-attachment":"scroll","background-type":"","background-media":"","overlay-type":"","overlay-color":"","overlay-opacity":"","overlay-gradient":""}},"ast-content-background-meta":{"desktop":{"background-color":"var(--ast-global-color-5)","background-image":"","background-repeat":"repeat","background-position":"center center","background-size":"auto","background-attachment":"scroll","background-type":"","background-media":"","overlay-type":"","overlay-color":"","overlay-opacity":"","overlay-gradient":""},"tablet":{"background-color":"var(--ast-global-color-5)","background-image":"","background-repeat":"repeat","background-position":"center center","background-size":"auto","background-attachment":"scroll","background-type":"","background-media":"","overlay-type":"","overlay-color":"","overlay-opacity":"","overlay-gradient":""},"mobile":{"background-color":"var(--ast-global-color-5)","background-image":"","background-repeat":"repeat","background-position":"center center","background-size":"auto","background-attachment":"scroll","background-type":"","background-media":"","overlay-type":"","overlay-color":"","overlay-opacity":"","overlay-gradient":""}},"footnotes":""},"class_list":["post-8807","page","type-page","status-publish","hentry"],"yoast_head":"<!-- This site is optimized with the Yoast SEO Premium plugin v24.2 (Yoast SEO v24.6) - https:\/\/yoast.com\/wordpress\/plugins\/seo\/ -->\n<title>Em\u00edlia Santos - Uni\u00f3n Esp\u00edrita<\/title>\n<meta name=\"robots\" content=\"index, follow, max-snippet:-1, max-image-preview:large, max-video-preview:-1\" \/>\n<link rel=\"canonical\" href=\"https:\/\/nuevo-renacer.com\/it\/emilia-santos\/\" \/>\n<meta property=\"og:locale\" content=\"it_IT\" \/>\n<meta property=\"og:type\" content=\"article\" \/>\n<meta property=\"og:title\" content=\"Em\u00edlia Santos\" \/>\n<meta property=\"og:description\" content=\"Em\u00edlia Santos Em\u00edlia Santos naci\u00f3 el 1 de enero de 1896 en la ciudad de Santa Maria da Vit\u00f3ria, BA, y falleci\u00f3 el 26\/09\/1964 en Ara\u00e7atuba, SP. Era hija de Jo\u00e3o Luiz dos Santos y Joana Ferreira de Souza y permaneci\u00f3 soltera. En Ara\u00e7atuba, en 1943, firm\u00f3 el acta de fundaci\u00f3n de la Alianza Esp\u00edrita [&hellip;]\" \/>\n<meta property=\"og:url\" content=\"https:\/\/nuevo-renacer.com\/it\/emilia-santos\/\" \/>\n<meta property=\"og:site_name\" content=\"Uni\u00f3n Esp\u00edrita\" \/>\n<meta property=\"article:publisher\" content=\"https:\/\/www.facebook.com\/groups\/3431398063740829\" \/>\n<meta property=\"article:modified_time\" content=\"2026-03-12T10:34:22+00:00\" \/>\n<meta property=\"og:image\" content=\"https:\/\/nuevo-renacer.com\/wp-content\/uploads\/2026\/03\/Emilia-Santos.jpg\" \/>\n\t<meta property=\"og:image:width\" content=\"373\" \/>\n\t<meta property=\"og:image:height\" content=\"412\" \/>\n\t<meta property=\"og:image:type\" content=\"image\/jpeg\" \/>\n<meta name=\"twitter:card\" content=\"summary_large_image\" \/>\n<meta name=\"twitter:label1\" content=\"Tempo di lettura stimato\" \/>\n\t<meta name=\"twitter:data1\" content=\"4 minuti\" \/>\n<script type=\"application\/ld+json\" class=\"yoast-schema-graph\">{\"@context\":\"https:\/\/schema.org\",\"@graph\":[{\"@type\":\"WebPage\",\"@id\":\"https:\/\/nuevo-renacer.com\/emilia-santos\/\",\"url\":\"https:\/\/nuevo-renacer.com\/emilia-santos\/\",\"name\":\"Em\u00edlia Santos - Uni\u00f3n Esp\u00edrita\",\"isPartOf\":{\"@id\":\"https:\/\/nuevo-renacer.com\/#website\"},\"primaryImageOfPage\":{\"@id\":\"https:\/\/nuevo-renacer.com\/emilia-santos\/#primaryimage\"},\"image\":{\"@id\":\"https:\/\/nuevo-renacer.com\/emilia-santos\/#primaryimage\"},\"thumbnailUrl\":\"https:\/\/nuevo-renacer.com\/wp-content\/uploads\/2026\/03\/Emilia-Santos.jpg\",\"datePublished\":\"2026-03-12T10:34:19+00:00\",\"dateModified\":\"2026-03-12T10:34:22+00:00\",\"breadcrumb\":{\"@id\":\"https:\/\/nuevo-renacer.com\/emilia-santos\/#breadcrumb\"},\"inLanguage\":\"it-IT\",\"potentialAction\":[{\"@type\":\"ReadAction\",\"target\":[\"https:\/\/nuevo-renacer.com\/emilia-santos\/\"]}]},{\"@type\":\"ImageObject\",\"inLanguage\":\"it-IT\",\"@id\":\"https:\/\/nuevo-renacer.com\/emilia-santos\/#primaryimage\",\"url\":\"https:\/\/nuevo-renacer.com\/wp-content\/uploads\/2026\/03\/Emilia-Santos.jpg\",\"contentUrl\":\"https:\/\/nuevo-renacer.com\/wp-content\/uploads\/2026\/03\/Emilia-Santos.jpg\"},{\"@type\":\"BreadcrumbList\",\"@id\":\"https:\/\/nuevo-renacer.com\/emilia-santos\/#breadcrumb\",\"itemListElement\":[{\"@type\":\"ListItem\",\"position\":1,\"name\":\"Startseite\",\"item\":\"https:\/\/nuevo-renacer.com\/\"},{\"@type\":\"ListItem\",\"position\":2,\"name\":\"Em\u00edlia Santos\"}]},{\"@type\":\"WebSite\",\"@id\":\"https:\/\/nuevo-renacer.com\/#website\",\"url\":\"https:\/\/nuevo-renacer.com\/\",\"name\":\"Uni\u00f3n Esp\u00edrita\",\"description\":\"Nuevo Renacer\",\"publisher\":{\"@id\":\"https:\/\/nuevo-renacer.com\/#organization\"},\"potentialAction\":[{\"@type\":\"SearchAction\",\"target\":{\"@type\":\"EntryPoint\",\"urlTemplate\":\"https:\/\/nuevo-renacer.com\/?s={search_term_string}\"},\"query-input\":{\"@type\":\"PropertyValueSpecification\",\"valueRequired\":true,\"valueName\":\"search_term_string\"}}],\"inLanguage\":\"it-IT\"},{\"@type\":\"Organization\",\"@id\":\"https:\/\/nuevo-renacer.com\/#organization\",\"name\":\"UFEC\",\"url\":\"https:\/\/nuevo-renacer.com\/\",\"logo\":{\"@type\":\"ImageObject\",\"inLanguage\":\"it-IT\",\"@id\":\"https:\/\/nuevo-renacer.com\/#\/schema\/logo\/image\/\",\"url\":\"https:\/\/nuevo-renacer.com\/wp-content\/uploads\/2024\/05\/cropped-LOGO-TERMINADO1-3-3.png\",\"contentUrl\":\"https:\/\/nuevo-renacer.com\/wp-content\/uploads\/2024\/05\/cropped-LOGO-TERMINADO1-3-3.png\",\"width\":512,\"height\":512,\"caption\":\"UFEC\"},\"image\":{\"@id\":\"https:\/\/nuevo-renacer.com\/#\/schema\/logo\/image\/\"},\"sameAs\":[\"https:\/\/www.facebook.com\/groups\/3431398063740829\"]}]}<\/script>\n<!-- \/ Yoast SEO Premium plugin. -->","yoast_head_json":{"title":"Em\u00edlia Santos - Uni\u00f3n Esp\u00edrita","robots":{"index":"index","follow":"follow","max-snippet":"max-snippet:-1","max-image-preview":"max-image-preview:large","max-video-preview":"max-video-preview:-1"},"canonical":"https:\/\/nuevo-renacer.com\/it\/emilia-santos\/","og_locale":"it_IT","og_type":"article","og_title":"Em\u00edlia Santos","og_description":"Em\u00edlia Santos Em\u00edlia Santos naci\u00f3 el 1 de enero de 1896 en la ciudad de Santa Maria da Vit\u00f3ria, BA, y falleci\u00f3 el 26\/09\/1964 en Ara\u00e7atuba, SP. Era hija de Jo\u00e3o Luiz dos Santos y Joana Ferreira de Souza y permaneci\u00f3 soltera. En Ara\u00e7atuba, en 1943, firm\u00f3 el acta de fundaci\u00f3n de la Alianza Esp\u00edrita [&hellip;]","og_url":"https:\/\/nuevo-renacer.com\/it\/emilia-santos\/","og_site_name":"Uni\u00f3n Esp\u00edrita","article_publisher":"https:\/\/www.facebook.com\/groups\/3431398063740829","article_modified_time":"2026-03-12T10:34:22+00:00","og_image":[{"width":373,"height":412,"url":"https:\/\/nuevo-renacer.com\/wp-content\/uploads\/2026\/03\/Emilia-Santos.jpg","type":"image\/jpeg"}],"twitter_card":"summary_large_image","twitter_misc":{"Tempo di lettura stimato":"4 minuti"},"schema":{"@context":"https:\/\/schema.org","@graph":[{"@type":"WebPage","@id":"https:\/\/nuevo-renacer.com\/emilia-santos\/","url":"https:\/\/nuevo-renacer.com\/emilia-santos\/","name":"Em\u00edlia Santos - Uni\u00f3n Esp\u00edrita","isPartOf":{"@id":"https:\/\/nuevo-renacer.com\/#website"},"primaryImageOfPage":{"@id":"https:\/\/nuevo-renacer.com\/emilia-santos\/#primaryimage"},"image":{"@id":"https:\/\/nuevo-renacer.com\/emilia-santos\/#primaryimage"},"thumbnailUrl":"https:\/\/nuevo-renacer.com\/wp-content\/uploads\/2026\/03\/Emilia-Santos.jpg","datePublished":"2026-03-12T10:34:19+00:00","dateModified":"2026-03-12T10:34:22+00:00","breadcrumb":{"@id":"https:\/\/nuevo-renacer.com\/emilia-santos\/#breadcrumb"},"inLanguage":"it-IT","potentialAction":[{"@type":"ReadAction","target":["https:\/\/nuevo-renacer.com\/emilia-santos\/"]}]},{"@type":"ImageObject","inLanguage":"it-IT","@id":"https:\/\/nuevo-renacer.com\/emilia-santos\/#primaryimage","url":"https:\/\/nuevo-renacer.com\/wp-content\/uploads\/2026\/03\/Emilia-Santos.jpg","contentUrl":"https:\/\/nuevo-renacer.com\/wp-content\/uploads\/2026\/03\/Emilia-Santos.jpg"},{"@type":"BreadcrumbList","@id":"https:\/\/nuevo-renacer.com\/emilia-santos\/#breadcrumb","itemListElement":[{"@type":"ListItem","position":1,"name":"Startseite","item":"https:\/\/nuevo-renacer.com\/"},{"@type":"ListItem","position":2,"name":"Em\u00edlia Santos"}]},{"@type":"WebSite","@id":"https:\/\/nuevo-renacer.com\/#website","url":"https:\/\/nuevo-renacer.com\/","name":"Uni\u00f3n Esp\u00edrita","description":"Nuevo Renacer","publisher":{"@id":"https:\/\/nuevo-renacer.com\/#organization"},"potentialAction":[{"@type":"SearchAction","target":{"@type":"EntryPoint","urlTemplate":"https:\/\/nuevo-renacer.com\/?s={search_term_string}"},"query-input":{"@type":"PropertyValueSpecification","valueRequired":true,"valueName":"search_term_string"}}],"inLanguage":"it-IT"},{"@type":"Organization","@id":"https:\/\/nuevo-renacer.com\/#organization","name":"UFEC","url":"https:\/\/nuevo-renacer.com\/","logo":{"@type":"ImageObject","inLanguage":"it-IT","@id":"https:\/\/nuevo-renacer.com\/#\/schema\/logo\/image\/","url":"https:\/\/nuevo-renacer.com\/wp-content\/uploads\/2024\/05\/cropped-LOGO-TERMINADO1-3-3.png","contentUrl":"https:\/\/nuevo-renacer.com\/wp-content\/uploads\/2024\/05\/cropped-LOGO-TERMINADO1-3-3.png","width":512,"height":512,"caption":"UFEC"},"image":{"@id":"https:\/\/nuevo-renacer.com\/#\/schema\/logo\/image\/"},"sameAs":["https:\/\/www.facebook.com\/groups\/3431398063740829"]}]}},"uagb_featured_image_src":{"full":false,"thumbnail":false,"medium":false,"medium_large":false,"large":false,"1536x1536":false,"2048x2048":false,"trp-custom-language-flag":false},"uagb_author_info":{"display_name":"adbv0","author_link":"https:\/\/nuevo-renacer.com\/it\/author\/adbv0\/"},"uagb_comment_info":0,"uagb_excerpt":"Em\u00edlia Santos Em\u00edlia Santos naci\u00f3 el 1 de enero de 1896 en la ciudad de Santa Maria da Vit\u00f3ria, BA, y falleci\u00f3 el 26\/09\/1964 en Ara\u00e7atuba, SP. Era hija de Jo\u00e3o Luiz dos Santos y Joana Ferreira de Souza y permaneci\u00f3 soltera. En Ara\u00e7atuba, en 1943, firm\u00f3 el acta de fundaci\u00f3n de la Alianza Esp\u00edrita&hellip;","jetpack_sharing_enabled":true,"_links":{"self":[{"href":"https:\/\/nuevo-renacer.com\/it\/wp-json\/wp\/v2\/pages\/8807","targetHints":{"allow":["GET"]}}],"collection":[{"href":"https:\/\/nuevo-renacer.com\/it\/wp-json\/wp\/v2\/pages"}],"about":[{"href":"https:\/\/nuevo-renacer.com\/it\/wp-json\/wp\/v2\/types\/page"}],"author":[{"embeddable":true,"href":"https:\/\/nuevo-renacer.com\/it\/wp-json\/wp\/v2\/users\/1"}],"replies":[{"embeddable":true,"href":"https:\/\/nuevo-renacer.com\/it\/wp-json\/wp\/v2\/comments?post=8807"}],"version-history":[{"count":1,"href":"https:\/\/nuevo-renacer.com\/it\/wp-json\/wp\/v2\/pages\/8807\/revisions"}],"predecessor-version":[{"id":8809,"href":"https:\/\/nuevo-renacer.com\/it\/wp-json\/wp\/v2\/pages\/8807\/revisions\/8809"}],"wp:attachment":[{"href":"https:\/\/nuevo-renacer.com\/it\/wp-json\/wp\/v2\/media?parent=8807"}],"curies":[{"name":"wp","href":"https:\/\/api.w.org\/{rel}","templated":true}]}}