{"id":6133,"date":"2024-11-14T10:51:37","date_gmt":"2024-11-14T10:51:37","guid":{"rendered":"https:\/\/nuevo-renacer.com\/?page_id=6133"},"modified":"2024-11-14T11:53:58","modified_gmt":"2024-11-14T11:53:58","slug":"jose-pedro-de-freitas","status":"publish","type":"page","link":"https:\/\/nuevo-renacer.com\/it\/jose-pedro-de-freitas\/","title":{"rendered":"Jos\u00e9 Pedro de Freitas"},"content":{"rendered":"<div class=\"wp-block-uagb-container uagb-block-99ca398b alignfull uagb-is-root-container\"><div class=\"uagb-container-inner-blocks-wrap\">\n<p class=\"has-black-color has-text-color has-link-color has-medium-font-size wp-elements-1ae1c4cc5ea2072273a689917837fb41\"><strong>Jos\u00e9 Pedro de Freitas ( Z\u00e9 Arig\u00f3 ) 18.10.1921 &#8211; 11.01.1971<\/strong><\/p>\n<\/div><\/div>\n\n\n\n<div class=\"wp-block-uagb-container uagb-block-87129d50 alignfull uagb-is-root-container\"><div class=\"uagb-container-inner-blocks-wrap\">\n<figure class=\"wp-block-image size-full is-resized\"><img fetchpriority=\"high\" decoding=\"async\" width=\"300\" height=\"400\" src=\"https:\/\/nuevo-renacer.com\/wp-content\/uploads\/2024\/11\/310752.jpg\" alt=\"\" class=\"wp-image-6140\" style=\"width:253px;height:auto\" srcset=\"https:\/\/nuevo-renacer.com\/wp-content\/uploads\/2024\/11\/310752.jpg 300w, https:\/\/nuevo-renacer.com\/wp-content\/uploads\/2024\/11\/310752-225x300.jpg 225w, https:\/\/nuevo-renacer.com\/wp-content\/uploads\/2024\/11\/310752-9x12.jpg 9w\" sizes=\"(max-width: 300px) 100vw, 300px\" \/><\/figure>\n<\/div><\/div>\n\n\n\n<div class=\"wp-block-uagb-container uagb-block-07ecc2f3 alignfull uagb-is-root-container\"><div class=\"uagb-container-inner-blocks-wrap\">\n<p class=\"has-black-color has-text-color has-link-color has-small-font-size wp-elements-a42b621725ca76707c24a0f61f6a7975\">Z\u00e9 Arig\u00f3 trabaj\u00f3  como jornalero agr\u00edcola y camionero. Ser\u00eda dif\u00edcil imaginarlo como cirujano.<\/p>\n\n\n\n<p class=\"has-black-color has-text-color has-link-color has-small-font-size wp-elements-892c312a7417d3b38efcb13f7557252a\">Arig\u00f3, uno de los ocho hijos de un terrateniente, naci\u00f3 el 18 de octubre de 1921. Aunque tuvo una infancia normal, afirma haber sido perseguido por una luz muy brillante que casi le deja ciego. Luego empez\u00f3 a o\u00edr una voz que hablaba una lengua extranjera.<\/p>\n\n\n\n<p class=\"has-black-color has-text-color has-link-color has-small-font-size wp-elements-365b509136986dc3b022704b6f9629b6\">A los 25 a\u00f1os se cas\u00f3 con Arlete Andr\u00e9, su prima cuarta, y abandon\u00f3 la casa paterna para trabajar en una mina de hierro.<\/p>\n\n\n\n<p class=\"has-black-color has-text-color has-link-color has-small-font-size wp-elements-12f506dd397fcf773700b9abae16b802\">A medida que iban llegando sus hijos, uno tras otro, Arig\u00f3 empez\u00f3 a tener muchas pesadillas y fuertes dolores de cabeza. En sus sue\u00f1os, siempre o\u00eda la misma voz gutural, en un idioma que no entend\u00eda. Una noche, tuvo un sue\u00f1o claro. Estaba en un quir\u00f3fano, entre m\u00e9dicos y enfermeras vestidos con ropas viejas, reunidos en torno a un paciente. Dirig\u00eda la operaci\u00f3n un hombre robusto y calvo cuya voz le resultaba muy familiar.<\/p>\n\n\n\n<p class=\"has-black-color has-text-color has-link-color has-small-font-size wp-elements-6fa955f985b9f7f6bfcbccd63444d685\">Noche tras noche, el mismo sue\u00f1o se repet\u00eda y, al cabo de un tiempo, la figura en el centro de la pesadilla se presentaba como el doctor Adolpho Fritz, un m\u00e9dico alem\u00e1n que se hab\u00eda desencarnado durante la Primera Guerra Mundial, sin terminar su trabajo en la Tierra. Le dijo a Arig\u00f3 que le hab\u00eda elegido como m\u00e9dium para llevar a cabo su trabajo. Otros esp\u00edritus que hab\u00edan sido m\u00e9dicos encarnados tambi\u00e9n le ayudar\u00edan. Arig\u00f3 deb\u00eda dedicarse a la tarea de curar a los enfermos y afligidos.<\/p>\n\n\n\n<div class=\"wp-block-uagb-container uagb-block-06c0792f\">\n<figure class=\"wp-block-image size-full is-resized\"><img decoding=\"async\" width=\"236\" height=\"336\" src=\"https:\/\/nuevo-renacer.com\/wp-content\/uploads\/2024\/11\/Fritz-1.webp\" alt=\"\" class=\"wp-image-6150\" style=\"width:236px;height:auto\" srcset=\"https:\/\/nuevo-renacer.com\/wp-content\/uploads\/2024\/11\/Fritz-1.webp 236w, https:\/\/nuevo-renacer.com\/wp-content\/uploads\/2024\/11\/Fritz-1-211x300.webp 211w, https:\/\/nuevo-renacer.com\/wp-content\/uploads\/2024\/11\/Fritz-1-8x12.webp 8w\" sizes=\"(max-width: 236px) 100vw, 236px\" \/><figcaption class=\"wp-element-caption\">Dr. Adolpho Fritz<\/figcaption><\/figure>\n<\/div>\n\n\n\n<p class=\"has-black-color has-text-color has-link-color has-small-font-size wp-elements-a0d9aec736b8a1c0fc84def37feea6f5\">Al despertarse asustado, Arig\u00f3 salt\u00f3 de la cama y sali\u00f3 corriendo a la calle, gritando y desnudo. Sus familiares y vecinos lo llevaron cuidadosamente a casa, vi\u00e9ndole llorar copiosamente. Los m\u00e9dicos ordenaron an\u00e1lisis cl\u00ednicos y psicol\u00f3gicos, cuyos resultados mostraron que era completamente normal, pero las pesadillas y los dolores de cabeza continuaron. El p\u00e1rroco del pueblo intent\u00f3 ayudarle con sesiones de exorcismo (cre\u00eda que Arig\u00f3 estaba pose\u00eddo por un demonio), pero no hubo resultados.<\/p>\n\n\n\n<p class=\"has-black-color has-text-color has-link-color has-small-font-size wp-elements-a8391b294eb94e0c73f7010a25566c23\">Presionado por la desagradable situaci\u00f3n, Arig\u00f3 decidi\u00f3 cumplir las peticiones que le hab\u00eda hecho en sue\u00f1os el m\u00e9dico alem\u00e1n. Tras encontrarse con un amigo lisiado que ten\u00eda que utilizar muletas para caminar, Arig\u00f3 se encontr\u00f3 de repente gritando:<\/p>\n\n\n\n<p class=\"has-black-color has-text-color has-link-color has-small-font-size wp-elements-6596d6c10868e6a72f9eca49c7115736\">&#8211; \u00a1Ya es hora de que te quites estas muletas!<\/p>\n\n\n\n<p class=\"has-black-color has-text-color has-link-color has-small-font-size wp-elements-1d362169ed3665d398b7b41929c83b99\">Y tirando de ellas, orden\u00f3 al hombre que caminara, cosa que hizo, y sigui\u00f3 caminando perfectamente desde aquel d\u00eda.<\/p>\n\n\n\n<p class=\"has-black-color has-text-color has-link-color has-small-font-size wp-elements-b28e96e4a61cc33a2a785c29c162620b\">Sucedi\u00f3 que, en aquel momento, un senador brasile\u00f1o, L\u00facio Bittencourt, estaba haciendo campa\u00f1a en aquel distrito electoral para presentarse a la reelecci\u00f3n, y tambi\u00e9n para la elecci\u00f3n de Get\u00falio Vargas, candidato del Partido Laborista Brasile\u00f1o a la Presidencia de la Rep\u00fablica. Los m\u00e9dicos hab\u00edan diagnosticado a L\u00facio Bittencourt un c\u00e1ncer de pulm\u00f3n y le aconsejaron que se operara inmediatamente, preferiblemente en Estados Unidos. En realidad, ten\u00edan pocas esperanzas de \u00e9xito.<\/p>\n\n\n\n<div class=\"wp-block-uagb-container uagb-block-cba02733\">\n<figure class=\"wp-block-image size-full is-resized\"><img decoding=\"async\" width=\"200\" height=\"285\" src=\"https:\/\/nuevo-renacer.com\/wp-content\/uploads\/2024\/11\/lossy-page1-200px-Senador_Carlos_Alberto_Lucio_Bittencourt.tif-1.jpg\" alt=\"\" class=\"wp-image-6153\" style=\"width:206px;height:auto\" srcset=\"https:\/\/nuevo-renacer.com\/wp-content\/uploads\/2024\/11\/lossy-page1-200px-Senador_Carlos_Alberto_Lucio_Bittencourt.tif-1.jpg 200w, https:\/\/nuevo-renacer.com\/wp-content\/uploads\/2024\/11\/lossy-page1-200px-Senador_Carlos_Alberto_Lucio_Bittencourt.tif-1-8x12.jpg 8w\" sizes=\"(max-width: 200px) 100vw, 200px\" \/><figcaption class=\"wp-element-caption\">Carlos Alberto L\u00facio Bittencourt<\/figcaption><\/figure>\n<\/div>\n\n\n\n<p class=\"has-black-color has-text-color has-link-color has-small-font-size wp-elements-3c2745523e992eeaaf7d2372ab00c2be\">Decidi\u00f3 posponer la operaci\u00f3n hasta despu\u00e9s de la campa\u00f1a electoral y, cuando fue a Congonhas do Campo, conoci\u00f3 a Arig\u00f3, que ya hab\u00eda sido dirigente sindical, e, impresionado por su magnetismo, le invit\u00f3 a participar en un mitin en Belo Horizonte, donde se alojaron en el mismo hotel.<\/p>\n\n\n\n<p class=\"has-black-color has-text-color has-link-color has-small-font-size wp-elements-3dac7c5d793245dfe0d0a90f275ebefa\">M\u00e1s tarde, cuando L\u00facio Bittencourt estaba tumbado en la cama, pensativo y preocupado por su enfermedad, vio abrirse lentamente la puerta de la habitaci\u00f3n. Una figura oscura, que parec\u00eda ser la de Arig\u00f3, entr\u00f3 en la habitaci\u00f3n y encendi\u00f3 la luz. Era Arig\u00f3, de pie, inm\u00f3vil, con una navaja abierta en la mano. Aturdido, el senador intent\u00f3 incorporarse, pero una extra\u00f1a debilidad se apoder\u00f3 de \u00e9l y cay\u00f3 de espaldas. Todo se volvi\u00f3 confuso y finalmente se hizo de noche. A la ma\u00f1ana siguiente, cuando se despert\u00f3, se dio cuenta de que la chaqueta de su pijama estaba rota por detr\u00e1s y cubierta de sangre ya coagulada. El c\u00e1ncer hab\u00eda sido extirpado y, como se confirm\u00f3 m\u00e1s tarde, el senador estaba completamente curado.<\/p>\n\n\n\n<p class=\"has-black-color has-text-color has-link-color has-small-font-size wp-elements-4e76b8aa7911f3650b996080c54a123e\">A pesar de la persecuci\u00f3n de la Iglesia y las autoridades, Arig\u00f3 fund\u00f3 una cl\u00ednica donde trataba gratuitamente hasta doscientas personas al d\u00eda.<\/p>\n\n\n\n<p class=\"has-black-color has-text-color has-link-color has-small-font-size wp-elements-2d7a7d37c28ec6850cd8a49a2b89461a\">Dos cient\u00edficos norteamericanos (el Dr. Puharich y el Dr. Belk) vinieron especialmente para estudiar y comprobar los fen\u00f3menos con Arig\u00f3, acompa\u00f1ados por dos int\u00e9rpretes de la Universidad de R\u00edo de Janeiro.<\/p>\n\n\n\n<div class=\"wp-block-uagb-container uagb-block-1a2bb3aa\">\n<figure class=\"wp-block-image size-full\"><img loading=\"lazy\" decoding=\"async\" width=\"400\" height=\"316\" src=\"https:\/\/nuevo-renacer.com\/wp-content\/uploads\/2024\/11\/Andrija-Puharich-operado-e-William-Belk.jpg\" alt=\"\" class=\"wp-image-6146\" srcset=\"https:\/\/nuevo-renacer.com\/wp-content\/uploads\/2024\/11\/Andrija-Puharich-operado-e-William-Belk.jpg 400w, https:\/\/nuevo-renacer.com\/wp-content\/uploads\/2024\/11\/Andrija-Puharich-operado-e-William-Belk-300x237.jpg 300w, https:\/\/nuevo-renacer.com\/wp-content\/uploads\/2024\/11\/Andrija-Puharich-operado-e-William-Belk-15x12.jpg 15w\" sizes=\"(max-width: 400px) 100vw, 400px\" \/><figcaption class=\"wp-element-caption\">El Dr. Andrija Puharich, segundos despu\u00e9s de la operaci\u00f3n realizada por el esp\u00edritu Dr. Fritz, a trav\u00e9s del m\u00e9dium Jos\u00e9 Arig\u00f3. A su lado, el investigador William Belk, Presidente de la Fundaci\u00f3n Belk.<\/figcaption><\/figure>\n<\/div>\n\n\n\n<p class=\"has-black-color has-text-color has-link-color has-small-font-size wp-elements-486ec5f4c7dd81e63f43338ffb3bbaa5\">Jorge Rizzini, conocido investigador espiritista brasile\u00f1o, se ofreci\u00f3 a filmar cualquier cosa que los americanos considerasen una prueba concluyente. Pero, \u00bfc\u00f3mo encontrar algo inmediatamente cre\u00edble que convenciera incluso a los espectadores m\u00e1s esc\u00e9pticos?<\/p>\n\n\n\n<p class=\"has-black-color has-text-color has-link-color has-small-font-size wp-elements-2ed08fbb434d3c6a98ab6351208a64c0\">El Dr. Puahrich padec\u00eda desde hac\u00eda m\u00e1s de siete a\u00f1os un tumor no maligno, un lipoma, en el interior del codo izquierdo que, aunque indoloro, resultaba molesto. Una operaci\u00f3n normal habr\u00eda tardado unos 20 minutos en extirparlo. Tras una angustiosa indecisi\u00f3n, el Dr. Puahrich decidi\u00f3 pedir a Arig\u00f3 que le extirpara el lipoma. Se hicieron todos los preparativos para la filmaci\u00f3n del acto.<\/p>\n\n\n\n<p class=\"has-black-color has-text-color has-link-color has-small-font-size wp-elements-6c1b0c394895289317fbffb23918bf5e\">Cuando Puahrich lleg\u00f3 a la cl\u00ednica a la ma\u00f1ana siguiente, Arig\u00f3 se dirigi\u00f3 a los pacientes, que ya llenaban la sala, y pregunt\u00f3:<\/p>\n\n\n\n<p class=\"has-black-color has-text-color has-link-color has-small-font-size wp-elements-ad4845a17a0996b9e85316619a67a453\">&#8211; \u00bfAlguien tiene una buena navaja brasile\u00f1a para usar con este americano?<\/p>\n\n\n\n<p class=\"has-black-color has-text-color has-link-color has-small-font-size wp-elements-8d66b13917868cf1cf976762d0dffbd5\">Aunque horrorizado, Puahrich ya no pod\u00eda echarse atr\u00e1s. Aparecieron cuchillos por todos lados. Arig\u00f3 eligi\u00f3 uno y se volvi\u00f3 hacia el paciente:<\/p>\n\n\n\n<p class=\"has-black-color has-text-color has-link-color has-small-font-size wp-elements-06b31f3210e4eb8eba469a8cde908f95\">&#8211; S\u00fabase la manga, doctor.<\/p>\n\n\n\n<p class=\"has-black-color has-text-color has-link-color has-small-font-size wp-elements-99dd102f16bf48860cbfc58eb9bfdcfe\">Nervioso, el americano comprob\u00f3 la colocaci\u00f3n de la c\u00e1mara. Rizzini se posicion\u00f3 para el disparo.<\/p>\n\n\n\n<p class=\"has-black-color has-text-color has-link-color has-small-font-size wp-elements-16dbbd27464c2a06ed0668d08601c2ff\">&#8211; \u00a1Mire hacia all\u00ed! &#8211; recomend\u00f3 Arig\u00f3.<\/p>\n\n\n\n<p class=\"has-black-color has-text-color has-link-color has-small-font-size wp-elements-340be292978916c952a3caa8e8ba9fb3\">Unos segundos despu\u00e9s, Puahrich sinti\u00f3 algo blando en la palma de la mano, junto con la navaja. Era el lipoma. Se mir\u00f3 el brazo y se dio cuenta de que la parte donde hab\u00eda estado el tumor se hab\u00eda hinchado por completo. S\u00f3lo hab\u00eda una peque\u00f1a incisi\u00f3n, de menos de cinco cent\u00edmetros, y una peque\u00f1a cantidad de sangre. El americano s\u00f3lo experiment\u00f3 una vaga sensaci\u00f3n y declar\u00f3 despu\u00e9s:<\/p>\n\n\n\n<p class=\"has-black-color has-text-color has-link-color has-small-font-size wp-elements-16630545d030d698738f582128cbcbdc\">&#8211; No sent\u00ed nada. No pod\u00eda creer lo que hab\u00eda sucedido y, sin embargo, hab\u00eda sucedido, porque no cabe ninguna duda.<\/p>\n\n\n\n<p class=\"has-black-color has-text-color has-link-color has-small-font-size wp-elements-3c3c408fa58ab17b59cfbf4809ba4647\">La operaci\u00f3n no fue seguida de ninguna infecci\u00f3n y la herida cicatriz\u00f3 por completo. La pel\u00edcula de Rizzini era muy clara y mostraba que la operaci\u00f3n hab\u00eda durado s\u00f3lo cinco segundos. Los americanos no tuvieron m\u00e1s dudas y quedaron totalmente convencidos de la veracidad del fen\u00f3meno.<\/p>\n\n\n\n<p class=\"has-black-color has-text-color has-link-color has-small-font-size wp-elements-372be34db46514273f25226f2530057c\">Arig\u00f3 sigui\u00f3 ejerciendo la medicina sin aceptar nunca pago alguno por sus servicios.<\/p>\n\n\n\n<p class=\"has-black-color has-text-color has-link-color has-small-font-size wp-elements-db02ccd009bf9ee3c7425114cab2adf1\">Muchos personajes famosos tuvieron contacto con Arig\u00f3, entre ellos la hija de Juscelino Kubitschek. A pesar de todos los beneficios que Arig\u00f3 aport\u00f3 a sus semejantes, fue encarcelado dos veces acusado de charlatanismo, pero continu\u00f3 con su misi\u00f3n.<\/p>\n\n\n\n<div class=\"wp-block-uagb-container uagb-block-6f3a7d85\">\n<figure class=\"wp-block-image size-full is-resized\"><img loading=\"lazy\" decoding=\"async\" width=\"377\" height=\"400\" src=\"https:\/\/nuevo-renacer.com\/wp-content\/uploads\/2024\/11\/ArigoPreso.jpg\" alt=\"\" class=\"wp-image-6143\" style=\"width:253px;height:auto\" srcset=\"https:\/\/nuevo-renacer.com\/wp-content\/uploads\/2024\/11\/ArigoPreso.jpg 377w, https:\/\/nuevo-renacer.com\/wp-content\/uploads\/2024\/11\/ArigoPreso-283x300.jpg 283w, https:\/\/nuevo-renacer.com\/wp-content\/uploads\/2024\/11\/ArigoPreso-11x12.jpg 11w\" sizes=\"(max-width: 377px) 100vw, 377px\" \/><\/figure>\n<\/div>\n\n\n\n<p class=\"has-black-color has-text-color has-link-color has-small-font-size wp-elements-cb1c336bd242619e1ee8ba8b853bd090\">Arig\u00f3 tuvo un sue\u00f1o en el que predijo que pronto pasar\u00eda al reino espiritual a trav\u00e9s de una muerte violenta. El 11 de junio de 1971, estaba en la cl\u00ednica como de costumbre, pero dijo a sus pacientes que ten\u00eda que ir a un pueblo vecino a recoger un coche de segunda mano que acababa de comprar.<\/p>\n\n\n\n<p class=\"has-black-color has-text-color has-link-color has-small-font-size wp-elements-1ec8bb9263117735ceebd83994e87f8c\">Y a las 12.23 horas del 11 de enero de 1971, el m\u00e9dium Z\u00e9 Arig\u00f3, cuando regresaba de una granja cerca de Congonhas do Campo &#8211; MG, fue golpeado por una enfermedad repentina que le hizo perder s\u00fabitamente el control de su coche Opala que, yendo en direcci\u00f3n contraria, choc\u00f3 frontalmente contra un veh\u00edculo DNER. En la violencia de la colisi\u00f3n, perdi\u00f3 la vida a consecuencia de un traumatismo craneoencef\u00e1lico. El valiente Arig\u00f3, que durante dos d\u00e9cadas cur\u00f3 o alivi\u00f3 las enfermedades y dolencias de miles de pacientes, pas\u00f3 as\u00ed al mundo de los esp\u00edritus.<\/p>\n<\/div><\/div>\n\n\n\n<div class=\"wp-block-uagb-container uagb-block-023de2f8 alignfull uagb-is-root-container\"><div class=\"uagb-container-inner-blocks-wrap\"><\/div><\/div>\n\n\n\n<div class=\"wp-block-uagb-container uagb-block-84b3c7d3 alignfull uagb-is-root-container\"><div class=\"uagb-container-inner-blocks-wrap\"><\/div><\/div>","protected":false},"excerpt":{"rendered":"<p>Jos\u00e9 Pedro de Freitas ( Z\u00e9 Arig\u00f3 ) 18.10.1921 &#8211; 11.01.1971 Z\u00e9 Arig\u00f3 trabaj\u00f3 como jornalero agr\u00edcola y camionero. Ser\u00eda dif\u00edcil imaginarlo como cirujano. Arig\u00f3, uno de los ocho hijos de un terrateniente, naci\u00f3 el 18 de octubre de 1921. Aunque tuvo una infancia normal, afirma haber sido perseguido por una luz muy brillante que [&hellip;]<\/p>","protected":false},"author":1,"featured_media":0,"parent":0,"menu_order":0,"comment_status":"closed","ping_status":"closed","template":"","meta":{"_uag_custom_page_level_css":"","site-sidebar-layout":"default","site-content-layout":"","ast-site-content-layout":"default","site-content-style":"default","site-sidebar-style":"default","ast-global-header-display":"","ast-banner-title-visibility":"","ast-main-header-display":"","ast-hfb-above-header-display":"","ast-hfb-below-header-display":"","ast-hfb-mobile-header-display":"","site-post-title":"disabled","ast-breadcrumbs-content":"","ast-featured-img":"","footer-sml-layout":"","theme-transparent-header-meta":"","adv-header-id-meta":"","stick-header-meta":"","header-above-stick-meta":"","header-main-stick-meta":"","header-below-stick-meta":"","astra-migrate-meta-layouts":"set","ast-page-background-enabled":"default","ast-page-background-meta":{"desktop":{"background-color":"var(--ast-global-color-4)","background-image":"","background-repeat":"repeat","background-position":"center center","background-size":"auto","background-attachment":"scroll","background-type":"","background-media":"","overlay-type":"","overlay-color":"","overlay-opacity":"","overlay-gradient":""},"tablet":{"background-color":"","background-image":"","background-repeat":"repeat","background-position":"center center","background-size":"auto","background-attachment":"scroll","background-type":"","background-media":"","overlay-type":"","overlay-color":"","overlay-opacity":"","overlay-gradient":""},"mobile":{"background-color":"","background-image":"","background-repeat":"repeat","background-position":"center center","background-size":"auto","background-attachment":"scroll","background-type":"","background-media":"","overlay-type":"","overlay-color":"","overlay-opacity":"","overlay-gradient":""}},"ast-content-background-meta":{"desktop":{"background-color":"var(--ast-global-color-5)","background-image":"","background-repeat":"repeat","background-position":"center center","background-size":"auto","background-attachment":"scroll","background-type":"","background-media":"","overlay-type":"","overlay-color":"","overlay-opacity":"","overlay-gradient":""},"tablet":{"background-color":"var(--ast-global-color-5)","background-image":"","background-repeat":"repeat","background-position":"center center","background-size":"auto","background-attachment":"scroll","background-type":"","background-media":"","overlay-type":"","overlay-color":"","overlay-opacity":"","overlay-gradient":""},"mobile":{"background-color":"var(--ast-global-color-5)","background-image":"","background-repeat":"repeat","background-position":"center center","background-size":"auto","background-attachment":"scroll","background-type":"","background-media":"","overlay-type":"","overlay-color":"","overlay-opacity":"","overlay-gradient":""}},"footnotes":""},"class_list":["post-6133","page","type-page","status-publish","hentry"],"yoast_head":"<!-- This site is optimized with the Yoast SEO Premium plugin v24.2 (Yoast SEO v24.6) - https:\/\/yoast.com\/wordpress\/plugins\/seo\/ -->\n<title>Jos\u00e9 Pedro de Freitas - Uni\u00f3n Esp\u00edrita<\/title>\n<meta name=\"robots\" content=\"index, follow, max-snippet:-1, max-image-preview:large, max-video-preview:-1\" \/>\n<link rel=\"canonical\" href=\"https:\/\/nuevo-renacer.com\/it\/jose-pedro-de-freitas\/\" \/>\n<meta property=\"og:locale\" content=\"it_IT\" \/>\n<meta property=\"og:type\" content=\"article\" \/>\n<meta property=\"og:title\" content=\"Jos\u00e9 Pedro de Freitas\" \/>\n<meta property=\"og:description\" content=\"Jos\u00e9 Pedro de Freitas ( Z\u00e9 Arig\u00f3 ) 18.10.1921 &#8211; 11.01.1971 Z\u00e9 Arig\u00f3 trabaj\u00f3 como jornalero agr\u00edcola y camionero. Ser\u00eda dif\u00edcil imaginarlo como cirujano. Arig\u00f3, uno de los ocho hijos de un terrateniente, naci\u00f3 el 18 de octubre de 1921. Aunque tuvo una infancia normal, afirma haber sido perseguido por una luz muy brillante que [&hellip;]\" \/>\n<meta property=\"og:url\" content=\"https:\/\/nuevo-renacer.com\/it\/jose-pedro-de-freitas\/\" \/>\n<meta property=\"og:site_name\" content=\"Uni\u00f3n Esp\u00edrita\" \/>\n<meta property=\"article:publisher\" content=\"https:\/\/www.facebook.com\/groups\/3431398063740829\" \/>\n<meta property=\"article:modified_time\" content=\"2024-11-14T11:53:58+00:00\" \/>\n<meta property=\"og:image\" content=\"https:\/\/nuevo-renacer.com\/wp-content\/uploads\/2024\/11\/310752.jpg\" \/>\n\t<meta property=\"og:image:width\" content=\"300\" \/>\n\t<meta property=\"og:image:height\" content=\"400\" \/>\n\t<meta property=\"og:image:type\" content=\"image\/jpeg\" \/>\n<meta name=\"twitter:card\" content=\"summary_large_image\" \/>\n<meta name=\"twitter:label1\" content=\"Tempo di lettura stimato\" \/>\n\t<meta name=\"twitter:data1\" content=\"7 minuti\" \/>\n<script type=\"application\/ld+json\" class=\"yoast-schema-graph\">{\"@context\":\"https:\/\/schema.org\",\"@graph\":[{\"@type\":\"WebPage\",\"@id\":\"https:\/\/nuevo-renacer.com\/jose-pedro-de-freitas\/\",\"url\":\"https:\/\/nuevo-renacer.com\/jose-pedro-de-freitas\/\",\"name\":\"Jos\u00e9 Pedro de Freitas - Uni\u00f3n Esp\u00edrita\",\"isPartOf\":{\"@id\":\"https:\/\/nuevo-renacer.com\/#website\"},\"primaryImageOfPage\":{\"@id\":\"https:\/\/nuevo-renacer.com\/jose-pedro-de-freitas\/#primaryimage\"},\"image\":{\"@id\":\"https:\/\/nuevo-renacer.com\/jose-pedro-de-freitas\/#primaryimage\"},\"thumbnailUrl\":\"https:\/\/nuevo-renacer.com\/wp-content\/uploads\/2024\/11\/310752.jpg\",\"datePublished\":\"2024-11-14T10:51:37+00:00\",\"dateModified\":\"2024-11-14T11:53:58+00:00\",\"breadcrumb\":{\"@id\":\"https:\/\/nuevo-renacer.com\/jose-pedro-de-freitas\/#breadcrumb\"},\"inLanguage\":\"it-IT\",\"potentialAction\":[{\"@type\":\"ReadAction\",\"target\":[\"https:\/\/nuevo-renacer.com\/jose-pedro-de-freitas\/\"]}]},{\"@type\":\"ImageObject\",\"inLanguage\":\"it-IT\",\"@id\":\"https:\/\/nuevo-renacer.com\/jose-pedro-de-freitas\/#primaryimage\",\"url\":\"https:\/\/nuevo-renacer.com\/wp-content\/uploads\/2024\/11\/310752.jpg\",\"contentUrl\":\"https:\/\/nuevo-renacer.com\/wp-content\/uploads\/2024\/11\/310752.jpg\"},{\"@type\":\"BreadcrumbList\",\"@id\":\"https:\/\/nuevo-renacer.com\/jose-pedro-de-freitas\/#breadcrumb\",\"itemListElement\":[{\"@type\":\"ListItem\",\"position\":1,\"name\":\"Startseite\",\"item\":\"https:\/\/nuevo-renacer.com\/\"},{\"@type\":\"ListItem\",\"position\":2,\"name\":\"Jos\u00e9 Pedro de Freitas\"}]},{\"@type\":\"WebSite\",\"@id\":\"https:\/\/nuevo-renacer.com\/#website\",\"url\":\"https:\/\/nuevo-renacer.com\/\",\"name\":\"Uni\u00f3n Esp\u00edrita\",\"description\":\"Nuevo Renacer\",\"publisher\":{\"@id\":\"https:\/\/nuevo-renacer.com\/#organization\"},\"potentialAction\":[{\"@type\":\"SearchAction\",\"target\":{\"@type\":\"EntryPoint\",\"urlTemplate\":\"https:\/\/nuevo-renacer.com\/?s={search_term_string}\"},\"query-input\":{\"@type\":\"PropertyValueSpecification\",\"valueRequired\":true,\"valueName\":\"search_term_string\"}}],\"inLanguage\":\"it-IT\"},{\"@type\":\"Organization\",\"@id\":\"https:\/\/nuevo-renacer.com\/#organization\",\"name\":\"UFEC\",\"url\":\"https:\/\/nuevo-renacer.com\/\",\"logo\":{\"@type\":\"ImageObject\",\"inLanguage\":\"it-IT\",\"@id\":\"https:\/\/nuevo-renacer.com\/#\/schema\/logo\/image\/\",\"url\":\"https:\/\/nuevo-renacer.com\/wp-content\/uploads\/2024\/05\/cropped-LOGO-TERMINADO1-3-3.png\",\"contentUrl\":\"https:\/\/nuevo-renacer.com\/wp-content\/uploads\/2024\/05\/cropped-LOGO-TERMINADO1-3-3.png\",\"width\":512,\"height\":512,\"caption\":\"UFEC\"},\"image\":{\"@id\":\"https:\/\/nuevo-renacer.com\/#\/schema\/logo\/image\/\"},\"sameAs\":[\"https:\/\/www.facebook.com\/groups\/3431398063740829\"]}]}<\/script>\n<!-- \/ Yoast SEO Premium plugin. -->","yoast_head_json":{"title":"Jos\u00e9 Pedro de Freitas - Uni\u00f3n Esp\u00edrita","robots":{"index":"index","follow":"follow","max-snippet":"max-snippet:-1","max-image-preview":"max-image-preview:large","max-video-preview":"max-video-preview:-1"},"canonical":"https:\/\/nuevo-renacer.com\/it\/jose-pedro-de-freitas\/","og_locale":"it_IT","og_type":"article","og_title":"Jos\u00e9 Pedro de Freitas","og_description":"Jos\u00e9 Pedro de Freitas ( Z\u00e9 Arig\u00f3 ) 18.10.1921 &#8211; 11.01.1971 Z\u00e9 Arig\u00f3 trabaj\u00f3 como jornalero agr\u00edcola y camionero. Ser\u00eda dif\u00edcil imaginarlo como cirujano. Arig\u00f3, uno de los ocho hijos de un terrateniente, naci\u00f3 el 18 de octubre de 1921. Aunque tuvo una infancia normal, afirma haber sido perseguido por una luz muy brillante que [&hellip;]","og_url":"https:\/\/nuevo-renacer.com\/it\/jose-pedro-de-freitas\/","og_site_name":"Uni\u00f3n Esp\u00edrita","article_publisher":"https:\/\/www.facebook.com\/groups\/3431398063740829","article_modified_time":"2024-11-14T11:53:58+00:00","og_image":[{"width":300,"height":400,"url":"https:\/\/nuevo-renacer.com\/wp-content\/uploads\/2024\/11\/310752.jpg","type":"image\/jpeg"}],"twitter_card":"summary_large_image","twitter_misc":{"Tempo di lettura stimato":"7 minuti"},"schema":{"@context":"https:\/\/schema.org","@graph":[{"@type":"WebPage","@id":"https:\/\/nuevo-renacer.com\/jose-pedro-de-freitas\/","url":"https:\/\/nuevo-renacer.com\/jose-pedro-de-freitas\/","name":"Jos\u00e9 Pedro de Freitas - Uni\u00f3n Esp\u00edrita","isPartOf":{"@id":"https:\/\/nuevo-renacer.com\/#website"},"primaryImageOfPage":{"@id":"https:\/\/nuevo-renacer.com\/jose-pedro-de-freitas\/#primaryimage"},"image":{"@id":"https:\/\/nuevo-renacer.com\/jose-pedro-de-freitas\/#primaryimage"},"thumbnailUrl":"https:\/\/nuevo-renacer.com\/wp-content\/uploads\/2024\/11\/310752.jpg","datePublished":"2024-11-14T10:51:37+00:00","dateModified":"2024-11-14T11:53:58+00:00","breadcrumb":{"@id":"https:\/\/nuevo-renacer.com\/jose-pedro-de-freitas\/#breadcrumb"},"inLanguage":"it-IT","potentialAction":[{"@type":"ReadAction","target":["https:\/\/nuevo-renacer.com\/jose-pedro-de-freitas\/"]}]},{"@type":"ImageObject","inLanguage":"it-IT","@id":"https:\/\/nuevo-renacer.com\/jose-pedro-de-freitas\/#primaryimage","url":"https:\/\/nuevo-renacer.com\/wp-content\/uploads\/2024\/11\/310752.jpg","contentUrl":"https:\/\/nuevo-renacer.com\/wp-content\/uploads\/2024\/11\/310752.jpg"},{"@type":"BreadcrumbList","@id":"https:\/\/nuevo-renacer.com\/jose-pedro-de-freitas\/#breadcrumb","itemListElement":[{"@type":"ListItem","position":1,"name":"Startseite","item":"https:\/\/nuevo-renacer.com\/"},{"@type":"ListItem","position":2,"name":"Jos\u00e9 Pedro de Freitas"}]},{"@type":"WebSite","@id":"https:\/\/nuevo-renacer.com\/#website","url":"https:\/\/nuevo-renacer.com\/","name":"Uni\u00f3n Esp\u00edrita","description":"Nuevo Renacer","publisher":{"@id":"https:\/\/nuevo-renacer.com\/#organization"},"potentialAction":[{"@type":"SearchAction","target":{"@type":"EntryPoint","urlTemplate":"https:\/\/nuevo-renacer.com\/?s={search_term_string}"},"query-input":{"@type":"PropertyValueSpecification","valueRequired":true,"valueName":"search_term_string"}}],"inLanguage":"it-IT"},{"@type":"Organization","@id":"https:\/\/nuevo-renacer.com\/#organization","name":"UFEC","url":"https:\/\/nuevo-renacer.com\/","logo":{"@type":"ImageObject","inLanguage":"it-IT","@id":"https:\/\/nuevo-renacer.com\/#\/schema\/logo\/image\/","url":"https:\/\/nuevo-renacer.com\/wp-content\/uploads\/2024\/05\/cropped-LOGO-TERMINADO1-3-3.png","contentUrl":"https:\/\/nuevo-renacer.com\/wp-content\/uploads\/2024\/05\/cropped-LOGO-TERMINADO1-3-3.png","width":512,"height":512,"caption":"UFEC"},"image":{"@id":"https:\/\/nuevo-renacer.com\/#\/schema\/logo\/image\/"},"sameAs":["https:\/\/www.facebook.com\/groups\/3431398063740829"]}]}},"uagb_featured_image_src":{"full":false,"thumbnail":false,"medium":false,"medium_large":false,"large":false,"1536x1536":false,"2048x2048":false,"trp-custom-language-flag":false},"uagb_author_info":{"display_name":"adbv0","author_link":"https:\/\/nuevo-renacer.com\/it\/author\/adbv0\/"},"uagb_comment_info":0,"uagb_excerpt":"Jos\u00e9 Pedro de Freitas ( Z\u00e9 Arig\u00f3 ) 18.10.1921 &#8211; 11.01.1971 Z\u00e9 Arig\u00f3 trabaj\u00f3 como jornalero agr\u00edcola y camionero. Ser\u00eda dif\u00edcil imaginarlo como cirujano. Arig\u00f3, uno de los ocho hijos de un terrateniente, naci\u00f3 el 18 de octubre de 1921. Aunque tuvo una infancia normal, afirma haber sido perseguido por una luz muy brillante que&hellip;","jetpack_sharing_enabled":true,"_links":{"self":[{"href":"https:\/\/nuevo-renacer.com\/it\/wp-json\/wp\/v2\/pages\/6133","targetHints":{"allow":["GET"]}}],"collection":[{"href":"https:\/\/nuevo-renacer.com\/it\/wp-json\/wp\/v2\/pages"}],"about":[{"href":"https:\/\/nuevo-renacer.com\/it\/wp-json\/wp\/v2\/types\/page"}],"author":[{"embeddable":true,"href":"https:\/\/nuevo-renacer.com\/it\/wp-json\/wp\/v2\/users\/1"}],"replies":[{"embeddable":true,"href":"https:\/\/nuevo-renacer.com\/it\/wp-json\/wp\/v2\/comments?post=6133"}],"version-history":[{"count":8,"href":"https:\/\/nuevo-renacer.com\/it\/wp-json\/wp\/v2\/pages\/6133\/revisions"}],"predecessor-version":[{"id":6155,"href":"https:\/\/nuevo-renacer.com\/it\/wp-json\/wp\/v2\/pages\/6133\/revisions\/6155"}],"wp:attachment":[{"href":"https:\/\/nuevo-renacer.com\/it\/wp-json\/wp\/v2\/media?parent=6133"}],"curies":[{"name":"wp","href":"https:\/\/api.w.org\/{rel}","templated":true}]}}