{"id":8807,"date":"2026-03-12T10:34:19","date_gmt":"2026-03-12T10:34:19","guid":{"rendered":"https:\/\/nuevo-renacer.com\/?page_id=8807"},"modified":"2026-03-12T10:34:22","modified_gmt":"2026-03-12T10:34:22","slug":"emilia-santos","status":"publish","type":"page","link":"https:\/\/nuevo-renacer.com\/fr\/emilia-santos\/","title":{"rendered":"Em\u00edlia Santos"},"content":{"rendered":"<div class=\"wp-block-uagb-container uagb-block-524c18d3 alignfull uagb-is-root-container\"><div class=\"uagb-container-inner-blocks-wrap\">\n<p class=\"has-black-color has-text-color has-link-color has-medium-font-size wp-elements-4d692865b8b71a3e7e96f45ef7ff1277\"><strong>Em\u00edlia Santos<\/strong><\/p>\n<\/div><\/div>\n\n\n\n<div class=\"wp-block-uagb-container uagb-block-5c59decc alignfull uagb-is-root-container\"><div class=\"uagb-container-inner-blocks-wrap\">\n<figure class=\"wp-block-image size-full is-resized\"><img fetchpriority=\"high\" decoding=\"async\" width=\"373\" height=\"412\" src=\"https:\/\/nuevo-renacer.com\/wp-content\/uploads\/2026\/03\/Emilia-Santos.jpg\" alt=\"\" class=\"wp-image-8808\" style=\"aspect-ratio:0.9053756680289218;width:296px;height:auto\" srcset=\"https:\/\/nuevo-renacer.com\/wp-content\/uploads\/2026\/03\/Emilia-Santos.jpg 373w, https:\/\/nuevo-renacer.com\/wp-content\/uploads\/2026\/03\/Emilia-Santos-272x300.jpg 272w, https:\/\/nuevo-renacer.com\/wp-content\/uploads\/2026\/03\/Emilia-Santos-11x12.jpg 11w\" sizes=\"(max-width: 373px) 100vw, 373px\" \/><\/figure>\n<\/div><\/div>\n\n\n\n<div class=\"wp-block-uagb-container uagb-block-e92e4b58 alignfull uagb-is-root-container\"><div class=\"uagb-container-inner-blocks-wrap\">\n<p class=\"has-black-color has-text-color has-link-color has-small-font-size wp-elements-289acdb1086011e6060203c3d4a83df5\">Em\u00edlia Santos est n\u00e9e le 1er janvier 1896 dans la ville de Santa Maria da Vit\u00f3ria, BA, et est d\u00e9c\u00e9d\u00e9e le 26 septembre 1964 \u00e0 Ara\u00e7atuba, SP. Elle \u00e9tait la fille de Jo\u00e3o Luiz dos Santos et Joana Ferreira de Souza et est rest\u00e9e c\u00e9libataire.<\/p>\n\n\n\n<p class=\"has-black-color has-text-color has-link-color has-small-font-size wp-elements-8b48e1d9268f854afcf7dec63621c9d4\">Em\u00edlia Santos est n\u00e9e le 1er janvier 1896 dans la ville de Santa Maria da Vit\u00f3ria, BA, et est d\u00e9c\u00e9d\u00e9e le 26 septembre 1964 \u00e0 Ara\u00e7atuba, SP. Elle \u00e9tait la fille de Jo\u00e3o Luiz dos Santos et Joana Ferreira de Souza et est rest\u00e9e c\u00e9libataire.<\/p>\n\n\n\n<p class=\"has-black-color has-text-color has-link-color has-small-font-size wp-elements-6fdbc385c36190ea5b771c678222d9d0\">Em\u00edlia Santos vendait des articles pour la table, le lit et des v\u00eatements dans sa maison et, souvent, directement au domicile des clients, en utilisant les charrettes traditionnelles typiques d\u2019Ara\u00e7atuba. Elle \u00e9tait extr\u00eamement charitable. De nombreuses personnes la sollicitaient \u00e0 Ara\u00e7atuba pour obtenir un mot de r\u00e9confort, des conseils ou un passe spirituel. Elle r\u00e9alisait des p\u00e8lerinages hebdomadaires et distribuait des collations aux familles n\u00e9cessiteuses. Dans les ann\u00e9es 1950, elle organisait des collations \u00e0 l\u2019occasion de l\u2019anniversaire de son p\u00e8re (\u00ab jour de la Saint-Jean \u00bb) et \u00e0 No\u00ebl, qu\u2019elle distribuait dans des institutions sociales, \u00e0 la prison et au Santa Casa d\u2019Ara\u00e7atuba.<\/p>\n\n\n\n<p class=\"has-black-color has-text-color has-link-color has-small-font-size wp-elements-deeb8794a090d32d251576f32c82f3bc\">Jo\u00e3o Luiz dos Santos, le p\u00e8re d\u2019Em\u00edlia, a v\u00e9cu au si\u00e8cle dernier dans l\u2019int\u00e9rieur de la Bahia, o\u00f9 il \u00e9tait impliqu\u00e9 en politique. Il \u00e9tait l\u2019esprit communicant le plus fr\u00e9quent \u00e0 travers la m\u00e9diumnit\u00e9 de sa fille. Comme on le disait \u00e0 l\u2019\u00e9poque, il \u00e9tait son mentor. Naturellement, il a particip\u00e9 \u00e0 l\u2019orientation du groupe qui s\u2019est form\u00e9 et qui a donn\u00e9 naissance aux institutions mentionn\u00e9es pr\u00e9c\u00e9demment.<\/p>\n\n\n\n<p class=\"has-black-color has-text-color has-link-color has-small-font-size wp-elements-07e0dcc25bdefeb378661d0472034856\">\u00c0 diff\u00e9rentes p\u00e9riodes de sa vie, elle a tent\u00e9 d\u2019enseigner le Spiritisme aux enfants. On trouve des articles occasionnels de sa plume dans la presse spirite, comme \u00ab Amor Fraternal \u00bb dans le Mensageiro do \u00d3rf\u00e3o de S\u00e3o Manoel, du 15 octobre 1943.<\/p>\n\n\n\n<p class=\"has-black-color has-text-color has-link-color has-small-font-size wp-elements-c232bf84ece61777c400a700a7855089\">Le 30 d\u00e9cembre 1959, elle a fond\u00e9 avec Rolando Perri Cefaly, dans sa maison, le Groupe d\u2019\u00c9tudes \u00c9vang\u00e9liques \u00ab Jo\u00e3o Luiz dos Santos \u00bb, qui se r\u00e9unissait le vendredi. \u00c0 cette \u00e9poque, chaque nouveau livre psychographi\u00e9 de Chico Xavier \u00e9tait lu avec grand int\u00e9r\u00eat. Accompagn\u00e9e de sa m\u00e8re et de ses oncles, elle a eu la chance, enfant, de participer \u00e0 ces r\u00e9unions d\u00e8s le d\u00e9but. \u00c0 la fin, elle servait habituellement un d\u00eener de fraternisation.<\/p>\n\n\n\n<p class=\"has-black-color has-text-color has-link-color has-small-font-size wp-elements-b3b288c99278b31aff1b65054009f090\">Le 7 octobre 1960, elle a \u00e9t\u00e9, avec Rolando Perri Cefaly, Josefina Perri Cefaly de Carvalho, Walter Perri Cefaly et Pedro Perri, cofondatrice de l\u2019institution \u00ab Nosso Lar \u00bb dans le Jardim Planalto \u00e0 Ara\u00e7atuba, occupant le poste de vice-pr\u00e9sidente. Cette institution a \u00e9t\u00e9 inaugur\u00e9e en 1961, et un an plus tard, une deuxi\u00e8me antenne a \u00e9t\u00e9 \u00e9tablie dans un autre quartier, la Casa Transit\u00f3ria. Dans les deux \u00e9tablissements, elle s\u2019occupait des personnes dans le besoin, agissait comme m\u00e9dium psychophonique et passeuse, et donnait des cours d\u2019\u00e9vang\u00e9lisation. Elle a fond\u00e9 les Cours de Morale Chr\u00e9tienne Neio L\u00facio, qui avaient lieu le dimanche matin avant les r\u00e9unions publiques de l\u2019institution \u00ab Nosso Lar \u00bb. Elle a \u00e9galement encourag\u00e9 la fondation de la Jeunesse Spirite \u00ab Irma Ragazzi Martins \u00bb.<\/p>\n\n\n\n<p class=\"has-black-color has-text-color has-link-color has-small-font-size wp-elements-112c4ed3539d2a6cefd94692c142aa82\">Apr\u00e8s son d\u00e9c\u00e8s, elle a \u00e9t\u00e9 honor\u00e9e en donnant son nom \u00e0 la soupe populaire \u00ab Em\u00edlia Santos \u00bb, inaugur\u00e9e le jour de son anniversaire en 1966. Pendant la campagne pour la construction de cette \u0153uvre sociale, le fascicule Gotas Espirituais, une compilation de phrases spirites pr\u00e9par\u00e9e par M. Jos\u00e9 Rubens Braga da Silva, a \u00e9t\u00e9 publi\u00e9.<\/p>\n\n\n\n<p class=\"has-black-color has-text-color has-link-color has-small-font-size wp-elements-fa293a70ccd77187d997fa71d2cf664c\">\u00c0 la m\u00eame \u00e9poque, l\u2019ancienne rue \u00ab R \u00bb, o\u00f9 se trouve l\u2019institution \u00ab Nosso Lar \u00bb dans le Jardim Planalto, a \u00e9galement re\u00e7u son nom.<\/p>\n<\/div><\/div>\n\n\n\n<div class=\"wp-block-uagb-container uagb-block-0b5a0e02 alignfull uagb-is-root-container\"><div class=\"uagb-container-inner-blocks-wrap\"><\/div><\/div>\n\n\n\n<div class=\"wp-block-uagb-container uagb-block-e5a066e8 alignfull uagb-is-root-container\"><div class=\"uagb-container-inner-blocks-wrap\"><\/div><\/div>","protected":false},"excerpt":{"rendered":"<p>Em\u00edlia Santos Em\u00edlia Santos naci\u00f3 el 1 de enero de 1896 en la ciudad de Santa Maria da Vit\u00f3ria, BA, y falleci\u00f3 el 26\/09\/1964 en Ara\u00e7atuba, SP. Era hija de Jo\u00e3o Luiz dos Santos y Joana Ferreira de Souza y permaneci\u00f3 soltera. En Ara\u00e7atuba, en 1943, firm\u00f3 el acta de fundaci\u00f3n de la Alianza Esp\u00edrita [&hellip;]<\/p>","protected":false},"author":1,"featured_media":0,"parent":0,"menu_order":0,"comment_status":"closed","ping_status":"closed","template":"","meta":{"_uag_custom_page_level_css":"","site-sidebar-layout":"default","site-content-layout":"","ast-site-content-layout":"default","site-content-style":"default","site-sidebar-style":"default","ast-global-header-display":"","ast-banner-title-visibility":"","ast-main-header-display":"","ast-hfb-above-header-display":"","ast-hfb-below-header-display":"","ast-hfb-mobile-header-display":"","site-post-title":"disabled","ast-breadcrumbs-content":"","ast-featured-img":"","footer-sml-layout":"","theme-transparent-header-meta":"","adv-header-id-meta":"","stick-header-meta":"","header-above-stick-meta":"","header-main-stick-meta":"","header-below-stick-meta":"","astra-migrate-meta-layouts":"set","ast-page-background-enabled":"default","ast-page-background-meta":{"desktop":{"background-color":"var(--ast-global-color-4)","background-image":"","background-repeat":"repeat","background-position":"center center","background-size":"auto","background-attachment":"scroll","background-type":"","background-media":"","overlay-type":"","overlay-color":"","overlay-opacity":"","overlay-gradient":""},"tablet":{"background-color":"","background-image":"","background-repeat":"repeat","background-position":"center center","background-size":"auto","background-attachment":"scroll","background-type":"","background-media":"","overlay-type":"","overlay-color":"","overlay-opacity":"","overlay-gradient":""},"mobile":{"background-color":"","background-image":"","background-repeat":"repeat","background-position":"center center","background-size":"auto","background-attachment":"scroll","background-type":"","background-media":"","overlay-type":"","overlay-color":"","overlay-opacity":"","overlay-gradient":""}},"ast-content-background-meta":{"desktop":{"background-color":"var(--ast-global-color-5)","background-image":"","background-repeat":"repeat","background-position":"center center","background-size":"auto","background-attachment":"scroll","background-type":"","background-media":"","overlay-type":"","overlay-color":"","overlay-opacity":"","overlay-gradient":""},"tablet":{"background-color":"var(--ast-global-color-5)","background-image":"","background-repeat":"repeat","background-position":"center center","background-size":"auto","background-attachment":"scroll","background-type":"","background-media":"","overlay-type":"","overlay-color":"","overlay-opacity":"","overlay-gradient":""},"mobile":{"background-color":"var(--ast-global-color-5)","background-image":"","background-repeat":"repeat","background-position":"center center","background-size":"auto","background-attachment":"scroll","background-type":"","background-media":"","overlay-type":"","overlay-color":"","overlay-opacity":"","overlay-gradient":""}},"footnotes":""},"class_list":["post-8807","page","type-page","status-publish","hentry"],"yoast_head":"<!-- This site is optimized with the Yoast SEO Premium plugin v24.2 (Yoast SEO v24.6) - https:\/\/yoast.com\/wordpress\/plugins\/seo\/ -->\n<title>Em\u00edlia Santos - Uni\u00f3n Esp\u00edrita<\/title>\n<meta name=\"robots\" content=\"index, follow, max-snippet:-1, max-image-preview:large, max-video-preview:-1\" \/>\n<link rel=\"canonical\" href=\"https:\/\/nuevo-renacer.com\/fr\/emilia-santos\/\" \/>\n<meta property=\"og:locale\" content=\"fr_FR\" \/>\n<meta property=\"og:type\" content=\"article\" \/>\n<meta property=\"og:title\" content=\"Em\u00edlia Santos\" \/>\n<meta property=\"og:description\" content=\"Em\u00edlia Santos Em\u00edlia Santos naci\u00f3 el 1 de enero de 1896 en la ciudad de Santa Maria da Vit\u00f3ria, BA, y falleci\u00f3 el 26\/09\/1964 en Ara\u00e7atuba, SP. Era hija de Jo\u00e3o Luiz dos Santos y Joana Ferreira de Souza y permaneci\u00f3 soltera. En Ara\u00e7atuba, en 1943, firm\u00f3 el acta de fundaci\u00f3n de la Alianza Esp\u00edrita [&hellip;]\" \/>\n<meta property=\"og:url\" content=\"https:\/\/nuevo-renacer.com\/fr\/emilia-santos\/\" \/>\n<meta property=\"og:site_name\" content=\"Uni\u00f3n Esp\u00edrita\" \/>\n<meta property=\"article:publisher\" content=\"https:\/\/www.facebook.com\/groups\/3431398063740829\" \/>\n<meta property=\"article:modified_time\" content=\"2026-03-12T10:34:22+00:00\" \/>\n<meta property=\"og:image\" content=\"https:\/\/nuevo-renacer.com\/wp-content\/uploads\/2026\/03\/Emilia-Santos.jpg\" \/>\n\t<meta property=\"og:image:width\" content=\"373\" \/>\n\t<meta property=\"og:image:height\" content=\"412\" \/>\n\t<meta property=\"og:image:type\" content=\"image\/jpeg\" \/>\n<meta name=\"twitter:card\" content=\"summary_large_image\" \/>\n<meta name=\"twitter:label1\" content=\"Dur\u00e9e de lecture estim\u00e9e\" \/>\n\t<meta name=\"twitter:data1\" content=\"4 minutes\" \/>\n<script type=\"application\/ld+json\" class=\"yoast-schema-graph\">{\"@context\":\"https:\/\/schema.org\",\"@graph\":[{\"@type\":\"WebPage\",\"@id\":\"https:\/\/nuevo-renacer.com\/emilia-santos\/\",\"url\":\"https:\/\/nuevo-renacer.com\/emilia-santos\/\",\"name\":\"Em\u00edlia Santos - Uni\u00f3n Esp\u00edrita\",\"isPartOf\":{\"@id\":\"https:\/\/nuevo-renacer.com\/#website\"},\"primaryImageOfPage\":{\"@id\":\"https:\/\/nuevo-renacer.com\/emilia-santos\/#primaryimage\"},\"image\":{\"@id\":\"https:\/\/nuevo-renacer.com\/emilia-santos\/#primaryimage\"},\"thumbnailUrl\":\"https:\/\/nuevo-renacer.com\/wp-content\/uploads\/2026\/03\/Emilia-Santos.jpg\",\"datePublished\":\"2026-03-12T10:34:19+00:00\",\"dateModified\":\"2026-03-12T10:34:22+00:00\",\"breadcrumb\":{\"@id\":\"https:\/\/nuevo-renacer.com\/emilia-santos\/#breadcrumb\"},\"inLanguage\":\"fr-FR\",\"potentialAction\":[{\"@type\":\"ReadAction\",\"target\":[\"https:\/\/nuevo-renacer.com\/emilia-santos\/\"]}]},{\"@type\":\"ImageObject\",\"inLanguage\":\"fr-FR\",\"@id\":\"https:\/\/nuevo-renacer.com\/emilia-santos\/#primaryimage\",\"url\":\"https:\/\/nuevo-renacer.com\/wp-content\/uploads\/2026\/03\/Emilia-Santos.jpg\",\"contentUrl\":\"https:\/\/nuevo-renacer.com\/wp-content\/uploads\/2026\/03\/Emilia-Santos.jpg\"},{\"@type\":\"BreadcrumbList\",\"@id\":\"https:\/\/nuevo-renacer.com\/emilia-santos\/#breadcrumb\",\"itemListElement\":[{\"@type\":\"ListItem\",\"position\":1,\"name\":\"Startseite\",\"item\":\"https:\/\/nuevo-renacer.com\/\"},{\"@type\":\"ListItem\",\"position\":2,\"name\":\"Em\u00edlia Santos\"}]},{\"@type\":\"WebSite\",\"@id\":\"https:\/\/nuevo-renacer.com\/#website\",\"url\":\"https:\/\/nuevo-renacer.com\/\",\"name\":\"Uni\u00f3n Esp\u00edrita\",\"description\":\"Nuevo Renacer\",\"publisher\":{\"@id\":\"https:\/\/nuevo-renacer.com\/#organization\"},\"potentialAction\":[{\"@type\":\"SearchAction\",\"target\":{\"@type\":\"EntryPoint\",\"urlTemplate\":\"https:\/\/nuevo-renacer.com\/?s={search_term_string}\"},\"query-input\":{\"@type\":\"PropertyValueSpecification\",\"valueRequired\":true,\"valueName\":\"search_term_string\"}}],\"inLanguage\":\"fr-FR\"},{\"@type\":\"Organization\",\"@id\":\"https:\/\/nuevo-renacer.com\/#organization\",\"name\":\"UFEC\",\"url\":\"https:\/\/nuevo-renacer.com\/\",\"logo\":{\"@type\":\"ImageObject\",\"inLanguage\":\"fr-FR\",\"@id\":\"https:\/\/nuevo-renacer.com\/#\/schema\/logo\/image\/\",\"url\":\"https:\/\/nuevo-renacer.com\/wp-content\/uploads\/2024\/05\/cropped-LOGO-TERMINADO1-3-3.png\",\"contentUrl\":\"https:\/\/nuevo-renacer.com\/wp-content\/uploads\/2024\/05\/cropped-LOGO-TERMINADO1-3-3.png\",\"width\":512,\"height\":512,\"caption\":\"UFEC\"},\"image\":{\"@id\":\"https:\/\/nuevo-renacer.com\/#\/schema\/logo\/image\/\"},\"sameAs\":[\"https:\/\/www.facebook.com\/groups\/3431398063740829\"]}]}<\/script>\n<!-- \/ Yoast SEO Premium plugin. -->","yoast_head_json":{"title":"Em\u00edlia Santos - Uni\u00f3n Esp\u00edrita","robots":{"index":"index","follow":"follow","max-snippet":"max-snippet:-1","max-image-preview":"max-image-preview:large","max-video-preview":"max-video-preview:-1"},"canonical":"https:\/\/nuevo-renacer.com\/fr\/emilia-santos\/","og_locale":"fr_FR","og_type":"article","og_title":"Em\u00edlia Santos","og_description":"Em\u00edlia Santos Em\u00edlia Santos naci\u00f3 el 1 de enero de 1896 en la ciudad de Santa Maria da Vit\u00f3ria, BA, y falleci\u00f3 el 26\/09\/1964 en Ara\u00e7atuba, SP. Era hija de Jo\u00e3o Luiz dos Santos y Joana Ferreira de Souza y permaneci\u00f3 soltera. En Ara\u00e7atuba, en 1943, firm\u00f3 el acta de fundaci\u00f3n de la Alianza Esp\u00edrita [&hellip;]","og_url":"https:\/\/nuevo-renacer.com\/fr\/emilia-santos\/","og_site_name":"Uni\u00f3n Esp\u00edrita","article_publisher":"https:\/\/www.facebook.com\/groups\/3431398063740829","article_modified_time":"2026-03-12T10:34:22+00:00","og_image":[{"width":373,"height":412,"url":"https:\/\/nuevo-renacer.com\/wp-content\/uploads\/2026\/03\/Emilia-Santos.jpg","type":"image\/jpeg"}],"twitter_card":"summary_large_image","twitter_misc":{"Dur\u00e9e de lecture estim\u00e9e":"4 minutes"},"schema":{"@context":"https:\/\/schema.org","@graph":[{"@type":"WebPage","@id":"https:\/\/nuevo-renacer.com\/emilia-santos\/","url":"https:\/\/nuevo-renacer.com\/emilia-santos\/","name":"Em\u00edlia Santos - Uni\u00f3n Esp\u00edrita","isPartOf":{"@id":"https:\/\/nuevo-renacer.com\/#website"},"primaryImageOfPage":{"@id":"https:\/\/nuevo-renacer.com\/emilia-santos\/#primaryimage"},"image":{"@id":"https:\/\/nuevo-renacer.com\/emilia-santos\/#primaryimage"},"thumbnailUrl":"https:\/\/nuevo-renacer.com\/wp-content\/uploads\/2026\/03\/Emilia-Santos.jpg","datePublished":"2026-03-12T10:34:19+00:00","dateModified":"2026-03-12T10:34:22+00:00","breadcrumb":{"@id":"https:\/\/nuevo-renacer.com\/emilia-santos\/#breadcrumb"},"inLanguage":"fr-FR","potentialAction":[{"@type":"ReadAction","target":["https:\/\/nuevo-renacer.com\/emilia-santos\/"]}]},{"@type":"ImageObject","inLanguage":"fr-FR","@id":"https:\/\/nuevo-renacer.com\/emilia-santos\/#primaryimage","url":"https:\/\/nuevo-renacer.com\/wp-content\/uploads\/2026\/03\/Emilia-Santos.jpg","contentUrl":"https:\/\/nuevo-renacer.com\/wp-content\/uploads\/2026\/03\/Emilia-Santos.jpg"},{"@type":"BreadcrumbList","@id":"https:\/\/nuevo-renacer.com\/emilia-santos\/#breadcrumb","itemListElement":[{"@type":"ListItem","position":1,"name":"Startseite","item":"https:\/\/nuevo-renacer.com\/"},{"@type":"ListItem","position":2,"name":"Em\u00edlia Santos"}]},{"@type":"WebSite","@id":"https:\/\/nuevo-renacer.com\/#website","url":"https:\/\/nuevo-renacer.com\/","name":"Uni\u00f3n Esp\u00edrita","description":"Nuevo Renacer","publisher":{"@id":"https:\/\/nuevo-renacer.com\/#organization"},"potentialAction":[{"@type":"SearchAction","target":{"@type":"EntryPoint","urlTemplate":"https:\/\/nuevo-renacer.com\/?s={search_term_string}"},"query-input":{"@type":"PropertyValueSpecification","valueRequired":true,"valueName":"search_term_string"}}],"inLanguage":"fr-FR"},{"@type":"Organization","@id":"https:\/\/nuevo-renacer.com\/#organization","name":"UFEC","url":"https:\/\/nuevo-renacer.com\/","logo":{"@type":"ImageObject","inLanguage":"fr-FR","@id":"https:\/\/nuevo-renacer.com\/#\/schema\/logo\/image\/","url":"https:\/\/nuevo-renacer.com\/wp-content\/uploads\/2024\/05\/cropped-LOGO-TERMINADO1-3-3.png","contentUrl":"https:\/\/nuevo-renacer.com\/wp-content\/uploads\/2024\/05\/cropped-LOGO-TERMINADO1-3-3.png","width":512,"height":512,"caption":"UFEC"},"image":{"@id":"https:\/\/nuevo-renacer.com\/#\/schema\/logo\/image\/"},"sameAs":["https:\/\/www.facebook.com\/groups\/3431398063740829"]}]}},"uagb_featured_image_src":{"full":false,"thumbnail":false,"medium":false,"medium_large":false,"large":false,"1536x1536":false,"2048x2048":false,"trp-custom-language-flag":false},"uagb_author_info":{"display_name":"adbv0","author_link":"https:\/\/nuevo-renacer.com\/fr\/author\/adbv0\/"},"uagb_comment_info":0,"uagb_excerpt":"Em\u00edlia Santos Em\u00edlia Santos naci\u00f3 el 1 de enero de 1896 en la ciudad de Santa Maria da Vit\u00f3ria, BA, y falleci\u00f3 el 26\/09\/1964 en Ara\u00e7atuba, SP. Era hija de Jo\u00e3o Luiz dos Santos y Joana Ferreira de Souza y permaneci\u00f3 soltera. En Ara\u00e7atuba, en 1943, firm\u00f3 el acta de fundaci\u00f3n de la Alianza Esp\u00edrita\u2026","jetpack_sharing_enabled":true,"_links":{"self":[{"href":"https:\/\/nuevo-renacer.com\/fr\/wp-json\/wp\/v2\/pages\/8807","targetHints":{"allow":["GET"]}}],"collection":[{"href":"https:\/\/nuevo-renacer.com\/fr\/wp-json\/wp\/v2\/pages"}],"about":[{"href":"https:\/\/nuevo-renacer.com\/fr\/wp-json\/wp\/v2\/types\/page"}],"author":[{"embeddable":true,"href":"https:\/\/nuevo-renacer.com\/fr\/wp-json\/wp\/v2\/users\/1"}],"replies":[{"embeddable":true,"href":"https:\/\/nuevo-renacer.com\/fr\/wp-json\/wp\/v2\/comments?post=8807"}],"version-history":[{"count":1,"href":"https:\/\/nuevo-renacer.com\/fr\/wp-json\/wp\/v2\/pages\/8807\/revisions"}],"predecessor-version":[{"id":8809,"href":"https:\/\/nuevo-renacer.com\/fr\/wp-json\/wp\/v2\/pages\/8807\/revisions\/8809"}],"wp:attachment":[{"href":"https:\/\/nuevo-renacer.com\/fr\/wp-json\/wp\/v2\/media?parent=8807"}],"curies":[{"name":"wp","href":"https:\/\/api.w.org\/{rel}","templated":true}]}}