{"id":5882,"date":"2024-11-06T13:55:59","date_gmt":"2024-11-06T13:55:59","guid":{"rendered":"https:\/\/nuevo-renacer.com\/?page_id=5882"},"modified":"2024-11-06T13:56:28","modified_gmt":"2024-11-06T13:56:28","slug":"carlos-norberto-fontinovo","status":"publish","type":"page","link":"https:\/\/nuevo-renacer.com\/fr\/carlos-norberto-fontinovo\/","title":{"rendered":"Carlos Norberto Fontinovo"},"content":{"rendered":"<div class=\"wp-block-uagb-container uagb-block-1165b5e6 alignfull uagb-is-root-container\"><div class=\"uagb-container-inner-blocks-wrap\">\n<p class=\"has-black-color has-text-color has-link-color has-medium-font-size wp-elements-42e4d76ae6ae692b4b7f75102b184da3\"><strong>Carlos Norberto Fontinovo<\/strong><\/p>\n<\/div><\/div>\n\n\n\n<div class=\"wp-block-uagb-container uagb-block-7cd93827 alignfull uagb-is-root-container\"><div class=\"uagb-container-inner-blocks-wrap\">\n<figure class=\"wp-block-image size-full is-resized\"><img fetchpriority=\"high\" decoding=\"async\" width=\"274\" height=\"295\" src=\"https:\/\/nuevo-renacer.com\/wp-content\/uploads\/2024\/11\/Screenshot-212.png\" alt=\"\" class=\"wp-image-5883\" style=\"width:257px;height:auto\" srcset=\"https:\/\/nuevo-renacer.com\/wp-content\/uploads\/2024\/11\/Screenshot-212.png 274w, https:\/\/nuevo-renacer.com\/wp-content\/uploads\/2024\/11\/Screenshot-212-11x12.png 11w\" sizes=\"(max-width: 274px) 100vw, 274px\" \/><\/figure>\n<\/div><\/div>\n\n\n\n<div class=\"wp-block-uagb-container uagb-block-78e87231 alignfull uagb-is-root-container\"><div class=\"uagb-container-inner-blocks-wrap\">\n<p class=\"has-black-color has-text-color has-link-color has-small-font-size wp-elements-7f450053393b8bcf2450dc7d73162156\">Carlos Norberto Fontinovo est n\u00e9 dans la Ville de Buenos Aires le 29 avril 1936. Sa famille s&#039;installe dans la Villa du Parc, puis dans la For\u00eat. Il \u00e9tait un enfant unique et avec sa famille, de petits, de participer \u00e0 la Soci\u00e9t\u00e9 \u201cla Lumi\u00e8re et de la Justice et de la Charit\u00e9\u201d.<\/p>\n\n\n\n<p class=\"has-black-color has-text-color has-link-color has-small-font-size wp-elements-b2481f1e64f93a3c2840df5ba2edabda\">\u00c0 partir d&#039;un tr\u00e8s jeune \u00e2ge, il a travaill\u00e9 pour l&#039;Id\u00e9al Spirite et dans l&#039;ann\u00e9e 1959, avec d&#039;autres jeunes form\u00e9s dans leur Groupement de la soci\u00e9t\u00e9 des Enfants et des jeunes, les Jeunes \u201cL\u00e9on Denis\u201d, dont il a \u00e9t\u00e9 le premier Pr\u00e9sident.<\/p>\n\n\n\n<p class=\"has-black-color has-text-color has-link-color has-small-font-size wp-elements-e99560f92ea6848a3bea0701dae70c19\">En 1960, avec d&#039;autres contemporains, \u00e0 la CEA, a donn\u00e9 vie \u00e0 la F\u00e9d\u00e9ration Spirite de la Jeunesse Argentine -FEJA - dans laquelle il a travaill\u00e9 de mani\u00e8re permanente de divers domaines, en cours de son Pr\u00e9sident, au cours des ann\u00e9es 1971 et 1972. Il a apport\u00e9 de pr\u00e9cieuses contributions au Bulletin de la FEJA, collabor\u00e9 \u00e0 sa pr\u00e9paration, et arm\u00e9s.<\/p>\n\n\n\n<p class=\"has-black-color has-text-color has-link-color has-small-font-size wp-elements-4b49a36e90e403d551f065575ae888c6\">Avec son partenaire de toute votre vie, Blanc, Brun, avait quatre enfants, qui ont donn\u00e9 six petits-enfants.<\/p>\n\n\n\n<p class=\"has-black-color has-text-color has-link-color has-small-font-size wp-elements-43d37db71aae334ed96e67d8f6cdcc8f\">Il a \u00e9galement travaill\u00e9 pendant dix ans le Magazine \u201cL&#039;Id\u00e9e\u201d et a \u00e9t\u00e9 conseiller pour son desencarnaci\u00f3n.<\/p>\n\n\n\n<div class=\"wp-block-uagb-container uagb-block-3b6995c5\">\n<figure class=\"wp-block-image size-full is-resized\"><img decoding=\"async\" width=\"320\" height=\"212\" src=\"https:\/\/nuevo-renacer.com\/wp-content\/uploads\/2024\/11\/Revista-de-espiritismo-La-Idea-640-pdf-14-320.webp\" alt=\"\" class=\"wp-image-5884\" style=\"width:270px;height:auto\" srcset=\"https:\/\/nuevo-renacer.com\/wp-content\/uploads\/2024\/11\/Revista-de-espiritismo-La-Idea-640-pdf-14-320.webp 320w, https:\/\/nuevo-renacer.com\/wp-content\/uploads\/2024\/11\/Revista-de-espiritismo-La-Idea-640-pdf-14-320-300x199.webp 300w, https:\/\/nuevo-renacer.com\/wp-content\/uploads\/2024\/11\/Revista-de-espiritismo-La-Idea-640-pdf-14-320-18x12.webp 18w\" sizes=\"(max-width: 320px) 100vw, 320px\" \/><figcaption class=\"wp-element-caption\">Magazine spirite \u201eLa Idea\"<\/figcaption><\/figure>\n<\/div>\n\n\n\n<p class=\"has-black-color has-text-color has-link-color has-small-font-size wp-elements-9c3d38aca2942835a22702afeb7ad2f3\">Parfois malheureuse pour le Spiritisme conf\u00e9d\u00e9r\u00e9 (1975-1981), vrai-le d\u00e9montage de la vie mat\u00e9rielle et spirituelle de la Maison-M\u00e8re, avec d&#039;autres fr\u00e8res de l&#039;Id\u00e9al, a donn\u00e9 la vie, et a fait partie du Mouvement au Service du Spiritisme -MASDE-, o\u00f9 il a servi en tant que Secr\u00e9taire G\u00e9n\u00e9ral.<\/p>\n\n\n\n<p class=\"has-black-color has-text-color has-link-color has-small-font-size wp-elements-e4b16ed9b3bb576e6ab155b55ed7063d\">Pour r\u00e9cup\u00e9rer le CEA, il a occup\u00e9 les postes de Secr\u00e9taire de la Diffusion et, plus tard, en tant que Vice-pr\u00e9sident.<\/p>\n\n\n\n<p class=\"has-black-color has-text-color has-link-color has-small-font-size wp-elements-8bfa7c99adccd381aadb47f91b2b17c8\">En plus d&#039;effectuer les t\u00e2ches bri\u00e8vement, n&#039;a jamais n\u00e9glig\u00e9 le travail doctrinal et medi\u00famnica de sa soci\u00e9t\u00e9 dans laquelle il a \u00e9t\u00e9 le Pr\u00e9sident pendant les ann\u00e9es 1979-1984 et de 1989 \u00e0 1995, occupant d&#039;autres postes de Tr\u00e9sorier, de Secr\u00e9taire et de Vice-pr\u00e9sident. Il a \u00e9galement collabor\u00e9 avec des partenaires dans les \u00e9missions du Bulletin \u201cla LUMI\u00c8RE\u201d.<\/p>\n\n\n\n<p class=\"has-black-color has-text-color has-link-color has-small-font-size wp-elements-7a438d50e5104d72850962b87d678cac\">Il est toujours mis en \u00e9vidence par leurs connaissances doctrinales, d&#039;\u00eatre une r\u00e9f\u00e9rence permanente \u00e0 la consultation des jeunes, infatigable lecteur, toujours pr\u00e9dispos\u00e9s \u00e0 l&#039;\u0153uvre et \u00e0 sa facilit\u00e9 de la parole a conduit \u00e0 parler \u00e0 d&#039;autres maisons esp\u00edritas \u00e0 l&#039;int\u00e9rieur du pays et \u00e0 l&#039;ext\u00e9rieur.<\/p>\n\n\n\n<p class=\"has-black-color has-text-color has-link-color has-small-font-size wp-elements-fca49e9740593ee7c82fe8a50fd255aa\">Troubl\u00e9 par sa maladie, et avec l&#039;ajout de la propre processus de la maladie de sa femme, il a commenc\u00e9 \u00e0 r\u00e9duire sa pr\u00e9sence dans leur \u00e9tablissement, tandis que, de jour en jour, il a donn\u00e9 des \u00e9chantillons de son d\u00e9clin physique. Cependant, sa clairvoyance lui a permis de continuer \u00e0 \u00eatre le guide et l&#039;exemple de ses fr\u00e8res, en ce qui concerne la compr\u00e9hension et l&#039;interpr\u00e9tation de l&#039;Id\u00e9al, pour ses connaissances, et par sa coh\u00e9rence conceptuelle.<\/p>\n\n\n\n<p class=\"has-black-color has-text-color has-link-color has-small-font-size wp-elements-0faac0205be8d1eb2f6f6225eb0af906\">Dans les derniers temps, il est n\u00e9cessaire de soins et les soins continus, \u00eatre confin\u00e9 \u00e0 la maison sous la garde et le soin de leurs enfants, qui finalement l&#039;a apport\u00e9 \u00e0 notre soci\u00e9t\u00e9, car tel \u00e9tait son d\u00e9sir, quand la physique \u00e9tait avec lui. Samedi, 21 novembre 2009, Carlos Norberto Fontinovo est all\u00e9 \u00e0 la patrie spirituelle, nous laissant en h\u00e9ritage d&#039;une vie consacr\u00e9e \u00e0 l&#039;Id\u00e9al Spirite, sa connaissance de l&#039;Id\u00e9al Cod\u00e9e par Kardec, leur v\u00e9h\u00e9mence pour d\u00e9fendre la Doctrine Spirite, pour encourager les jeunes \u00e0 poursuivre le chemin de leurs a\u00een\u00e9s et, essentiellement, \u00e0 son humanisme, il a mis en pratique tout le temps, en tout temps et en toute circonstance.<\/p>\n<\/div><\/div>\n\n\n\n<div class=\"wp-block-uagb-container uagb-block-26e51aab alignfull uagb-is-root-container\"><div class=\"uagb-container-inner-blocks-wrap\"><\/div><\/div>\n\n\n\n<div class=\"wp-block-uagb-container uagb-block-23e1afdb alignfull uagb-is-root-container\"><div class=\"uagb-container-inner-blocks-wrap\"><\/div><\/div>","protected":false},"excerpt":{"rendered":"<p>Carlos Norberto Fontinovo Carlos Norberto Fontinovo naci\u00f3 en la Ciudad de Buenos Aires el 29 de abril de 1936. Su familia se instal\u00f3 en Villa del Parque y luego en Floresta. Fue \u00fanico hijo y con su familia, desde peque\u00f1o, concurre a la Sociedad \u00abLuz Justicia y Caridad\u00bb. Desde muy joven trabaj\u00f3 para el Ideal [&hellip;]<\/p>","protected":false},"author":1,"featured_media":0,"parent":0,"menu_order":0,"comment_status":"closed","ping_status":"closed","template":"","meta":{"_uag_custom_page_level_css":"","site-sidebar-layout":"default","site-content-layout":"","ast-site-content-layout":"default","site-content-style":"default","site-sidebar-style":"default","ast-global-header-display":"","ast-banner-title-visibility":"","ast-main-header-display":"","ast-hfb-above-header-display":"","ast-hfb-below-header-display":"","ast-hfb-mobile-header-display":"","site-post-title":"disabled","ast-breadcrumbs-content":"","ast-featured-img":"","footer-sml-layout":"","theme-transparent-header-meta":"","adv-header-id-meta":"","stick-header-meta":"","header-above-stick-meta":"","header-main-stick-meta":"","header-below-stick-meta":"","astra-migrate-meta-layouts":"set","ast-page-background-enabled":"default","ast-page-background-meta":{"desktop":{"background-color":"var(--ast-global-color-4)","background-image":"","background-repeat":"repeat","background-position":"center center","background-size":"auto","background-attachment":"scroll","background-type":"","background-media":"","overlay-type":"","overlay-color":"","overlay-opacity":"","overlay-gradient":""},"tablet":{"background-color":"","background-image":"","background-repeat":"repeat","background-position":"center center","background-size":"auto","background-attachment":"scroll","background-type":"","background-media":"","overlay-type":"","overlay-color":"","overlay-opacity":"","overlay-gradient":""},"mobile":{"background-color":"","background-image":"","background-repeat":"repeat","background-position":"center center","background-size":"auto","background-attachment":"scroll","background-type":"","background-media":"","overlay-type":"","overlay-color":"","overlay-opacity":"","overlay-gradient":""}},"ast-content-background-meta":{"desktop":{"background-color":"var(--ast-global-color-5)","background-image":"","background-repeat":"repeat","background-position":"center center","background-size":"auto","background-attachment":"scroll","background-type":"","background-media":"","overlay-type":"","overlay-color":"","overlay-opacity":"","overlay-gradient":""},"tablet":{"background-color":"var(--ast-global-color-5)","background-image":"","background-repeat":"repeat","background-position":"center center","background-size":"auto","background-attachment":"scroll","background-type":"","background-media":"","overlay-type":"","overlay-color":"","overlay-opacity":"","overlay-gradient":""},"mobile":{"background-color":"var(--ast-global-color-5)","background-image":"","background-repeat":"repeat","background-position":"center center","background-size":"auto","background-attachment":"scroll","background-type":"","background-media":"","overlay-type":"","overlay-color":"","overlay-opacity":"","overlay-gradient":""}},"footnotes":""},"class_list":["post-5882","page","type-page","status-publish","hentry"],"yoast_head":"<!-- This site is optimized with the Yoast SEO Premium plugin v24.2 (Yoast SEO v24.6) - https:\/\/yoast.com\/wordpress\/plugins\/seo\/ -->\n<title>Carlos Norberto Fontinovo - Uni\u00f3n Esp\u00edrita<\/title>\n<meta name=\"robots\" content=\"index, follow, max-snippet:-1, max-image-preview:large, max-video-preview:-1\" \/>\n<link rel=\"canonical\" href=\"https:\/\/nuevo-renacer.com\/fr\/carlos-norberto-fontinovo\/\" \/>\n<meta property=\"og:locale\" content=\"fr_FR\" \/>\n<meta property=\"og:type\" content=\"article\" \/>\n<meta property=\"og:title\" content=\"Carlos Norberto Fontinovo\" \/>\n<meta property=\"og:description\" content=\"Carlos Norberto Fontinovo Carlos Norberto Fontinovo naci\u00f3 en la Ciudad de Buenos Aires el 29 de abril de 1936. Su familia se instal\u00f3 en Villa del Parque y luego en Floresta. Fue \u00fanico hijo y con su familia, desde peque\u00f1o, concurre a la Sociedad \u00abLuz Justicia y Caridad\u00bb. Desde muy joven trabaj\u00f3 para el Ideal [&hellip;]\" \/>\n<meta property=\"og:url\" content=\"https:\/\/nuevo-renacer.com\/fr\/carlos-norberto-fontinovo\/\" \/>\n<meta property=\"og:site_name\" content=\"Uni\u00f3n Esp\u00edrita\" \/>\n<meta property=\"article:publisher\" content=\"https:\/\/www.facebook.com\/groups\/3431398063740829\" \/>\n<meta property=\"article:modified_time\" content=\"2024-11-06T13:56:28+00:00\" \/>\n<meta property=\"og:image\" content=\"https:\/\/nuevo-renacer.com\/wp-content\/uploads\/2024\/11\/Screenshot-212.png\" \/>\n\t<meta property=\"og:image:width\" content=\"274\" \/>\n\t<meta property=\"og:image:height\" content=\"295\" \/>\n\t<meta property=\"og:image:type\" content=\"image\/png\" \/>\n<meta name=\"twitter:card\" content=\"summary_large_image\" \/>\n<meta name=\"twitter:label1\" content=\"Dur\u00e9e de lecture estim\u00e9e\" \/>\n\t<meta name=\"twitter:data1\" content=\"3 minutes\" \/>\n<script type=\"application\/ld+json\" class=\"yoast-schema-graph\">{\"@context\":\"https:\/\/schema.org\",\"@graph\":[{\"@type\":\"WebPage\",\"@id\":\"https:\/\/nuevo-renacer.com\/carlos-norberto-fontinovo\/\",\"url\":\"https:\/\/nuevo-renacer.com\/carlos-norberto-fontinovo\/\",\"name\":\"Carlos Norberto Fontinovo - Uni\u00f3n Esp\u00edrita\",\"isPartOf\":{\"@id\":\"https:\/\/nuevo-renacer.com\/#website\"},\"primaryImageOfPage\":{\"@id\":\"https:\/\/nuevo-renacer.com\/carlos-norberto-fontinovo\/#primaryimage\"},\"image\":{\"@id\":\"https:\/\/nuevo-renacer.com\/carlos-norberto-fontinovo\/#primaryimage\"},\"thumbnailUrl\":\"https:\/\/nuevo-renacer.com\/wp-content\/uploads\/2024\/11\/Screenshot-212.png\",\"datePublished\":\"2024-11-06T13:55:59+00:00\",\"dateModified\":\"2024-11-06T13:56:28+00:00\",\"breadcrumb\":{\"@id\":\"https:\/\/nuevo-renacer.com\/carlos-norberto-fontinovo\/#breadcrumb\"},\"inLanguage\":\"fr-FR\",\"potentialAction\":[{\"@type\":\"ReadAction\",\"target\":[\"https:\/\/nuevo-renacer.com\/carlos-norberto-fontinovo\/\"]}]},{\"@type\":\"ImageObject\",\"inLanguage\":\"fr-FR\",\"@id\":\"https:\/\/nuevo-renacer.com\/carlos-norberto-fontinovo\/#primaryimage\",\"url\":\"https:\/\/nuevo-renacer.com\/wp-content\/uploads\/2024\/11\/Screenshot-212.png\",\"contentUrl\":\"https:\/\/nuevo-renacer.com\/wp-content\/uploads\/2024\/11\/Screenshot-212.png\"},{\"@type\":\"BreadcrumbList\",\"@id\":\"https:\/\/nuevo-renacer.com\/carlos-norberto-fontinovo\/#breadcrumb\",\"itemListElement\":[{\"@type\":\"ListItem\",\"position\":1,\"name\":\"Startseite\",\"item\":\"https:\/\/nuevo-renacer.com\/\"},{\"@type\":\"ListItem\",\"position\":2,\"name\":\"Carlos Norberto Fontinovo\"}]},{\"@type\":\"WebSite\",\"@id\":\"https:\/\/nuevo-renacer.com\/#website\",\"url\":\"https:\/\/nuevo-renacer.com\/\",\"name\":\"Uni\u00f3n Esp\u00edrita\",\"description\":\"Nuevo Renacer\",\"publisher\":{\"@id\":\"https:\/\/nuevo-renacer.com\/#organization\"},\"potentialAction\":[{\"@type\":\"SearchAction\",\"target\":{\"@type\":\"EntryPoint\",\"urlTemplate\":\"https:\/\/nuevo-renacer.com\/?s={search_term_string}\"},\"query-input\":{\"@type\":\"PropertyValueSpecification\",\"valueRequired\":true,\"valueName\":\"search_term_string\"}}],\"inLanguage\":\"fr-FR\"},{\"@type\":\"Organization\",\"@id\":\"https:\/\/nuevo-renacer.com\/#organization\",\"name\":\"UFEC\",\"url\":\"https:\/\/nuevo-renacer.com\/\",\"logo\":{\"@type\":\"ImageObject\",\"inLanguage\":\"fr-FR\",\"@id\":\"https:\/\/nuevo-renacer.com\/#\/schema\/logo\/image\/\",\"url\":\"https:\/\/nuevo-renacer.com\/wp-content\/uploads\/2024\/05\/cropped-LOGO-TERMINADO1-3-3.png\",\"contentUrl\":\"https:\/\/nuevo-renacer.com\/wp-content\/uploads\/2024\/05\/cropped-LOGO-TERMINADO1-3-3.png\",\"width\":512,\"height\":512,\"caption\":\"UFEC\"},\"image\":{\"@id\":\"https:\/\/nuevo-renacer.com\/#\/schema\/logo\/image\/\"},\"sameAs\":[\"https:\/\/www.facebook.com\/groups\/3431398063740829\"]}]}<\/script>\n<!-- \/ Yoast SEO Premium plugin. -->","yoast_head_json":{"title":"Carlos Norberto Fontinovo - Uni\u00f3n Esp\u00edrita","robots":{"index":"index","follow":"follow","max-snippet":"max-snippet:-1","max-image-preview":"max-image-preview:large","max-video-preview":"max-video-preview:-1"},"canonical":"https:\/\/nuevo-renacer.com\/fr\/carlos-norberto-fontinovo\/","og_locale":"fr_FR","og_type":"article","og_title":"Carlos Norberto Fontinovo","og_description":"Carlos Norberto Fontinovo Carlos Norberto Fontinovo naci\u00f3 en la Ciudad de Buenos Aires el 29 de abril de 1936. Su familia se instal\u00f3 en Villa del Parque y luego en Floresta. Fue \u00fanico hijo y con su familia, desde peque\u00f1o, concurre a la Sociedad \u00abLuz Justicia y Caridad\u00bb. Desde muy joven trabaj\u00f3 para el Ideal [&hellip;]","og_url":"https:\/\/nuevo-renacer.com\/fr\/carlos-norberto-fontinovo\/","og_site_name":"Uni\u00f3n Esp\u00edrita","article_publisher":"https:\/\/www.facebook.com\/groups\/3431398063740829","article_modified_time":"2024-11-06T13:56:28+00:00","og_image":[{"width":274,"height":295,"url":"https:\/\/nuevo-renacer.com\/wp-content\/uploads\/2024\/11\/Screenshot-212.png","type":"image\/png"}],"twitter_card":"summary_large_image","twitter_misc":{"Dur\u00e9e de lecture estim\u00e9e":"3 minutes"},"schema":{"@context":"https:\/\/schema.org","@graph":[{"@type":"WebPage","@id":"https:\/\/nuevo-renacer.com\/carlos-norberto-fontinovo\/","url":"https:\/\/nuevo-renacer.com\/carlos-norberto-fontinovo\/","name":"Carlos Norberto Fontinovo - Uni\u00f3n Esp\u00edrita","isPartOf":{"@id":"https:\/\/nuevo-renacer.com\/#website"},"primaryImageOfPage":{"@id":"https:\/\/nuevo-renacer.com\/carlos-norberto-fontinovo\/#primaryimage"},"image":{"@id":"https:\/\/nuevo-renacer.com\/carlos-norberto-fontinovo\/#primaryimage"},"thumbnailUrl":"https:\/\/nuevo-renacer.com\/wp-content\/uploads\/2024\/11\/Screenshot-212.png","datePublished":"2024-11-06T13:55:59+00:00","dateModified":"2024-11-06T13:56:28+00:00","breadcrumb":{"@id":"https:\/\/nuevo-renacer.com\/carlos-norberto-fontinovo\/#breadcrumb"},"inLanguage":"fr-FR","potentialAction":[{"@type":"ReadAction","target":["https:\/\/nuevo-renacer.com\/carlos-norberto-fontinovo\/"]}]},{"@type":"ImageObject","inLanguage":"fr-FR","@id":"https:\/\/nuevo-renacer.com\/carlos-norberto-fontinovo\/#primaryimage","url":"https:\/\/nuevo-renacer.com\/wp-content\/uploads\/2024\/11\/Screenshot-212.png","contentUrl":"https:\/\/nuevo-renacer.com\/wp-content\/uploads\/2024\/11\/Screenshot-212.png"},{"@type":"BreadcrumbList","@id":"https:\/\/nuevo-renacer.com\/carlos-norberto-fontinovo\/#breadcrumb","itemListElement":[{"@type":"ListItem","position":1,"name":"Startseite","item":"https:\/\/nuevo-renacer.com\/"},{"@type":"ListItem","position":2,"name":"Carlos Norberto Fontinovo"}]},{"@type":"WebSite","@id":"https:\/\/nuevo-renacer.com\/#website","url":"https:\/\/nuevo-renacer.com\/","name":"Uni\u00f3n Esp\u00edrita","description":"Nuevo Renacer","publisher":{"@id":"https:\/\/nuevo-renacer.com\/#organization"},"potentialAction":[{"@type":"SearchAction","target":{"@type":"EntryPoint","urlTemplate":"https:\/\/nuevo-renacer.com\/?s={search_term_string}"},"query-input":{"@type":"PropertyValueSpecification","valueRequired":true,"valueName":"search_term_string"}}],"inLanguage":"fr-FR"},{"@type":"Organization","@id":"https:\/\/nuevo-renacer.com\/#organization","name":"UFEC","url":"https:\/\/nuevo-renacer.com\/","logo":{"@type":"ImageObject","inLanguage":"fr-FR","@id":"https:\/\/nuevo-renacer.com\/#\/schema\/logo\/image\/","url":"https:\/\/nuevo-renacer.com\/wp-content\/uploads\/2024\/05\/cropped-LOGO-TERMINADO1-3-3.png","contentUrl":"https:\/\/nuevo-renacer.com\/wp-content\/uploads\/2024\/05\/cropped-LOGO-TERMINADO1-3-3.png","width":512,"height":512,"caption":"UFEC"},"image":{"@id":"https:\/\/nuevo-renacer.com\/#\/schema\/logo\/image\/"},"sameAs":["https:\/\/www.facebook.com\/groups\/3431398063740829"]}]}},"uagb_featured_image_src":{"full":false,"thumbnail":false,"medium":false,"medium_large":false,"large":false,"1536x1536":false,"2048x2048":false,"trp-custom-language-flag":false},"uagb_author_info":{"display_name":"adbv0","author_link":"https:\/\/nuevo-renacer.com\/fr\/author\/adbv0\/"},"uagb_comment_info":0,"uagb_excerpt":"Carlos Norberto Fontinovo Carlos Norberto Fontinovo naci\u00f3 en la Ciudad de Buenos Aires el 29 de abril de 1936. Su familia se instal\u00f3 en Villa del Parque y luego en Floresta. Fue \u00fanico hijo y con su familia, desde peque\u00f1o, concurre a la Sociedad \u00abLuz Justicia y Caridad\u00bb. Desde muy joven trabaj\u00f3 para el Ideal\u2026","jetpack_sharing_enabled":true,"_links":{"self":[{"href":"https:\/\/nuevo-renacer.com\/fr\/wp-json\/wp\/v2\/pages\/5882","targetHints":{"allow":["GET"]}}],"collection":[{"href":"https:\/\/nuevo-renacer.com\/fr\/wp-json\/wp\/v2\/pages"}],"about":[{"href":"https:\/\/nuevo-renacer.com\/fr\/wp-json\/wp\/v2\/types\/page"}],"author":[{"embeddable":true,"href":"https:\/\/nuevo-renacer.com\/fr\/wp-json\/wp\/v2\/users\/1"}],"replies":[{"embeddable":true,"href":"https:\/\/nuevo-renacer.com\/fr\/wp-json\/wp\/v2\/comments?post=5882"}],"version-history":[{"count":1,"href":"https:\/\/nuevo-renacer.com\/fr\/wp-json\/wp\/v2\/pages\/5882\/revisions"}],"predecessor-version":[{"id":5885,"href":"https:\/\/nuevo-renacer.com\/fr\/wp-json\/wp\/v2\/pages\/5882\/revisions\/5885"}],"wp:attachment":[{"href":"https:\/\/nuevo-renacer.com\/fr\/wp-json\/wp\/v2\/media?parent=5882"}],"curies":[{"name":"wp","href":"https:\/\/api.w.org\/{rel}","templated":true}]}}