{"id":5737,"date":"2024-10-24T06:34:28","date_gmt":"2024-10-24T06:34:28","guid":{"rendered":"https:\/\/nuevo-renacer.com\/?page_id=5737"},"modified":"2024-10-24T07:15:42","modified_gmt":"2024-10-24T07:15:42","slug":"cremacion-y-espiritismo","status":"publish","type":"page","link":"https:\/\/nuevo-renacer.com\/fr\/cremacion-y-espiritismo\/","title":{"rendered":"La cr\u00e9mation et le Spiritisme"},"content":{"rendered":"<div class=\"wp-block-uagb-container uagb-block-d33e14f6 alignfull uagb-is-root-container\"><div class=\"uagb-container-inner-blocks-wrap\">\n<p class=\"has-black-color has-text-color has-link-color has-medium-font-size wp-elements-45e09155f1ea00437f874ac4f98ae367\"><strong>La cr\u00e9mation et le Spiritisme<\/strong><\/p>\n<\/div><\/div>\n\n\n\n<div class=\"wp-block-uagb-container uagb-block-477d8dcc alignfull uagb-is-root-container\"><div class=\"uagb-container-inner-blocks-wrap\">\n<figure class=\"wp-block-image size-large is-resized\"><img fetchpriority=\"high\" decoding=\"async\" width=\"1024\" height=\"576\" src=\"https:\/\/nuevo-renacer.com\/wp-content\/uploads\/2024\/10\/krematorium-1024x576.jpg\" alt=\"\" class=\"wp-image-5738\" style=\"width:391px;height:auto\" srcset=\"https:\/\/nuevo-renacer.com\/wp-content\/uploads\/2024\/10\/krematorium-1024x576.jpg 1024w, https:\/\/nuevo-renacer.com\/wp-content\/uploads\/2024\/10\/krematorium-300x169.jpg 300w, https:\/\/nuevo-renacer.com\/wp-content\/uploads\/2024\/10\/krematorium-768x432.jpg 768w, https:\/\/nuevo-renacer.com\/wp-content\/uploads\/2024\/10\/krematorium-1536x864.jpg 1536w, https:\/\/nuevo-renacer.com\/wp-content\/uploads\/2024\/10\/krematorium-18x10.jpg 18w, https:\/\/nuevo-renacer.com\/wp-content\/uploads\/2024\/10\/krematorium.jpg 1920w\" sizes=\"(max-width: 1024px) 100vw, 1024px\" \/><\/figure>\n<\/div><\/div>\n\n\n\n<div class=\"wp-block-uagb-container uagb-block-ac767edd alignfull uagb-is-root-container\"><div class=\"uagb-container-inner-blocks-wrap\">\n<p class=\"has-black-color has-text-color has-link-color has-small-font-size wp-elements-0d81df9c9b3761d0b255b56c32022d07\">On se demande souvent ce qu'il en est de la cr\u00e9mation, d'un point de vue spirite, surtout aujourd'hui o\u00f9 elle semble \u00eatre \u00e0 la mode.<\/p>\n\n\n\n<p class=\"has-black-color has-text-color has-link-color has-small-font-size wp-elements-7bb7469ed7529805e8b9ee813ba5aab9\">Il n&#039;y a vraiment aucune raison de le critiquer parce qu&#039;il cherche seulement \u00e0 faciliter les formalit\u00e9s administratives et de la bureaucratie de l&#039;inhumation traditionnelle, mais il ya quelques points que nous devrions envisager dans ce domaine, qui contiennent des probl\u00e8mes potentiels pour l&#039;\u00e2me de la cr\u00e9mation:<\/p>\n\n\n\n<p class=\"has-black-color has-text-color has-link-color has-small-font-size wp-elements-a592f5b71b6280cfe215cc8197514ae9\">1) Si le demandeur est d&#039;accord avec la cr\u00e9mation, et avait ordonn\u00e9 avant, ou si sa volont\u00e9 \u00e9tait d&#039;\u00eatre incin\u00e9r\u00e9.<\/p>\n\n\n\n<p class=\"has-black-color has-text-color has-link-color has-small-font-size wp-elements-80cea4413ecb065f6ec473cd0dc237b4\">2) Si les deux lui et ses proches ont la connaissance spirituelle sur les cons\u00e9quences possibles de l&#039;esprit de la cr\u00e9mation qui est, si vous aviez la connaissance spirituelle. Analysons un peu ce sujet, \u00e0 compter d&#039;aujourd&#039;hui, et donc int\u00e9ressant.<\/p>\n\n\n\n<p class=\"has-black-color has-text-color has-link-color has-small-font-size wp-elements-bc7bd3e12310fb978a0c08ac038eefb9\">Nous savons, gr\u00e2ce aux enseignements des guides spirituels et les t\u00e9moignages donn\u00e9s par les esprits d\u00e9sincarn\u00e9s que l&#039;Esprit prend du temps (qui n&#039;est pas le m\u00eame pour tous) avant de rompre compl\u00e8tement de son corps physique. Quand il y a le soi-disant \u201cmort\u201d, l&#039;Esprit se d\u00e9gage, lentement, son corps, d\u00e9brancher les Chakras (centres d&#039;\u00e9nergie spirituelle) \u00e0 \u00eatre s\u00e9par\u00e9s de fa\u00e7on permanente. Ensuite, le periesp\u00edritu (ou corps astral) est constitu\u00e9e, avec une certaine difficult\u00e9, sur le c\u00f4t\u00e9 de la physique des corps sans vie, et s&#039;appr\u00eate \u00e0 commencer sa nouvelle vie. Nous savons ce temps comme la \u201cp\u00e9riode de confusion\u201d parce que, g\u00e9n\u00e9ralement, l&#039;Esprit n&#039;a aucune conscience de qui a quitt\u00e9 la vie terrestre, et a commenc\u00e9 sa nouvelle vie spirituelle. C&#039;est un moment de peur, d&#039;inqui\u00e9tude, de surprise, d&#039;ins\u00e9curit\u00e9, d&#039;o\u00f9 lentement, l&#039;\u00e2me commence \u00e0 s&#039;adapter \u00e0 la nouvelle situation. Bien s\u00fbr, il y a tr\u00e8s \u00e2mes pr\u00e9par\u00e9es qui ne passent pas par cette \u00e9tape, et ils ont rapidement lib\u00e9r\u00e9 du corps et de la t\u00eate, accompagn\u00e9 par les Guides de Bonnes \u00e0 la Spiritualit\u00e9 Sup\u00e9rieure.<\/p>\n\n\n\n<p class=\"has-black-color has-text-color has-link-color has-small-font-size wp-elements-fd0238b0aefda489f86d322c5ce93cc0\">En ce moment, dans lequel l&#039;\u00e2me est adapt\u00e9, il peut \u00eatre tr\u00e8s retard\u00e9 (d\u00e9pend du degr\u00e9 d&#039;\u00e9volution spirituelle de chacun), de l&#039;Esprit ou de l&#039;\u00e2me peut rester un moment pr\u00e8s du corps et de garder vivant son propre enterrement, son enterrement ou de la cr\u00e9mation (autres esprits partent rapidement vers le Monde Spirituel). Si la personne n&#039;a pas la connaissance spirituelle peut \u00eatre tr\u00e8s traumatisante pour l&#039;exp\u00e9rience de la destruction du corps physique, qui vous vous sentez \u00e9troitement li\u00e9e encore.<\/p>\n\n\n\n<p class=\"has-black-color has-text-color has-link-color has-small-font-size wp-elements-253342aaadd5478e453aee06d2795d88\"><strong>D&#039;autre part, nous savons que, pendant une certaine p\u00e9riode de temps est de l&#039;\u00e9nergie \u00e0 partir des cellules de l&#039;organisme, accumul\u00e9s dans la mati\u00e8re physique, et cette \u00e9nergie peut \u00eatre transmise sensations de douleur ou de peur \u00e0 l&#039;esprit-transpersonnelle, qui fait partie de l&#039;Esprit.<\/strong><\/p>\n\n\n\n<p class=\"has-black-color has-text-color has-link-color has-small-font-size wp-elements-811faf01cd3f00a94e4edcfe304a0e15\">Nous avons beaucoup d&#039;histoires psicografiados, surtout pour nos chers Chico Xavier, o\u00f9 sont rapport\u00e9s les exp\u00e9riences des esprits nouvellement d\u00e9sincarn\u00e9e sur ses impressions imm\u00e9diates au moment de desencarnar. Certains accompagn\u00e9s de leur propre enterrement ou de la d\u00e9composition, incapables de comprendre son nouvel \u00e9tat de vie et sourds aux orientations de l&#039;guides.<\/p>\n\n\n\n<p class=\"has-black-color has-text-color has-link-color has-small-font-size wp-elements-c58345b3bfe7bf44f409f39816a29f41\">Dans \u201cles Ouvriers de la vie \u00e9ternelle\u201d, chapitre XV, nous voyons comment J\u00e9r\u00f4me, un guide spirituel, il fait des passages sur le cadavre d&#039;un nouveau-d\u00e9sincarn\u00e9e, l&#039;\u00e9limination des d\u00e9chets de la vitalit\u00e9 de les disperser dans la commune atmosph\u00e8re, \u00e0 travers un processus qui est indescriptible, \u00e0 notre compr\u00e9hension. Est aider \u00e0 vous d\u00e9barrasser de la derni\u00e8re \u00e9nergie vitale qui persiste, de sorte que vous pouvez vous lib\u00e9rer compl\u00e8tement et prendre le nouveau chemin d&#039;acc\u00e8s.<\/p>\n\n\n\n<p class=\"has-black-color has-text-color has-link-color has-small-font-size wp-elements-51f392a3c353c7074629aba1ac758211\">Dans le m\u00eame chapitre, nous trouvons un d\u00e9sincarn\u00e9e, \u00e0 c\u00f4t\u00e9 de son cadavre au cimeti\u00e8re, criant d\u00e9sesp\u00e9r\u00e9ment parce qu&#039;ils n&#039;acceptent pas leur nouvel \u00e9tat de vie. Ces sc\u00e8nes sont r\u00e9p\u00e9t\u00e9es tr\u00e8s souvent parce que les esprits sans les int\u00e9r\u00eats spirituels et peut-\u00eatre, tr\u00e8s attach\u00e9 \u00e0 l&#039;objet, prendre plus de temps \u00e0 quitter leur butin, se croyant encore \u00e0 l&#039;int\u00e9rieur de la terre.<\/p>\n\n\n\n<p class=\"has-black-color has-text-color has-link-color has-small-font-size wp-elements-b78969f7f40d46db2fc18514b2432a64\">Dans \u201cAction et R\u00e9action\u201d, par le m\u00eame auteur, dans le Chapitre IV, nous nous penchons sur un ordinateur spirituelle de sauvetage qui apporte beaucoup de gens nouvellement d\u00e9sincarn\u00e9e, dans le d\u00e9s\u00e9quilibre \u00e9motionnel, ceux qui gardent les souvenirs de maladies qui avaient \u00e9t\u00e9 impos\u00e9es \u00e0 la desencarnaci\u00f3n. <strong>Tous sont encore fortement connect\u00e9 avec les derni\u00e8res sensations sur la terre. Sont le \u201cmental moules\u201d que la charge de chacun.<\/strong> Bien s\u00fbr, vous serez aid\u00e9 par le Monde Spirituel et prises dans les lieux de r\u00e9cup\u00e9ration. Les Messagers Spirituels ne mentent jamais, et personne n&#039;est abandonn\u00e9 par la main de Dieu.<\/p>\n\n\n\n<p class=\"has-black-color has-text-color has-link-color has-small-font-size wp-elements-d4f3cbb98042d37384a32e1a85e707d4\">Dans le chapitre XVIII du m\u00eame livre, le mentor spirituel dit: \u201c... Un s\u00e9jour plus long, cela d\u00e9pend du degr\u00e9 de animalizaci\u00f3n du liquide qui conserve l&#039;Esprit de l&#039;activit\u00e9 corporelle ... Certains pendant des heures, d&#039;autres pour des jours ou des mois... le corps inerte ne signifie pas la lib\u00e9ration de l&#039;\u00e2me... plus nous nous plonger dans les courants de basses passions, plus de temps nous avons \u00e0 faire pour \u00eatre en mesure d&#039;\u00e9puiser les \u00e9nergies vitales qui nous lient \u00e0 la \u00e0 du lourd et du primitif, c&#039;est l&#039;instrument physiologiques, reteni\u00e9ndonos dans les cr\u00e9ations mentales, nous avons ajust\u00e9. Ainsi, la \u201cmort physique\u201d n&#039;est pas synonyme de \u201cspirituel de l&#039;\u00e9mancipation\u201d.<\/p>\n\n\n\n<p class=\"has-black-color has-text-color has-link-color has-small-font-size wp-elements-366fbe851b6a45fccd6a0f87511ba52e\">Si la personne a connaissance de la vie de l&#039;autre c\u00f4t\u00e9 et la foi en Dieu, les choses sont plus faciles et ne souffre pas de la perturbation, afin d&#039;assister \u00e0 la destruction de son propre corps physique. Habituellement, pour s&#039;\u00e9loigner, et de confiance, pour \u00eatre guid\u00e9 par les Messagers \u00e0 leur nouvel habitat. C&#039;est pourquoi il est si important que la cr\u00e9mation est autoris\u00e9e \u00e0 la conscience par la partie int\u00e9ress\u00e9e.<\/p>\n\n\n\n<p class=\"has-black-color has-text-color has-link-color has-small-font-size wp-elements-8e3869109adc28c7e041cfcad7629ad1\">La famille et les amis peuvent collaborer \u00e0 prier et \u00e0 la communication, mentalement, avec lui de rompre sans traumatismes ou des craintes. La tradition de la cr\u00e9mation nous vient de l&#039;est, o\u00f9 les gens sont d\u00e9j\u00e0 n\u00e9s en sachant que votre corps, un jour, sera incin\u00e9r\u00e9 comme quelque chose de naturel et de sublime. En outre, dans l&#039;Est, \u00e0 la connaissance de la spiritualit\u00e9 des responsabilit\u00e9s et les cons\u00e9quences de la loi du karma (action et r\u00e9action) sont d&#039;un naturel et int\u00e9gr\u00e9 \u00e0 la vie quotidienne des gens. Ils sont des \u00eatres de plus spiritualis\u00e9e.<\/p>\n\n\n\n<p class=\"has-black-color has-text-color has-link-color has-small-font-size wp-elements-f151fe17fd324a0290295454700cc43e\">En Occident, nous avons tendance \u00e0 ne pas avoir une exp\u00e9rience profonde, la vie spirituelle, et qui ne savent rien de la vie apr\u00e8s la vie, dans le monde spirituel.<\/p>\n\n\n\n<p class=\"has-black-color has-text-color has-link-color has-small-font-size wp-elements-7f41ecca3ceae7752c406f14aadddd72\">Tout cela complique un peu le sujet de l&#039;incin\u00e9ration, du point de vue de la cr\u00e9mation.<\/p>\n\n\n\n<p class=\"has-black-color has-text-color has-link-color has-small-font-size wp-elements-f39620469ef4a50c8ee5d8258ae2eda0\">C&#039;est, si l&#039;on parle d&#039;une personne avec une connaissance approfondie de la vie spirituelle, avec la responsabilit\u00e9 pour les actes et omissions, avec la confiance et la s\u00e9curit\u00e9 dans leurs id\u00e9aux et convictions, alors, la cr\u00e9mation devient un acte naturel, s&#039;il ne raccourcit le temps de la destruction de la mati\u00e8re et de l&#039;Esprit de la partie calme et en s\u00e9curit\u00e9 dans votre nouvelle vie.<\/p>\n\n\n\n<p class=\"has-black-color has-text-color has-link-color has-small-font-size wp-elements-6625a8cc93d67cc4a0f24f5843258ed0\">Si, au contraire, nous parlons d&#039;une personne sans beaucoup de connaissances de la vie spirituelle, des peurs et des doutes quant \u00e0 son avenir, il est tr\u00e8s attach\u00e9 \u00e0 l&#039;affection, la terre, les int\u00e9r\u00eats mondains et des mat\u00e9riaux, puis cet esprit court le risque d&#039;assister \u00e0 la cr\u00e9mation, \u00e0 ressentir la douleur, la peur, et par-dessus tout, vous d\u00e9stabiliser \u00e9motionnellement. Cela pourrait produire une plus longue p\u00e9riode de \u201cconfusion\u201d, qui est, un retard dans la s\u00e9paration finale entre le corps physique et le retard dans la compr\u00e9hension de leur nouvel \u00e9tat.<\/p>\n\n\n\n<p class=\"has-black-color has-text-color has-link-color has-small-font-size wp-elements-bd332a9b8c6c8e3d49a7ee02bd0f9aad\">Dans le livre \u201cLe Consolateur que J\u00e9sus a promis\u201d, dict\u00e9 par l&#039;Esprit Emmanuel et psicografiado par Chico Xavier, nous trouvons une question sur le sujet:<\/p>\n\n\n\n<p class=\"has-black-color has-text-color has-link-color has-small-font-size wp-elements-ce0880e6a82b71085ee4a4e1638f1f9f\">Question 151 \u2013 comment Peut l&#039;Esprit d\u00e9sincarn\u00e9, l&#039;exp\u00e9rience de la souffrance avec la cr\u00e9mation de la d\u00e9pouille mortelle?<\/p>\n\n\n\n<p class=\"has-black-color has-text-color has-link-color has-small-font-size wp-elements-28d6515a24fd230d5145b32761e71660\"><strong>\u2013 Dans la cr\u00e9mation est n\u00e9cessaire d&#039;avoir piti\u00e9 des morts, de plus en plus un nombre d&#039;heures de la loi de la destruction des visc\u00e8res, des mat\u00e9riaux, car il y a encore de nombreux \u00e9chos de sensibilit\u00e9 entre l&#039;Esprit d\u00e9sincarn\u00e9 et le corps o\u00f9 il a disparu, le tonus vital, dans les premi\u00e8res heures suivant la conclusion, en vertu de l&#039;organiques liquides \u00e0 appeler encore l&#039;\u00e2me aux sensations de l&#039;existence mat\u00e9rielle.\u201d<\/strong><\/p>\n\n\n\n<p class=\"has-black-color has-text-color has-link-color has-small-font-size wp-elements-f8e9849472fe5c7f6353a27bd96ec6da\">Nous savons que de bons guides, messagers du seigneur J\u00e9sus, sont toujours pr\u00e9sents pour les guider, les accompagner et les orienter \u00e0 tous les esprits, surtout dans cette p\u00e9riode importante de transition de la vie pour ensuite les acheminer vers les diff\u00e9rents niveaux de l&#039;existence, qui existent dans le monde spirituel (colonies).<\/p>\n\n\n\n<p class=\"has-black-color has-text-color has-link-color has-small-font-size wp-elements-1d2d11d31f8995c7eb21845bdaa3f966\">Personne n&#039;est abandonn\u00e9, ni sans protection, l&#039;amour de Dieu est trop grand pour laisser l&#039;un de ses enfants, mais d&#039;une cr\u00e9mation faite sans le consentement de l&#039;int\u00e9ress\u00e9, et sans connaissances peut conduire \u00e0 des complications de l&#039;\u00e2me ignorante et tout retard suppl\u00e9mentaire dans leur rejet de l&#039;objet.<\/p>\n\n\n\n<p class=\"has-black-color has-text-color has-link-color has-small-font-size wp-elements-621b761fa4f1c541eed33d3f153eb30a\">Il est laiss\u00e9 \u00e0 la discr\u00e9tion de chacun \u00e0 prendre des d\u00e9cisions. Seulement je sugg\u00e8re que les personnes int\u00e9ress\u00e9es ayant le dernier mot, qui est coh\u00e9rent dans le processus de destruction du mat\u00e9riel. De la m\u00eame fa\u00e7on je crois qu&#039;il est important que les deux il et de leurs amis et parents \u00e0 conna\u00eetre les lois de la Spiritualit\u00e9 pour \u00eatre en mesure de collaborer efficacement dans le processus de fabrication de l&#039;Esprit \u00e0 l&#039;r\u00e9gions du Monde Spirituel, dans la joie et la confiance en Dieu, et de la s\u00e9curit\u00e9 dans la voie nouvelle. Il est recommand\u00e9, \u00e9galement, de permettre une journ\u00e9e enti\u00e8re ou plus, avant d&#039;\u00eatre incin\u00e9r\u00e9, pour permettre \u00e0 tous les vestiges de l&#039;\u00e9nergie vitale est retir\u00e9 et est retourn\u00e9 vers le Cosmos.<\/p>\n\n\n\n<p class=\"has-black-color has-text-color has-link-color has-small-font-size wp-elements-2a442a8a1334ca625532438980dfaef2\">Rappelez-vous, une fois de plus, que nous ne sommes jamais seuls et que le bon J\u00e9sus envoie ses Messagers Spirituels \u00e0 se joindre \u00e0 nous dans chaque acte de notre vie.<\/p>\n\n\n\n<p class=\"has-black-color has-text-color has-link-color wp-elements-9ac00cf961d1ea846fe5a532228b76c6\"><\/p>\n\n\n\n<p class=\"has-black-color has-text-color has-link-color wp-elements-ad65a2c7c0b3bddd73bc36c930a56040\"><em>Etel Schulte<\/em><\/p>\n<\/div><\/div>\n\n\n\n<div class=\"wp-block-uagb-container uagb-block-d1a4f693 alignfull uagb-is-root-container\"><div class=\"uagb-container-inner-blocks-wrap\"><\/div><\/div>\n\n\n\n<div class=\"wp-block-uagb-container uagb-block-8fddbb36 alignfull uagb-is-root-container\"><div class=\"uagb-container-inner-blocks-wrap\"><\/div><\/div>","protected":false},"excerpt":{"rendered":"<p>Cremaci\u00f3n y Espiritismo Muchas veces, nos preguntamos qu\u00e9 ocurre con la cremaci\u00f3n, desde el punto de vista esp\u00edrita, sobretodo actualmente, cuando parece estar tan de moda esta pr\u00e1ctica. Realmente no hay motivos para criticarla ya que intenta, solamente, facilitar los tr\u00e1mites y la burocracia de un entierro tradicional pero hay algunos puntos que deber\u00edamos considerar [&hellip;]<\/p>","protected":false},"author":1,"featured_media":5738,"parent":0,"menu_order":0,"comment_status":"closed","ping_status":"closed","template":"","meta":{"_uag_custom_page_level_css":"","site-sidebar-layout":"default","site-content-layout":"","ast-site-content-layout":"default","site-content-style":"default","site-sidebar-style":"default","ast-global-header-display":"","ast-banner-title-visibility":"","ast-main-header-display":"","ast-hfb-above-header-display":"","ast-hfb-below-header-display":"","ast-hfb-mobile-header-display":"","site-post-title":"disabled","ast-breadcrumbs-content":"","ast-featured-img":"","footer-sml-layout":"","theme-transparent-header-meta":"","adv-header-id-meta":"","stick-header-meta":"","header-above-stick-meta":"","header-main-stick-meta":"","header-below-stick-meta":"","astra-migrate-meta-layouts":"set","ast-page-background-enabled":"default","ast-page-background-meta":{"desktop":{"background-color":"var(--ast-global-color-4)","background-image":"","background-repeat":"repeat","background-position":"center center","background-size":"auto","background-attachment":"scroll","background-type":"","background-media":"","overlay-type":"","overlay-color":"","overlay-opacity":"","overlay-gradient":""},"tablet":{"background-color":"","background-image":"","background-repeat":"repeat","background-position":"center center","background-size":"auto","background-attachment":"scroll","background-type":"","background-media":"","overlay-type":"","overlay-color":"","overlay-opacity":"","overlay-gradient":""},"mobile":{"background-color":"","background-image":"","background-repeat":"repeat","background-position":"center center","background-size":"auto","background-attachment":"scroll","background-type":"","background-media":"","overlay-type":"","overlay-color":"","overlay-opacity":"","overlay-gradient":""}},"ast-content-background-meta":{"desktop":{"background-color":"var(--ast-global-color-5)","background-image":"","background-repeat":"repeat","background-position":"center center","background-size":"auto","background-attachment":"scroll","background-type":"","background-media":"","overlay-type":"","overlay-color":"","overlay-opacity":"","overlay-gradient":""},"tablet":{"background-color":"var(--ast-global-color-5)","background-image":"","background-repeat":"repeat","background-position":"center center","background-size":"auto","background-attachment":"scroll","background-type":"","background-media":"","overlay-type":"","overlay-color":"","overlay-opacity":"","overlay-gradient":""},"mobile":{"background-color":"var(--ast-global-color-5)","background-image":"","background-repeat":"repeat","background-position":"center center","background-size":"auto","background-attachment":"scroll","background-type":"","background-media":"","overlay-type":"","overlay-color":"","overlay-opacity":"","overlay-gradient":""}},"footnotes":""},"class_list":["post-5737","page","type-page","status-publish","has-post-thumbnail","hentry"],"yoast_head":"<!-- This site is optimized with the Yoast SEO Premium plugin v24.2 (Yoast SEO v24.6) - https:\/\/yoast.com\/wordpress\/plugins\/seo\/ -->\n<title>Cremaci\u00f3n y Espiritismo - Uni\u00f3n Esp\u00edrita<\/title>\n<meta name=\"robots\" content=\"index, follow, max-snippet:-1, max-image-preview:large, max-video-preview:-1\" \/>\n<link rel=\"canonical\" href=\"https:\/\/nuevo-renacer.com\/fr\/cremacion-y-espiritismo\/\" \/>\n<meta property=\"og:locale\" content=\"fr_FR\" \/>\n<meta property=\"og:type\" content=\"article\" \/>\n<meta property=\"og:title\" content=\"Cremaci\u00f3n y Espiritismo\" \/>\n<meta property=\"og:description\" content=\"Cremaci\u00f3n y Espiritismo Muchas veces, nos preguntamos qu\u00e9 ocurre con la cremaci\u00f3n, desde el punto de vista esp\u00edrita, sobretodo actualmente, cuando parece estar tan de moda esta pr\u00e1ctica. Realmente no hay motivos para criticarla ya que intenta, solamente, facilitar los tr\u00e1mites y la burocracia de un entierro tradicional pero hay algunos puntos que deber\u00edamos considerar [&hellip;]\" \/>\n<meta property=\"og:url\" content=\"https:\/\/nuevo-renacer.com\/fr\/cremacion-y-espiritismo\/\" \/>\n<meta property=\"og:site_name\" content=\"Uni\u00f3n Esp\u00edrita\" \/>\n<meta property=\"article:publisher\" content=\"https:\/\/www.facebook.com\/groups\/3431398063740829\" \/>\n<meta property=\"article:modified_time\" content=\"2024-10-24T07:15:42+00:00\" \/>\n<meta property=\"og:image\" content=\"https:\/\/nuevo-renacer.com\/wp-content\/uploads\/2024\/10\/krematorium.jpg\" \/>\n\t<meta property=\"og:image:width\" content=\"1920\" \/>\n\t<meta property=\"og:image:height\" content=\"1080\" \/>\n\t<meta property=\"og:image:type\" content=\"image\/jpeg\" \/>\n<meta name=\"twitter:card\" content=\"summary_large_image\" \/>\n<meta name=\"twitter:label1\" content=\"Dur\u00e9e de lecture estim\u00e9e\" \/>\n\t<meta name=\"twitter:data1\" content=\"8 minutes\" \/>\n<script type=\"application\/ld+json\" class=\"yoast-schema-graph\">{\"@context\":\"https:\/\/schema.org\",\"@graph\":[{\"@type\":\"WebPage\",\"@id\":\"https:\/\/nuevo-renacer.com\/cremacion-y-espiritismo\/\",\"url\":\"https:\/\/nuevo-renacer.com\/cremacion-y-espiritismo\/\",\"name\":\"Cremaci\u00f3n y Espiritismo - Uni\u00f3n Esp\u00edrita\",\"isPartOf\":{\"@id\":\"https:\/\/nuevo-renacer.com\/#website\"},\"primaryImageOfPage\":{\"@id\":\"https:\/\/nuevo-renacer.com\/cremacion-y-espiritismo\/#primaryimage\"},\"image\":{\"@id\":\"https:\/\/nuevo-renacer.com\/cremacion-y-espiritismo\/#primaryimage\"},\"thumbnailUrl\":\"https:\/\/nuevo-renacer.com\/wp-content\/uploads\/2024\/10\/krematorium.jpg\",\"datePublished\":\"2024-10-24T06:34:28+00:00\",\"dateModified\":\"2024-10-24T07:15:42+00:00\",\"breadcrumb\":{\"@id\":\"https:\/\/nuevo-renacer.com\/cremacion-y-espiritismo\/#breadcrumb\"},\"inLanguage\":\"fr-FR\",\"potentialAction\":[{\"@type\":\"ReadAction\",\"target\":[\"https:\/\/nuevo-renacer.com\/cremacion-y-espiritismo\/\"]}]},{\"@type\":\"ImageObject\",\"inLanguage\":\"fr-FR\",\"@id\":\"https:\/\/nuevo-renacer.com\/cremacion-y-espiritismo\/#primaryimage\",\"url\":\"https:\/\/nuevo-renacer.com\/wp-content\/uploads\/2024\/10\/krematorium.jpg\",\"contentUrl\":\"https:\/\/nuevo-renacer.com\/wp-content\/uploads\/2024\/10\/krematorium.jpg\",\"width\":1920,\"height\":1080},{\"@type\":\"BreadcrumbList\",\"@id\":\"https:\/\/nuevo-renacer.com\/cremacion-y-espiritismo\/#breadcrumb\",\"itemListElement\":[{\"@type\":\"ListItem\",\"position\":1,\"name\":\"Startseite\",\"item\":\"https:\/\/nuevo-renacer.com\/\"},{\"@type\":\"ListItem\",\"position\":2,\"name\":\"Cremaci\u00f3n y Espiritismo\"}]},{\"@type\":\"WebSite\",\"@id\":\"https:\/\/nuevo-renacer.com\/#website\",\"url\":\"https:\/\/nuevo-renacer.com\/\",\"name\":\"Uni\u00f3n Esp\u00edrita\",\"description\":\"Nuevo Renacer\",\"publisher\":{\"@id\":\"https:\/\/nuevo-renacer.com\/#organization\"},\"potentialAction\":[{\"@type\":\"SearchAction\",\"target\":{\"@type\":\"EntryPoint\",\"urlTemplate\":\"https:\/\/nuevo-renacer.com\/?s={search_term_string}\"},\"query-input\":{\"@type\":\"PropertyValueSpecification\",\"valueRequired\":true,\"valueName\":\"search_term_string\"}}],\"inLanguage\":\"fr-FR\"},{\"@type\":\"Organization\",\"@id\":\"https:\/\/nuevo-renacer.com\/#organization\",\"name\":\"UFEC\",\"url\":\"https:\/\/nuevo-renacer.com\/\",\"logo\":{\"@type\":\"ImageObject\",\"inLanguage\":\"fr-FR\",\"@id\":\"https:\/\/nuevo-renacer.com\/#\/schema\/logo\/image\/\",\"url\":\"https:\/\/nuevo-renacer.com\/wp-content\/uploads\/2024\/05\/cropped-LOGO-TERMINADO1-3-3.png\",\"contentUrl\":\"https:\/\/nuevo-renacer.com\/wp-content\/uploads\/2024\/05\/cropped-LOGO-TERMINADO1-3-3.png\",\"width\":512,\"height\":512,\"caption\":\"UFEC\"},\"image\":{\"@id\":\"https:\/\/nuevo-renacer.com\/#\/schema\/logo\/image\/\"},\"sameAs\":[\"https:\/\/www.facebook.com\/groups\/3431398063740829\"]}]}<\/script>\n<!-- \/ Yoast SEO Premium plugin. -->","yoast_head_json":{"title":"Cremaci\u00f3n y Espiritismo - Uni\u00f3n Esp\u00edrita","robots":{"index":"index","follow":"follow","max-snippet":"max-snippet:-1","max-image-preview":"max-image-preview:large","max-video-preview":"max-video-preview:-1"},"canonical":"https:\/\/nuevo-renacer.com\/fr\/cremacion-y-espiritismo\/","og_locale":"fr_FR","og_type":"article","og_title":"Cremaci\u00f3n y Espiritismo","og_description":"Cremaci\u00f3n y Espiritismo Muchas veces, nos preguntamos qu\u00e9 ocurre con la cremaci\u00f3n, desde el punto de vista esp\u00edrita, sobretodo actualmente, cuando parece estar tan de moda esta pr\u00e1ctica. Realmente no hay motivos para criticarla ya que intenta, solamente, facilitar los tr\u00e1mites y la burocracia de un entierro tradicional pero hay algunos puntos que deber\u00edamos considerar [&hellip;]","og_url":"https:\/\/nuevo-renacer.com\/fr\/cremacion-y-espiritismo\/","og_site_name":"Uni\u00f3n Esp\u00edrita","article_publisher":"https:\/\/www.facebook.com\/groups\/3431398063740829","article_modified_time":"2024-10-24T07:15:42+00:00","og_image":[{"width":1920,"height":1080,"url":"https:\/\/nuevo-renacer.com\/wp-content\/uploads\/2024\/10\/krematorium.jpg","type":"image\/jpeg"}],"twitter_card":"summary_large_image","twitter_misc":{"Dur\u00e9e de lecture estim\u00e9e":"8 minutes"},"schema":{"@context":"https:\/\/schema.org","@graph":[{"@type":"WebPage","@id":"https:\/\/nuevo-renacer.com\/cremacion-y-espiritismo\/","url":"https:\/\/nuevo-renacer.com\/cremacion-y-espiritismo\/","name":"Cremaci\u00f3n y Espiritismo - Uni\u00f3n Esp\u00edrita","isPartOf":{"@id":"https:\/\/nuevo-renacer.com\/#website"},"primaryImageOfPage":{"@id":"https:\/\/nuevo-renacer.com\/cremacion-y-espiritismo\/#primaryimage"},"image":{"@id":"https:\/\/nuevo-renacer.com\/cremacion-y-espiritismo\/#primaryimage"},"thumbnailUrl":"https:\/\/nuevo-renacer.com\/wp-content\/uploads\/2024\/10\/krematorium.jpg","datePublished":"2024-10-24T06:34:28+00:00","dateModified":"2024-10-24T07:15:42+00:00","breadcrumb":{"@id":"https:\/\/nuevo-renacer.com\/cremacion-y-espiritismo\/#breadcrumb"},"inLanguage":"fr-FR","potentialAction":[{"@type":"ReadAction","target":["https:\/\/nuevo-renacer.com\/cremacion-y-espiritismo\/"]}]},{"@type":"ImageObject","inLanguage":"fr-FR","@id":"https:\/\/nuevo-renacer.com\/cremacion-y-espiritismo\/#primaryimage","url":"https:\/\/nuevo-renacer.com\/wp-content\/uploads\/2024\/10\/krematorium.jpg","contentUrl":"https:\/\/nuevo-renacer.com\/wp-content\/uploads\/2024\/10\/krematorium.jpg","width":1920,"height":1080},{"@type":"BreadcrumbList","@id":"https:\/\/nuevo-renacer.com\/cremacion-y-espiritismo\/#breadcrumb","itemListElement":[{"@type":"ListItem","position":1,"name":"Startseite","item":"https:\/\/nuevo-renacer.com\/"},{"@type":"ListItem","position":2,"name":"Cremaci\u00f3n y Espiritismo"}]},{"@type":"WebSite","@id":"https:\/\/nuevo-renacer.com\/#website","url":"https:\/\/nuevo-renacer.com\/","name":"Uni\u00f3n Esp\u00edrita","description":"Nuevo Renacer","publisher":{"@id":"https:\/\/nuevo-renacer.com\/#organization"},"potentialAction":[{"@type":"SearchAction","target":{"@type":"EntryPoint","urlTemplate":"https:\/\/nuevo-renacer.com\/?s={search_term_string}"},"query-input":{"@type":"PropertyValueSpecification","valueRequired":true,"valueName":"search_term_string"}}],"inLanguage":"fr-FR"},{"@type":"Organization","@id":"https:\/\/nuevo-renacer.com\/#organization","name":"UFEC","url":"https:\/\/nuevo-renacer.com\/","logo":{"@type":"ImageObject","inLanguage":"fr-FR","@id":"https:\/\/nuevo-renacer.com\/#\/schema\/logo\/image\/","url":"https:\/\/nuevo-renacer.com\/wp-content\/uploads\/2024\/05\/cropped-LOGO-TERMINADO1-3-3.png","contentUrl":"https:\/\/nuevo-renacer.com\/wp-content\/uploads\/2024\/05\/cropped-LOGO-TERMINADO1-3-3.png","width":512,"height":512,"caption":"UFEC"},"image":{"@id":"https:\/\/nuevo-renacer.com\/#\/schema\/logo\/image\/"},"sameAs":["https:\/\/www.facebook.com\/groups\/3431398063740829"]}]}},"uagb_featured_image_src":{"full":["https:\/\/nuevo-renacer.com\/wp-content\/uploads\/2024\/10\/krematorium.jpg",1920,1080,false],"thumbnail":["https:\/\/nuevo-renacer.com\/wp-content\/uploads\/2024\/10\/krematorium-150x150.jpg",150,150,true],"medium":["https:\/\/nuevo-renacer.com\/wp-content\/uploads\/2024\/10\/krematorium-300x169.jpg",300,169,true],"medium_large":["https:\/\/nuevo-renacer.com\/wp-content\/uploads\/2024\/10\/krematorium-768x432.jpg",768,432,true],"large":["https:\/\/nuevo-renacer.com\/wp-content\/uploads\/2024\/10\/krematorium-1024x576.jpg",1024,576,true],"1536x1536":["https:\/\/nuevo-renacer.com\/wp-content\/uploads\/2024\/10\/krematorium-1536x864.jpg",1536,864,true],"2048x2048":["https:\/\/nuevo-renacer.com\/wp-content\/uploads\/2024\/10\/krematorium.jpg",1920,1080,false],"trp-custom-language-flag":["https:\/\/nuevo-renacer.com\/wp-content\/uploads\/2024\/10\/krematorium-18x10.jpg",18,10,true]},"uagb_author_info":{"display_name":"adbv0","author_link":"https:\/\/nuevo-renacer.com\/fr\/author\/adbv0\/"},"uagb_comment_info":0,"uagb_excerpt":"Cremaci\u00f3n y Espiritismo Muchas veces, nos preguntamos qu\u00e9 ocurre con la cremaci\u00f3n, desde el punto de vista esp\u00edrita, sobretodo actualmente, cuando parece estar tan de moda esta pr\u00e1ctica. Realmente no hay motivos para criticarla ya que intenta, solamente, facilitar los tr\u00e1mites y la burocracia de un entierro tradicional pero hay algunos puntos que deber\u00edamos considerar\u2026","jetpack_sharing_enabled":true,"_links":{"self":[{"href":"https:\/\/nuevo-renacer.com\/fr\/wp-json\/wp\/v2\/pages\/5737","targetHints":{"allow":["GET"]}}],"collection":[{"href":"https:\/\/nuevo-renacer.com\/fr\/wp-json\/wp\/v2\/pages"}],"about":[{"href":"https:\/\/nuevo-renacer.com\/fr\/wp-json\/wp\/v2\/types\/page"}],"author":[{"embeddable":true,"href":"https:\/\/nuevo-renacer.com\/fr\/wp-json\/wp\/v2\/users\/1"}],"replies":[{"embeddable":true,"href":"https:\/\/nuevo-renacer.com\/fr\/wp-json\/wp\/v2\/comments?post=5737"}],"version-history":[{"count":3,"href":"https:\/\/nuevo-renacer.com\/fr\/wp-json\/wp\/v2\/pages\/5737\/revisions"}],"predecessor-version":[{"id":5741,"href":"https:\/\/nuevo-renacer.com\/fr\/wp-json\/wp\/v2\/pages\/5737\/revisions\/5741"}],"wp:featuredmedia":[{"embeddable":true,"href":"https:\/\/nuevo-renacer.com\/fr\/wp-json\/wp\/v2\/media\/5738"}],"wp:attachment":[{"href":"https:\/\/nuevo-renacer.com\/fr\/wp-json\/wp\/v2\/media?parent=5737"}],"curies":[{"name":"wp","href":"https:\/\/api.w.org\/{rel}","templated":true}]}}