{"id":8807,"date":"2026-03-12T10:34:19","date_gmt":"2026-03-12T10:34:19","guid":{"rendered":"https:\/\/nuevo-renacer.com\/?page_id=8807"},"modified":"2026-03-12T10:34:22","modified_gmt":"2026-03-12T10:34:22","slug":"emilia-santos","status":"publish","type":"page","link":"https:\/\/nuevo-renacer.com\/en\/emilia-santos\/","title":{"rendered":"Em\u00edlia Santos"},"content":{"rendered":"<div class=\"wp-block-uagb-container uagb-block-524c18d3 alignfull uagb-is-root-container\"><div class=\"uagb-container-inner-blocks-wrap\">\n<p class=\"has-black-color has-text-color has-link-color has-medium-font-size wp-elements-4d692865b8b71a3e7e96f45ef7ff1277\"><strong>Em\u00edlia Santos<\/strong><\/p>\n<\/div><\/div>\n\n\n\n<div class=\"wp-block-uagb-container uagb-block-5c59decc alignfull uagb-is-root-container\"><div class=\"uagb-container-inner-blocks-wrap\">\n<figure class=\"wp-block-image size-full is-resized\"><img fetchpriority=\"high\" decoding=\"async\" width=\"373\" height=\"412\" src=\"https:\/\/nuevo-renacer.com\/wp-content\/uploads\/2026\/03\/Emilia-Santos.jpg\" alt=\"\" class=\"wp-image-8808\" style=\"aspect-ratio:0.9053756680289218;width:296px;height:auto\" srcset=\"https:\/\/nuevo-renacer.com\/wp-content\/uploads\/2026\/03\/Emilia-Santos.jpg 373w, https:\/\/nuevo-renacer.com\/wp-content\/uploads\/2026\/03\/Emilia-Santos-272x300.jpg 272w, https:\/\/nuevo-renacer.com\/wp-content\/uploads\/2026\/03\/Emilia-Santos-11x12.jpg 11w\" sizes=\"(max-width: 373px) 100vw, 373px\" \/><\/figure>\n<\/div><\/div>\n\n\n\n<div class=\"wp-block-uagb-container uagb-block-e92e4b58 alignfull uagb-is-root-container\"><div class=\"uagb-container-inner-blocks-wrap\">\n<p class=\"has-black-color has-text-color has-link-color has-small-font-size wp-elements-289acdb1086011e6060203c3d4a83df5\">Em\u00edlia Santos was born on 1 January 1896 in the city of Santa Maria da Vit\u00f3ria, BA, and passed away on 26 September 1964 in Ara\u00e7atuba, SP. She was the daughter of Jo\u00e3o Luiz dos Santos and Joana Ferreira de Souza and remained unmarried.<\/p>\n\n\n\n<p class=\"has-black-color has-text-color has-link-color has-small-font-size wp-elements-8b48e1d9268f854afcf7dec63621c9d4\">In Ara\u00e7atuba, in 1943, she signed the founding charter of the Spiritist Alliance \u201cVaras da Videira\u201d. At the same time, she became a collaborator of Benedita Fernandes in the Association of Christian Ladies. After Benedita\u2019s death in 1947, Em\u00edlia became a regular mediunic collaborator at the Spiritist Centre \u201cAmor e Caridade\u201d in the nearby city of Birigui.<\/p>\n\n\n\n<p class=\"has-black-color has-text-color has-link-color has-small-font-size wp-elements-6fdbc385c36190ea5b771c678222d9d0\">Em\u00edlia Santos sold table, bed, and clothing items from her home and frequently also at clients\u2019 homes, using the traditional carts typical of Ara\u00e7atuba. She was extremely charitable. Many people sought her out in Ara\u00e7atuba for a word of comfort, guidance, or a spiritual pass. She undertook weekly pilgrimages and distributed snacks to needy families. During the 1950s, she organised snacks for her father\u2019s birthday (\u201cSaint John\u2019s Day\u201d) and at Christmas, distributing them to social institutions, the prison, and the Santa Casa of Ara\u00e7atuba.<\/p>\n\n\n\n<p class=\"has-black-color has-text-color has-link-color has-small-font-size wp-elements-deeb8794a090d32d251576f32c82f3bc\">Jo\u00e3o Luiz dos Santos, Em\u00edlia\u2019s father, lived in the previous century in the interior of Bahia, where he was involved in politics. He was the most frequent communicating spirit through his daughter\u2019s mediumship. As was said at the time, he was her mentor. Naturally, he participated in guiding the group that formed and gave rise to the institutions mentioned above.<\/p>\n\n\n\n<p class=\"has-black-color has-text-color has-link-color has-small-font-size wp-elements-07e0dcc25bdefeb378661d0472034856\">At various times in her life, she attempted to teach Spiritism to children. There are sporadic articles authored by her in the Spiritist press, such as \u201cAmor Fraternal\u201d in the Mensageiro do \u00d3rf\u00e3o of S\u00e3o Manoel, dated 15 October 1943.<\/p>\n\n\n\n<p class=\"has-black-color has-text-color has-link-color has-small-font-size wp-elements-c232bf84ece61777c400a700a7855089\">On 30 December 1959, together with Rolando Perri Cefaly, she founded the Evangelical Study Group \u201cJo\u00e3o Luiz dos Santos\u201d in her home, which met on Fridays. At that time, every new psychographed book by Chico Xavier was read with great interest. Accompanied by her mother and uncles, she had the opportunity, as a child, to attend these meetings from the beginning. At the end, she would usually serve a communal dinner.<\/p>\n\n\n\n<p class=\"has-black-color has-text-color has-link-color has-small-font-size wp-elements-b3b288c99278b31aff1b65054009f090\">On 7 October 1960, she was, together with Rolando Perri Cefaly, Josefina Perri Cefaly de Carvalho, Walter Perri Cefaly, and Pedro Perri, a co-founder of the institution \u201cNosso Lar\u201d in Jardim Planalto, Ara\u00e7atuba, serving as vice-president. This institution was inaugurated in 1961, and a year later, a second branch was established in another neighbourhood, the Casa Transit\u00f3ria. In both locations, she attended to needy people, acted as a psychophonic medium and passist, and conducted evangelisation classes. She founded the Christian Moral Classes Neio L\u00facio, held on Sunday mornings before the public meetings of the institution \u201cNosso Lar\u201d. She also encouraged the founding of the Spiritist Youth group \u201cIrma Ragazzi Martins\u201d.<\/p>\n\n\n\n<p class=\"has-black-color has-text-color has-link-color has-small-font-size wp-elements-112c4ed3539d2a6cefd94692c142aa82\">After her death, she was honoured by having the soup kitchen \u201cEm\u00edlia Santos\u201d named after her, which was inaugurated on her birthday in 1966. During the campaign to build this social work, the pamphlet Gotas Espirituais, a compilation of Spiritist phrases prepared by Mr Jos\u00e9 Rubens Braga da Silva, was printed.<\/p>\n\n\n\n<p class=\"has-black-color has-text-color has-link-color has-small-font-size wp-elements-fa293a70ccd77187d997fa71d2cf664c\">At the same time, the former \u201cR\u201d street, where the institution \u201cNosso Lar\u201d is located in Jardim Planalto, also received her name.<\/p>\n<\/div><\/div>\n\n\n\n<div class=\"wp-block-uagb-container uagb-block-0b5a0e02 alignfull uagb-is-root-container\"><div class=\"uagb-container-inner-blocks-wrap\"><\/div><\/div>\n\n\n\n<div class=\"wp-block-uagb-container uagb-block-e5a066e8 alignfull uagb-is-root-container\"><div class=\"uagb-container-inner-blocks-wrap\"><\/div><\/div>","protected":false},"excerpt":{"rendered":"<p>Em\u00edlia Santos Em\u00edlia Santos naci\u00f3 el 1 de enero de 1896 en la ciudad de Santa Maria da Vit\u00f3ria, BA, y falleci\u00f3 el 26\/09\/1964 en Ara\u00e7atuba, SP. Era hija de Jo\u00e3o Luiz dos Santos y Joana Ferreira de Souza y permaneci\u00f3 soltera. En Ara\u00e7atuba, en 1943, firm\u00f3 el acta de fundaci\u00f3n de la Alianza Esp\u00edrita [&hellip;]<\/p>","protected":false},"author":1,"featured_media":0,"parent":0,"menu_order":0,"comment_status":"closed","ping_status":"closed","template":"","meta":{"_uag_custom_page_level_css":"","site-sidebar-layout":"default","site-content-layout":"","ast-site-content-layout":"default","site-content-style":"default","site-sidebar-style":"default","ast-global-header-display":"","ast-banner-title-visibility":"","ast-main-header-display":"","ast-hfb-above-header-display":"","ast-hfb-below-header-display":"","ast-hfb-mobile-header-display":"","site-post-title":"disabled","ast-breadcrumbs-content":"","ast-featured-img":"","footer-sml-layout":"","theme-transparent-header-meta":"","adv-header-id-meta":"","stick-header-meta":"","header-above-stick-meta":"","header-main-stick-meta":"","header-below-stick-meta":"","astra-migrate-meta-layouts":"set","ast-page-background-enabled":"default","ast-page-background-meta":{"desktop":{"background-color":"var(--ast-global-color-4)","background-image":"","background-repeat":"repeat","background-position":"center center","background-size":"auto","background-attachment":"scroll","background-type":"","background-media":"","overlay-type":"","overlay-color":"","overlay-opacity":"","overlay-gradient":""},"tablet":{"background-color":"","background-image":"","background-repeat":"repeat","background-position":"center center","background-size":"auto","background-attachment":"scroll","background-type":"","background-media":"","overlay-type":"","overlay-color":"","overlay-opacity":"","overlay-gradient":""},"mobile":{"background-color":"","background-image":"","background-repeat":"repeat","background-position":"center center","background-size":"auto","background-attachment":"scroll","background-type":"","background-media":"","overlay-type":"","overlay-color":"","overlay-opacity":"","overlay-gradient":""}},"ast-content-background-meta":{"desktop":{"background-color":"var(--ast-global-color-5)","background-image":"","background-repeat":"repeat","background-position":"center center","background-size":"auto","background-attachment":"scroll","background-type":"","background-media":"","overlay-type":"","overlay-color":"","overlay-opacity":"","overlay-gradient":""},"tablet":{"background-color":"var(--ast-global-color-5)","background-image":"","background-repeat":"repeat","background-position":"center center","background-size":"auto","background-attachment":"scroll","background-type":"","background-media":"","overlay-type":"","overlay-color":"","overlay-opacity":"","overlay-gradient":""},"mobile":{"background-color":"var(--ast-global-color-5)","background-image":"","background-repeat":"repeat","background-position":"center center","background-size":"auto","background-attachment":"scroll","background-type":"","background-media":"","overlay-type":"","overlay-color":"","overlay-opacity":"","overlay-gradient":""}},"footnotes":""},"class_list":["post-8807","page","type-page","status-publish","hentry"],"yoast_head":"<!-- This site is optimized with the Yoast SEO Premium plugin v24.2 (Yoast SEO v24.6) - https:\/\/yoast.com\/wordpress\/plugins\/seo\/ -->\n<title>Em\u00edlia Santos - Uni\u00f3n Esp\u00edrita<\/title>\n<meta name=\"robots\" content=\"index, follow, max-snippet:-1, max-image-preview:large, max-video-preview:-1\" \/>\n<link rel=\"canonical\" href=\"https:\/\/nuevo-renacer.com\/en\/emilia-santos\/\" \/>\n<meta property=\"og:locale\" content=\"en_GB\" \/>\n<meta property=\"og:type\" content=\"article\" \/>\n<meta property=\"og:title\" content=\"Em\u00edlia Santos\" \/>\n<meta property=\"og:description\" content=\"Em\u00edlia Santos Em\u00edlia Santos naci\u00f3 el 1 de enero de 1896 en la ciudad de Santa Maria da Vit\u00f3ria, BA, y falleci\u00f3 el 26\/09\/1964 en Ara\u00e7atuba, SP. Era hija de Jo\u00e3o Luiz dos Santos y Joana Ferreira de Souza y permaneci\u00f3 soltera. En Ara\u00e7atuba, en 1943, firm\u00f3 el acta de fundaci\u00f3n de la Alianza Esp\u00edrita [&hellip;]\" \/>\n<meta property=\"og:url\" content=\"https:\/\/nuevo-renacer.com\/en\/emilia-santos\/\" \/>\n<meta property=\"og:site_name\" content=\"Uni\u00f3n Esp\u00edrita\" \/>\n<meta property=\"article:publisher\" content=\"https:\/\/www.facebook.com\/groups\/3431398063740829\" \/>\n<meta property=\"article:modified_time\" content=\"2026-03-12T10:34:22+00:00\" \/>\n<meta property=\"og:image\" content=\"https:\/\/nuevo-renacer.com\/wp-content\/uploads\/2026\/03\/Emilia-Santos.jpg\" \/>\n\t<meta property=\"og:image:width\" content=\"373\" \/>\n\t<meta property=\"og:image:height\" content=\"412\" \/>\n\t<meta property=\"og:image:type\" content=\"image\/jpeg\" \/>\n<meta name=\"twitter:card\" content=\"summary_large_image\" \/>\n<meta name=\"twitter:label1\" content=\"Estimated reading time\" \/>\n\t<meta name=\"twitter:data1\" content=\"4 minutes\" \/>\n<script type=\"application\/ld+json\" class=\"yoast-schema-graph\">{\"@context\":\"https:\/\/schema.org\",\"@graph\":[{\"@type\":\"WebPage\",\"@id\":\"https:\/\/nuevo-renacer.com\/emilia-santos\/\",\"url\":\"https:\/\/nuevo-renacer.com\/emilia-santos\/\",\"name\":\"Em\u00edlia Santos - Uni\u00f3n Esp\u00edrita\",\"isPartOf\":{\"@id\":\"https:\/\/nuevo-renacer.com\/#website\"},\"primaryImageOfPage\":{\"@id\":\"https:\/\/nuevo-renacer.com\/emilia-santos\/#primaryimage\"},\"image\":{\"@id\":\"https:\/\/nuevo-renacer.com\/emilia-santos\/#primaryimage\"},\"thumbnailUrl\":\"https:\/\/nuevo-renacer.com\/wp-content\/uploads\/2026\/03\/Emilia-Santos.jpg\",\"datePublished\":\"2026-03-12T10:34:19+00:00\",\"dateModified\":\"2026-03-12T10:34:22+00:00\",\"breadcrumb\":{\"@id\":\"https:\/\/nuevo-renacer.com\/emilia-santos\/#breadcrumb\"},\"inLanguage\":\"en-GB\",\"potentialAction\":[{\"@type\":\"ReadAction\",\"target\":[\"https:\/\/nuevo-renacer.com\/emilia-santos\/\"]}]},{\"@type\":\"ImageObject\",\"inLanguage\":\"en-GB\",\"@id\":\"https:\/\/nuevo-renacer.com\/emilia-santos\/#primaryimage\",\"url\":\"https:\/\/nuevo-renacer.com\/wp-content\/uploads\/2026\/03\/Emilia-Santos.jpg\",\"contentUrl\":\"https:\/\/nuevo-renacer.com\/wp-content\/uploads\/2026\/03\/Emilia-Santos.jpg\"},{\"@type\":\"BreadcrumbList\",\"@id\":\"https:\/\/nuevo-renacer.com\/emilia-santos\/#breadcrumb\",\"itemListElement\":[{\"@type\":\"ListItem\",\"position\":1,\"name\":\"Startseite\",\"item\":\"https:\/\/nuevo-renacer.com\/\"},{\"@type\":\"ListItem\",\"position\":2,\"name\":\"Em\u00edlia Santos\"}]},{\"@type\":\"WebSite\",\"@id\":\"https:\/\/nuevo-renacer.com\/#website\",\"url\":\"https:\/\/nuevo-renacer.com\/\",\"name\":\"Uni\u00f3n Esp\u00edrita\",\"description\":\"Nuevo Renacer\",\"publisher\":{\"@id\":\"https:\/\/nuevo-renacer.com\/#organization\"},\"potentialAction\":[{\"@type\":\"SearchAction\",\"target\":{\"@type\":\"EntryPoint\",\"urlTemplate\":\"https:\/\/nuevo-renacer.com\/?s={search_term_string}\"},\"query-input\":{\"@type\":\"PropertyValueSpecification\",\"valueRequired\":true,\"valueName\":\"search_term_string\"}}],\"inLanguage\":\"en-GB\"},{\"@type\":\"Organization\",\"@id\":\"https:\/\/nuevo-renacer.com\/#organization\",\"name\":\"UFEC\",\"url\":\"https:\/\/nuevo-renacer.com\/\",\"logo\":{\"@type\":\"ImageObject\",\"inLanguage\":\"en-GB\",\"@id\":\"https:\/\/nuevo-renacer.com\/#\/schema\/logo\/image\/\",\"url\":\"https:\/\/nuevo-renacer.com\/wp-content\/uploads\/2024\/05\/cropped-LOGO-TERMINADO1-3-3.png\",\"contentUrl\":\"https:\/\/nuevo-renacer.com\/wp-content\/uploads\/2024\/05\/cropped-LOGO-TERMINADO1-3-3.png\",\"width\":512,\"height\":512,\"caption\":\"UFEC\"},\"image\":{\"@id\":\"https:\/\/nuevo-renacer.com\/#\/schema\/logo\/image\/\"},\"sameAs\":[\"https:\/\/www.facebook.com\/groups\/3431398063740829\"]}]}<\/script>\n<!-- \/ Yoast SEO Premium plugin. -->","yoast_head_json":{"title":"Em\u00edlia Santos - Uni\u00f3n Esp\u00edrita","robots":{"index":"index","follow":"follow","max-snippet":"max-snippet:-1","max-image-preview":"max-image-preview:large","max-video-preview":"max-video-preview:-1"},"canonical":"https:\/\/nuevo-renacer.com\/en\/emilia-santos\/","og_locale":"en_GB","og_type":"article","og_title":"Em\u00edlia Santos","og_description":"Em\u00edlia Santos Em\u00edlia Santos naci\u00f3 el 1 de enero de 1896 en la ciudad de Santa Maria da Vit\u00f3ria, BA, y falleci\u00f3 el 26\/09\/1964 en Ara\u00e7atuba, SP. Era hija de Jo\u00e3o Luiz dos Santos y Joana Ferreira de Souza y permaneci\u00f3 soltera. En Ara\u00e7atuba, en 1943, firm\u00f3 el acta de fundaci\u00f3n de la Alianza Esp\u00edrita [&hellip;]","og_url":"https:\/\/nuevo-renacer.com\/en\/emilia-santos\/","og_site_name":"Uni\u00f3n Esp\u00edrita","article_publisher":"https:\/\/www.facebook.com\/groups\/3431398063740829","article_modified_time":"2026-03-12T10:34:22+00:00","og_image":[{"width":373,"height":412,"url":"https:\/\/nuevo-renacer.com\/wp-content\/uploads\/2026\/03\/Emilia-Santos.jpg","type":"image\/jpeg"}],"twitter_card":"summary_large_image","twitter_misc":{"Estimated reading time":"4 minutes"},"schema":{"@context":"https:\/\/schema.org","@graph":[{"@type":"WebPage","@id":"https:\/\/nuevo-renacer.com\/emilia-santos\/","url":"https:\/\/nuevo-renacer.com\/emilia-santos\/","name":"Em\u00edlia Santos - Uni\u00f3n Esp\u00edrita","isPartOf":{"@id":"https:\/\/nuevo-renacer.com\/#website"},"primaryImageOfPage":{"@id":"https:\/\/nuevo-renacer.com\/emilia-santos\/#primaryimage"},"image":{"@id":"https:\/\/nuevo-renacer.com\/emilia-santos\/#primaryimage"},"thumbnailUrl":"https:\/\/nuevo-renacer.com\/wp-content\/uploads\/2026\/03\/Emilia-Santos.jpg","datePublished":"2026-03-12T10:34:19+00:00","dateModified":"2026-03-12T10:34:22+00:00","breadcrumb":{"@id":"https:\/\/nuevo-renacer.com\/emilia-santos\/#breadcrumb"},"inLanguage":"en-GB","potentialAction":[{"@type":"ReadAction","target":["https:\/\/nuevo-renacer.com\/emilia-santos\/"]}]},{"@type":"ImageObject","inLanguage":"en-GB","@id":"https:\/\/nuevo-renacer.com\/emilia-santos\/#primaryimage","url":"https:\/\/nuevo-renacer.com\/wp-content\/uploads\/2026\/03\/Emilia-Santos.jpg","contentUrl":"https:\/\/nuevo-renacer.com\/wp-content\/uploads\/2026\/03\/Emilia-Santos.jpg"},{"@type":"BreadcrumbList","@id":"https:\/\/nuevo-renacer.com\/emilia-santos\/#breadcrumb","itemListElement":[{"@type":"ListItem","position":1,"name":"Startseite","item":"https:\/\/nuevo-renacer.com\/"},{"@type":"ListItem","position":2,"name":"Em\u00edlia Santos"}]},{"@type":"WebSite","@id":"https:\/\/nuevo-renacer.com\/#website","url":"https:\/\/nuevo-renacer.com\/","name":"Uni\u00f3n Esp\u00edrita","description":"Nuevo Renacer","publisher":{"@id":"https:\/\/nuevo-renacer.com\/#organization"},"potentialAction":[{"@type":"SearchAction","target":{"@type":"EntryPoint","urlTemplate":"https:\/\/nuevo-renacer.com\/?s={search_term_string}"},"query-input":{"@type":"PropertyValueSpecification","valueRequired":true,"valueName":"search_term_string"}}],"inLanguage":"en-GB"},{"@type":"Organization","@id":"https:\/\/nuevo-renacer.com\/#organization","name":"UFEC","url":"https:\/\/nuevo-renacer.com\/","logo":{"@type":"ImageObject","inLanguage":"en-GB","@id":"https:\/\/nuevo-renacer.com\/#\/schema\/logo\/image\/","url":"https:\/\/nuevo-renacer.com\/wp-content\/uploads\/2024\/05\/cropped-LOGO-TERMINADO1-3-3.png","contentUrl":"https:\/\/nuevo-renacer.com\/wp-content\/uploads\/2024\/05\/cropped-LOGO-TERMINADO1-3-3.png","width":512,"height":512,"caption":"UFEC"},"image":{"@id":"https:\/\/nuevo-renacer.com\/#\/schema\/logo\/image\/"},"sameAs":["https:\/\/www.facebook.com\/groups\/3431398063740829"]}]}},"uagb_featured_image_src":{"full":false,"thumbnail":false,"medium":false,"medium_large":false,"large":false,"1536x1536":false,"2048x2048":false,"trp-custom-language-flag":false},"uagb_author_info":{"display_name":"adbv0","author_link":"https:\/\/nuevo-renacer.com\/en\/author\/adbv0\/"},"uagb_comment_info":0,"uagb_excerpt":"Em\u00edlia Santos Em\u00edlia Santos naci\u00f3 el 1 de enero de 1896 en la ciudad de Santa Maria da Vit\u00f3ria, BA, y falleci\u00f3 el 26\/09\/1964 en Ara\u00e7atuba, SP. Era hija de Jo\u00e3o Luiz dos Santos y Joana Ferreira de Souza y permaneci\u00f3 soltera. En Ara\u00e7atuba, en 1943, firm\u00f3 el acta de fundaci\u00f3n de la Alianza Esp\u00edrita&hellip;","jetpack_sharing_enabled":true,"_links":{"self":[{"href":"https:\/\/nuevo-renacer.com\/en\/wp-json\/wp\/v2\/pages\/8807","targetHints":{"allow":["GET"]}}],"collection":[{"href":"https:\/\/nuevo-renacer.com\/en\/wp-json\/wp\/v2\/pages"}],"about":[{"href":"https:\/\/nuevo-renacer.com\/en\/wp-json\/wp\/v2\/types\/page"}],"author":[{"embeddable":true,"href":"https:\/\/nuevo-renacer.com\/en\/wp-json\/wp\/v2\/users\/1"}],"replies":[{"embeddable":true,"href":"https:\/\/nuevo-renacer.com\/en\/wp-json\/wp\/v2\/comments?post=8807"}],"version-history":[{"count":1,"href":"https:\/\/nuevo-renacer.com\/en\/wp-json\/wp\/v2\/pages\/8807\/revisions"}],"predecessor-version":[{"id":8809,"href":"https:\/\/nuevo-renacer.com\/en\/wp-json\/wp\/v2\/pages\/8807\/revisions\/8809"}],"wp:attachment":[{"href":"https:\/\/nuevo-renacer.com\/en\/wp-json\/wp\/v2\/media?parent=8807"}],"curies":[{"name":"wp","href":"https:\/\/api.w.org\/{rel}","templated":true}]}}