{"id":8807,"date":"2026-03-12T10:34:19","date_gmt":"2026-03-12T10:34:19","guid":{"rendered":"https:\/\/nuevo-renacer.com\/?page_id=8807"},"modified":"2026-03-12T10:34:22","modified_gmt":"2026-03-12T10:34:22","slug":"emilia-santos","status":"publish","type":"page","link":"https:\/\/nuevo-renacer.com\/de\/emilia-santos\/","title":{"rendered":"Em\u00edlia Santos"},"content":{"rendered":"<div class=\"wp-block-uagb-container uagb-block-524c18d3 alignfull uagb-is-root-container\"><div class=\"uagb-container-inner-blocks-wrap\">\n<p class=\"has-black-color has-text-color has-link-color has-medium-font-size wp-elements-4d692865b8b71a3e7e96f45ef7ff1277\"><strong>Em\u00edlia Santos<\/strong><\/p>\n<\/div><\/div>\n\n\n\n<div class=\"wp-block-uagb-container uagb-block-5c59decc alignfull uagb-is-root-container\"><div class=\"uagb-container-inner-blocks-wrap\">\n<figure class=\"wp-block-image size-full is-resized\"><img fetchpriority=\"high\" decoding=\"async\" width=\"373\" height=\"412\" src=\"https:\/\/nuevo-renacer.com\/wp-content\/uploads\/2026\/03\/Emilia-Santos.jpg\" alt=\"\" class=\"wp-image-8808\" style=\"aspect-ratio:0.9053756680289218;width:296px;height:auto\" srcset=\"https:\/\/nuevo-renacer.com\/wp-content\/uploads\/2026\/03\/Emilia-Santos.jpg 373w, https:\/\/nuevo-renacer.com\/wp-content\/uploads\/2026\/03\/Emilia-Santos-272x300.jpg 272w, https:\/\/nuevo-renacer.com\/wp-content\/uploads\/2026\/03\/Emilia-Santos-11x12.jpg 11w\" sizes=\"(max-width: 373px) 100vw, 373px\" \/><\/figure>\n<\/div><\/div>\n\n\n\n<div class=\"wp-block-uagb-container uagb-block-e92e4b58 alignfull uagb-is-root-container\"><div class=\"uagb-container-inner-blocks-wrap\">\n<p class=\"has-black-color has-text-color has-link-color has-small-font-size wp-elements-289acdb1086011e6060203c3d4a83df5\">Em\u00edlia Santos wurde am 1. Januar 1896 in der Stadt Santa Maria da Vit\u00f3ria, BA, geboren und verstarb am 26.09.1964 in Ara\u00e7atuba, SP. Sie war die Tochter von Jo\u00e3o Luiz dos Santos und Joana Ferreira de Souza und blieb ledig.<\/p>\n\n\n\n<p class=\"has-black-color has-text-color has-link-color has-small-font-size wp-elements-8b48e1d9268f854afcf7dec63621c9d4\">In Ara\u00e7atuba unterzeichnete sie 1943 die Gr\u00fcndungsurkunde der Spiritistischen Allianz \u201eVaras da Videira\u201c. Zur gleichen Zeit wurde sie Mitarbeiterin von Benedita Fernandes in der Vereinigung der Christlichen Damen. Nach dem Ableben dieser im Jahr 1947 wurde sie zur regelm\u00e4\u00dfigen mediumnischen Mitarbeiterin des Spiritistischen Zentrums \u201eAmor e Caridade\u201c in der benachbarten, sehr nahe gelegenen Stadt Birigui.<\/p>\n\n\n\n<p class=\"has-black-color has-text-color has-link-color has-small-font-size wp-elements-6fdbc385c36190ea5b771c678222d9d0\">Em\u00edlia Santos verkaufte Tisch-, Bett- und Kleidungswaren in ihrem Haus und oft auch direkt bei Kunden zu Hause, mithilfe der traditionellen Wagen, die in Ara\u00e7atuba \u00fcblich waren. Sie war \u00e4u\u00dferst wohlt\u00e4tig. Viele Menschen suchten sie in Ara\u00e7atuba auf, um ein Wort des Trostes, Orientierung oder einen spiritistischen Pass zu erhalten. Sie unternahm w\u00f6chentliche Pilgerfahrten und verteilte Snacks an bed\u00fcrftige Familien. In den 1950er Jahren organisierte sie Snacks anl\u00e4sslich des Geburtstags ihres Vaters (\u201eTag des Heiligen Johannes\u201c) und zu Weihnachten, die sie in sozialen Einrichtungen, im Gef\u00e4ngnis und im Santa Casa von Ara\u00e7atuba verteilte.<\/p>\n\n\n\n<p class=\"has-black-color has-text-color has-link-color has-small-font-size wp-elements-deeb8794a090d32d251576f32c82f3bc\">Jo\u00e3o Luiz dos Santos, Em\u00edlias Vater, lebte im letzten Jahrhundert im Inneren von Bahia, wo er in der Politik t\u00e4tig war. Er war der h\u00e4ufigste kommunizierende Geist durch die mediale F\u00e4higkeit seiner Tochter. Wie man damals sagte, war er ihr Mentor. Selbstverst\u00e4ndlich war er an der Leitung der Gruppe beteiligt, die sich formierte und aus der die bereits erw\u00e4hnten Institutionen hervorgingen.<\/p>\n\n\n\n<p class=\"has-black-color has-text-color has-link-color has-small-font-size wp-elements-07e0dcc25bdefeb378661d0472034856\">In einigen Phasen ihres Lebens versuchte sie, Kindern Unterricht im Spiritismus zu geben. Es gibt vereinzelte Artikel von ihr in der spiritistischen Presse, wie \u201eAmor Fraternal\u201c im \u201eMensageiro do \u00d3rf\u00e3o\u201c aus S\u00e3o Manoel vom 15.10.1943.<\/p>\n\n\n\n<p class=\"has-black-color has-text-color has-link-color has-small-font-size wp-elements-c232bf84ece61777c400a700a7855089\">Am 30. Dezember 1959 gr\u00fcndete sie zusammen mit Rolando Perri Cefaly in ihrem Haus die Evangelischen Studiengruppe \u201eJo\u00e3o Luiz dos Santos\u201c, die freitags stattfand. Zu jener Zeit wurde jedes neue psychografierte Buch von Chico Xavier mit gro\u00dfem Interesse gelesen. Zusammen mit ihrer Mutter und ihrem Onkeln hatte sie als Kind die M\u00f6glichkeit, diese Treffen von Anfang an zu besuchen. Am Ende servierte sie \u00fcblicherweise ein gemeinsames Abendessen.<\/p>\n\n\n\n<p class=\"has-black-color has-text-color has-link-color has-small-font-size wp-elements-b3b288c99278b31aff1b65054009f090\">Am 7. Oktober 1960 war sie zusammen mit Rolando Perri Cefaly, Josefina Perri Cefaly de Carvalho, Walter Perri Cefaly und Pedro Perri Mitbegr\u00fcnderin der Institution \u201eNosso Lar\u201c im Jardim Planalto in Ara\u00e7atuba und bekleidete dort das Amt der Vizepr\u00e4sidentin. Diese Institution wurde 1961 eingeweiht und ein Jahr sp\u00e4ter entstand eine zweite Niederlassung in einem anderen Stadtviertel, die Casa Transit\u00f3ria. In beiden Einrichtungen k\u00fcmmerte sie sich um bed\u00fcrftige Menschen, wirkte als psychophones Medium und Passistin und erteilte Evangelisierungsunterricht. Sie gr\u00fcndete die Unterrichtsstunden f\u00fcr Christliche Moral Neio L\u00facio, die sonntagvormittags vor den \u00f6ffentlichen Versammlungen der Institution \u201eNosso Lar\u201c stattfanden. Sie f\u00f6rderte die Gr\u00fcndung der Spiritistischen Jugend \u201eIrma Ragazzi Martins\u201c.<\/p>\n\n\n\n<p class=\"has-black-color has-text-color has-link-color has-small-font-size wp-elements-112c4ed3539d2a6cefd94692c142aa82\">Nach ihrem Tod wurde ihr zu Ehren die Suppenk\u00fcche \u201eEm\u00edlia Santos\u201c benannt, die am Tag ihres Geburtstags im Jahr 1966 er\u00f6ffnet wurde. W\u00e4hrend der Kampagne f\u00fcr den Bau dieser sozialen Einrichtung wurde das Heft \u201eGotas Espirituais\u201c, eine Sammlung spiritistischer Zitate, vom Herrn Jos\u00e9 Rubens Braga da Silva zusammengestellt und gedruckt.<\/p>\n\n\n\n<p class=\"has-black-color has-text-color has-link-color has-small-font-size wp-elements-fa293a70ccd77187d997fa71d2cf664c\">Zur gleichen Zeit erhielt auch die fr\u00fchere Stra\u00dfe \u201eR\u201c, in der sich die Institution \u201eNosso Lar\u201c im Jardim Planalto befindet, ihren Namen.<\/p>\n<\/div><\/div>\n\n\n\n<div class=\"wp-block-uagb-container uagb-block-0b5a0e02 alignfull uagb-is-root-container\"><div class=\"uagb-container-inner-blocks-wrap\"><\/div><\/div>\n\n\n\n<div class=\"wp-block-uagb-container uagb-block-e5a066e8 alignfull uagb-is-root-container\"><div class=\"uagb-container-inner-blocks-wrap\"><\/div><\/div>","protected":false},"excerpt":{"rendered":"<p>Em\u00edlia Santos Em\u00edlia Santos naci\u00f3 el 1 de enero de 1896 en la ciudad de Santa Maria da Vit\u00f3ria, BA, y falleci\u00f3 el 26\/09\/1964 en Ara\u00e7atuba, SP. Era hija de Jo\u00e3o Luiz dos Santos y Joana Ferreira de Souza y permaneci\u00f3 soltera. En Ara\u00e7atuba, en 1943, firm\u00f3 el acta de fundaci\u00f3n de la Alianza Esp\u00edrita [&hellip;]<\/p>","protected":false},"author":1,"featured_media":0,"parent":0,"menu_order":0,"comment_status":"closed","ping_status":"closed","template":"","meta":{"_uag_custom_page_level_css":"","site-sidebar-layout":"default","site-content-layout":"","ast-site-content-layout":"default","site-content-style":"default","site-sidebar-style":"default","ast-global-header-display":"","ast-banner-title-visibility":"","ast-main-header-display":"","ast-hfb-above-header-display":"","ast-hfb-below-header-display":"","ast-hfb-mobile-header-display":"","site-post-title":"disabled","ast-breadcrumbs-content":"","ast-featured-img":"","footer-sml-layout":"","theme-transparent-header-meta":"","adv-header-id-meta":"","stick-header-meta":"","header-above-stick-meta":"","header-main-stick-meta":"","header-below-stick-meta":"","astra-migrate-meta-layouts":"set","ast-page-background-enabled":"default","ast-page-background-meta":{"desktop":{"background-color":"var(--ast-global-color-4)","background-image":"","background-repeat":"repeat","background-position":"center center","background-size":"auto","background-attachment":"scroll","background-type":"","background-media":"","overlay-type":"","overlay-color":"","overlay-opacity":"","overlay-gradient":""},"tablet":{"background-color":"","background-image":"","background-repeat":"repeat","background-position":"center center","background-size":"auto","background-attachment":"scroll","background-type":"","background-media":"","overlay-type":"","overlay-color":"","overlay-opacity":"","overlay-gradient":""},"mobile":{"background-color":"","background-image":"","background-repeat":"repeat","background-position":"center center","background-size":"auto","background-attachment":"scroll","background-type":"","background-media":"","overlay-type":"","overlay-color":"","overlay-opacity":"","overlay-gradient":""}},"ast-content-background-meta":{"desktop":{"background-color":"var(--ast-global-color-5)","background-image":"","background-repeat":"repeat","background-position":"center center","background-size":"auto","background-attachment":"scroll","background-type":"","background-media":"","overlay-type":"","overlay-color":"","overlay-opacity":"","overlay-gradient":""},"tablet":{"background-color":"var(--ast-global-color-5)","background-image":"","background-repeat":"repeat","background-position":"center center","background-size":"auto","background-attachment":"scroll","background-type":"","background-media":"","overlay-type":"","overlay-color":"","overlay-opacity":"","overlay-gradient":""},"mobile":{"background-color":"var(--ast-global-color-5)","background-image":"","background-repeat":"repeat","background-position":"center center","background-size":"auto","background-attachment":"scroll","background-type":"","background-media":"","overlay-type":"","overlay-color":"","overlay-opacity":"","overlay-gradient":""}},"footnotes":""},"class_list":["post-8807","page","type-page","status-publish","hentry"],"yoast_head":"<!-- This site is optimized with the Yoast SEO Premium plugin v24.2 (Yoast SEO v24.6) - https:\/\/yoast.com\/wordpress\/plugins\/seo\/ -->\n<title>Em\u00edlia Santos - Uni\u00f3n Esp\u00edrita<\/title>\n<meta name=\"robots\" content=\"index, follow, max-snippet:-1, max-image-preview:large, max-video-preview:-1\" \/>\n<link rel=\"canonical\" href=\"https:\/\/nuevo-renacer.com\/de\/emilia-santos\/\" \/>\n<meta property=\"og:locale\" content=\"de_DE\" \/>\n<meta property=\"og:type\" content=\"article\" \/>\n<meta property=\"og:title\" content=\"Em\u00edlia Santos\" \/>\n<meta property=\"og:description\" content=\"Em\u00edlia Santos Em\u00edlia Santos naci\u00f3 el 1 de enero de 1896 en la ciudad de Santa Maria da Vit\u00f3ria, BA, y falleci\u00f3 el 26\/09\/1964 en Ara\u00e7atuba, SP. Era hija de Jo\u00e3o Luiz dos Santos y Joana Ferreira de Souza y permaneci\u00f3 soltera. En Ara\u00e7atuba, en 1943, firm\u00f3 el acta de fundaci\u00f3n de la Alianza Esp\u00edrita [&hellip;]\" \/>\n<meta property=\"og:url\" content=\"https:\/\/nuevo-renacer.com\/de\/emilia-santos\/\" \/>\n<meta property=\"og:site_name\" content=\"Uni\u00f3n Esp\u00edrita\" \/>\n<meta property=\"article:publisher\" content=\"https:\/\/www.facebook.com\/groups\/3431398063740829\" \/>\n<meta property=\"article:modified_time\" content=\"2026-03-12T10:34:22+00:00\" \/>\n<meta property=\"og:image\" content=\"https:\/\/nuevo-renacer.com\/wp-content\/uploads\/2026\/03\/Emilia-Santos.jpg\" \/>\n\t<meta property=\"og:image:width\" content=\"373\" \/>\n\t<meta property=\"og:image:height\" content=\"412\" \/>\n\t<meta property=\"og:image:type\" content=\"image\/jpeg\" \/>\n<meta name=\"twitter:card\" content=\"summary_large_image\" \/>\n<meta name=\"twitter:label1\" content=\"Gesch\u00e4tzte Lesezeit\" \/>\n\t<meta name=\"twitter:data1\" content=\"4\u00a0Minuten\" \/>\n<script type=\"application\/ld+json\" class=\"yoast-schema-graph\">{\"@context\":\"https:\/\/schema.org\",\"@graph\":[{\"@type\":\"WebPage\",\"@id\":\"https:\/\/nuevo-renacer.com\/emilia-santos\/\",\"url\":\"https:\/\/nuevo-renacer.com\/emilia-santos\/\",\"name\":\"Em\u00edlia Santos - Uni\u00f3n Esp\u00edrita\",\"isPartOf\":{\"@id\":\"https:\/\/nuevo-renacer.com\/#website\"},\"primaryImageOfPage\":{\"@id\":\"https:\/\/nuevo-renacer.com\/emilia-santos\/#primaryimage\"},\"image\":{\"@id\":\"https:\/\/nuevo-renacer.com\/emilia-santos\/#primaryimage\"},\"thumbnailUrl\":\"https:\/\/nuevo-renacer.com\/wp-content\/uploads\/2026\/03\/Emilia-Santos.jpg\",\"datePublished\":\"2026-03-12T10:34:19+00:00\",\"dateModified\":\"2026-03-12T10:34:22+00:00\",\"breadcrumb\":{\"@id\":\"https:\/\/nuevo-renacer.com\/emilia-santos\/#breadcrumb\"},\"inLanguage\":\"de\",\"potentialAction\":[{\"@type\":\"ReadAction\",\"target\":[\"https:\/\/nuevo-renacer.com\/emilia-santos\/\"]}]},{\"@type\":\"ImageObject\",\"inLanguage\":\"de\",\"@id\":\"https:\/\/nuevo-renacer.com\/emilia-santos\/#primaryimage\",\"url\":\"https:\/\/nuevo-renacer.com\/wp-content\/uploads\/2026\/03\/Emilia-Santos.jpg\",\"contentUrl\":\"https:\/\/nuevo-renacer.com\/wp-content\/uploads\/2026\/03\/Emilia-Santos.jpg\"},{\"@type\":\"BreadcrumbList\",\"@id\":\"https:\/\/nuevo-renacer.com\/emilia-santos\/#breadcrumb\",\"itemListElement\":[{\"@type\":\"ListItem\",\"position\":1,\"name\":\"Startseite\",\"item\":\"https:\/\/nuevo-renacer.com\/\"},{\"@type\":\"ListItem\",\"position\":2,\"name\":\"Em\u00edlia Santos\"}]},{\"@type\":\"WebSite\",\"@id\":\"https:\/\/nuevo-renacer.com\/#website\",\"url\":\"https:\/\/nuevo-renacer.com\/\",\"name\":\"Uni\u00f3n Esp\u00edrita\",\"description\":\"Nuevo Renacer\",\"publisher\":{\"@id\":\"https:\/\/nuevo-renacer.com\/#organization\"},\"potentialAction\":[{\"@type\":\"SearchAction\",\"target\":{\"@type\":\"EntryPoint\",\"urlTemplate\":\"https:\/\/nuevo-renacer.com\/?s={search_term_string}\"},\"query-input\":{\"@type\":\"PropertyValueSpecification\",\"valueRequired\":true,\"valueName\":\"search_term_string\"}}],\"inLanguage\":\"de\"},{\"@type\":\"Organization\",\"@id\":\"https:\/\/nuevo-renacer.com\/#organization\",\"name\":\"UFEC\",\"url\":\"https:\/\/nuevo-renacer.com\/\",\"logo\":{\"@type\":\"ImageObject\",\"inLanguage\":\"de\",\"@id\":\"https:\/\/nuevo-renacer.com\/#\/schema\/logo\/image\/\",\"url\":\"https:\/\/nuevo-renacer.com\/wp-content\/uploads\/2024\/05\/cropped-LOGO-TERMINADO1-3-3.png\",\"contentUrl\":\"https:\/\/nuevo-renacer.com\/wp-content\/uploads\/2024\/05\/cropped-LOGO-TERMINADO1-3-3.png\",\"width\":512,\"height\":512,\"caption\":\"UFEC\"},\"image\":{\"@id\":\"https:\/\/nuevo-renacer.com\/#\/schema\/logo\/image\/\"},\"sameAs\":[\"https:\/\/www.facebook.com\/groups\/3431398063740829\"]}]}<\/script>\n<!-- \/ Yoast SEO Premium plugin. -->","yoast_head_json":{"title":"Em\u00edlia Santos - Uni\u00f3n Esp\u00edrita","robots":{"index":"index","follow":"follow","max-snippet":"max-snippet:-1","max-image-preview":"max-image-preview:large","max-video-preview":"max-video-preview:-1"},"canonical":"https:\/\/nuevo-renacer.com\/de\/emilia-santos\/","og_locale":"de_DE","og_type":"article","og_title":"Em\u00edlia Santos","og_description":"Em\u00edlia Santos Em\u00edlia Santos naci\u00f3 el 1 de enero de 1896 en la ciudad de Santa Maria da Vit\u00f3ria, BA, y falleci\u00f3 el 26\/09\/1964 en Ara\u00e7atuba, SP. Era hija de Jo\u00e3o Luiz dos Santos y Joana Ferreira de Souza y permaneci\u00f3 soltera. En Ara\u00e7atuba, en 1943, firm\u00f3 el acta de fundaci\u00f3n de la Alianza Esp\u00edrita [&hellip;]","og_url":"https:\/\/nuevo-renacer.com\/de\/emilia-santos\/","og_site_name":"Uni\u00f3n Esp\u00edrita","article_publisher":"https:\/\/www.facebook.com\/groups\/3431398063740829","article_modified_time":"2026-03-12T10:34:22+00:00","og_image":[{"width":373,"height":412,"url":"https:\/\/nuevo-renacer.com\/wp-content\/uploads\/2026\/03\/Emilia-Santos.jpg","type":"image\/jpeg"}],"twitter_card":"summary_large_image","twitter_misc":{"Gesch\u00e4tzte Lesezeit":"4\u00a0Minuten"},"schema":{"@context":"https:\/\/schema.org","@graph":[{"@type":"WebPage","@id":"https:\/\/nuevo-renacer.com\/emilia-santos\/","url":"https:\/\/nuevo-renacer.com\/emilia-santos\/","name":"Em\u00edlia Santos - Uni\u00f3n Esp\u00edrita","isPartOf":{"@id":"https:\/\/nuevo-renacer.com\/#website"},"primaryImageOfPage":{"@id":"https:\/\/nuevo-renacer.com\/emilia-santos\/#primaryimage"},"image":{"@id":"https:\/\/nuevo-renacer.com\/emilia-santos\/#primaryimage"},"thumbnailUrl":"https:\/\/nuevo-renacer.com\/wp-content\/uploads\/2026\/03\/Emilia-Santos.jpg","datePublished":"2026-03-12T10:34:19+00:00","dateModified":"2026-03-12T10:34:22+00:00","breadcrumb":{"@id":"https:\/\/nuevo-renacer.com\/emilia-santos\/#breadcrumb"},"inLanguage":"de","potentialAction":[{"@type":"ReadAction","target":["https:\/\/nuevo-renacer.com\/emilia-santos\/"]}]},{"@type":"ImageObject","inLanguage":"de","@id":"https:\/\/nuevo-renacer.com\/emilia-santos\/#primaryimage","url":"https:\/\/nuevo-renacer.com\/wp-content\/uploads\/2026\/03\/Emilia-Santos.jpg","contentUrl":"https:\/\/nuevo-renacer.com\/wp-content\/uploads\/2026\/03\/Emilia-Santos.jpg"},{"@type":"BreadcrumbList","@id":"https:\/\/nuevo-renacer.com\/emilia-santos\/#breadcrumb","itemListElement":[{"@type":"ListItem","position":1,"name":"Startseite","item":"https:\/\/nuevo-renacer.com\/"},{"@type":"ListItem","position":2,"name":"Em\u00edlia Santos"}]},{"@type":"WebSite","@id":"https:\/\/nuevo-renacer.com\/#website","url":"https:\/\/nuevo-renacer.com\/","name":"Uni\u00f3n Esp\u00edrita","description":"Nuevo Renacer","publisher":{"@id":"https:\/\/nuevo-renacer.com\/#organization"},"potentialAction":[{"@type":"SearchAction","target":{"@type":"EntryPoint","urlTemplate":"https:\/\/nuevo-renacer.com\/?s={search_term_string}"},"query-input":{"@type":"PropertyValueSpecification","valueRequired":true,"valueName":"search_term_string"}}],"inLanguage":"de"},{"@type":"Organization","@id":"https:\/\/nuevo-renacer.com\/#organization","name":"UFEC","url":"https:\/\/nuevo-renacer.com\/","logo":{"@type":"ImageObject","inLanguage":"de","@id":"https:\/\/nuevo-renacer.com\/#\/schema\/logo\/image\/","url":"https:\/\/nuevo-renacer.com\/wp-content\/uploads\/2024\/05\/cropped-LOGO-TERMINADO1-3-3.png","contentUrl":"https:\/\/nuevo-renacer.com\/wp-content\/uploads\/2024\/05\/cropped-LOGO-TERMINADO1-3-3.png","width":512,"height":512,"caption":"UFEC"},"image":{"@id":"https:\/\/nuevo-renacer.com\/#\/schema\/logo\/image\/"},"sameAs":["https:\/\/www.facebook.com\/groups\/3431398063740829"]}]}},"uagb_featured_image_src":{"full":false,"thumbnail":false,"medium":false,"medium_large":false,"large":false,"1536x1536":false,"2048x2048":false,"trp-custom-language-flag":false},"uagb_author_info":{"display_name":"adbv0","author_link":"https:\/\/nuevo-renacer.com\/de\/author\/adbv0\/"},"uagb_comment_info":0,"uagb_excerpt":"Em\u00edlia Santos Em\u00edlia Santos naci\u00f3 el 1 de enero de 1896 en la ciudad de Santa Maria da Vit\u00f3ria, BA, y falleci\u00f3 el 26\/09\/1964 en Ara\u00e7atuba, SP. Era hija de Jo\u00e3o Luiz dos Santos y Joana Ferreira de Souza y permaneci\u00f3 soltera. En Ara\u00e7atuba, en 1943, firm\u00f3 el acta de fundaci\u00f3n de la Alianza Esp\u00edrita&hellip;","jetpack_sharing_enabled":true,"_links":{"self":[{"href":"https:\/\/nuevo-renacer.com\/de\/wp-json\/wp\/v2\/pages\/8807","targetHints":{"allow":["GET"]}}],"collection":[{"href":"https:\/\/nuevo-renacer.com\/de\/wp-json\/wp\/v2\/pages"}],"about":[{"href":"https:\/\/nuevo-renacer.com\/de\/wp-json\/wp\/v2\/types\/page"}],"author":[{"embeddable":true,"href":"https:\/\/nuevo-renacer.com\/de\/wp-json\/wp\/v2\/users\/1"}],"replies":[{"embeddable":true,"href":"https:\/\/nuevo-renacer.com\/de\/wp-json\/wp\/v2\/comments?post=8807"}],"version-history":[{"count":1,"href":"https:\/\/nuevo-renacer.com\/de\/wp-json\/wp\/v2\/pages\/8807\/revisions"}],"predecessor-version":[{"id":8809,"href":"https:\/\/nuevo-renacer.com\/de\/wp-json\/wp\/v2\/pages\/8807\/revisions\/8809"}],"wp:attachment":[{"href":"https:\/\/nuevo-renacer.com\/de\/wp-json\/wp\/v2\/media?parent=8807"}],"curies":[{"name":"wp","href":"https:\/\/api.w.org\/{rel}","templated":true}]}}